{"id":1620,"date":"2023-08-15T10:42:01","date_gmt":"2023-08-15T13:42:01","guid":{"rendered":"https:\/\/www.economicas.uba.ar\/investigacion\/?page_id=1620"},"modified":"2026-03-27T10:32:03","modified_gmt":"2026-03-27T13:32:03","slug":"cma","status":"publish","type":"page","link":"https:\/\/www.economicas.uba.ar\/investigacion\/institutos-y-centros\/cma\/","title":{"rendered":"CMA"},"content":{"rendered":"\t\t<div data-elementor-type=\"wp-page\" data-elementor-id=\"1620\" class=\"elementor elementor-1620\" data-elementor-post-type=\"page\">\n\t\t\t\t<div class=\"elementor-element elementor-element-785d0a7c e-flex e-con-boxed e-con e-parent\" data-id=\"785d0a7c\" data-element_type=\"container\" data-e-type=\"container\">\n\t\t\t\t\t<div class=\"e-con-inner\">\n\t\t\t\t<div class=\"elementor-element elementor-element-7804597d elementor-widget elementor-widget-eael-adv-accordion\" data-id=\"7804597d\" data-element_type=\"widget\" data-e-type=\"widget\" data-widget_type=\"eael-adv-accordion.default\">\n\t\t\t\t<div class=\"elementor-widget-container\">\n\t\t\t\t\t            <div class=\"eael-adv-accordion\" id=\"eael-adv-accordion-7804597d\" data-scroll-on-click=\"no\" data-scroll-speed=\"300\" data-accordion-id=\"7804597d\" data-accordion-type=\"accordion\" data-toogle-speed=\"300\">\n            <div class=\"eael-accordion-list\">\n\t\t\t\t\t<div id=\"inicio\" class=\"elementor-tab-title eael-accordion-header active-default\" tabindex=\"0\" data-tab=\"1\" aria-controls=\"elementor-tab-content-2011\"><span class=\"eael-accordion-tab-title\">Inicio<\/span><span class=\"eael-advanced-accordion-icon-closed\"><i aria-hidden=\"true\" class=\"fa-accordion-icon fas fa-chevron-down\"><\/i><\/span><span class=\"eael-advanced-accordion-icon-opened\"><\/span><\/div><div id=\"elementor-tab-content-2011\" class=\"eael-accordion-content clearfix active-default\" data-tab=\"1\" aria-labelledby=\"inicio\"><div class=\"rtecenter\"><div class=\"rtecenter\"><p class=\"rtecenter\"><a href=\"https:\/\/www.economicas.uba.ar\/iadcom\"><img fetchpriority=\"high\" decoding=\"async\" class=\"alignnone wp-image-7920 size-full\" src=\"https:\/\/www.economicas.uba.ar\/wp-content\/uploads\/2015\/11\/centro-perteneciente-a-IADCOM.jpg\" alt=\"\" width=\"840\" height=\"71\" \/><\/a><\/p><p class=\"rtecenter\">Inaugurado en el a\u00f1o 2001, el\u00a0<strong>Centro de Investigaci\u00f3n en M\u00e9todos Cuantitativos Aplicados a la Econom\u00eda y la Gesti\u00f3n (CMA)<\/strong>\u00a0es actualmente\u00a0 parte del Instituto de Investigaciones en Administraci\u00f3n, Contabilidad y M\u00e9todos Cuantitativos para la Gesti\u00f3n (IADCOM) de la Universidad de Buenos Aires, con sede en la Facultad de Ciencias Econ\u00f3micas.<\/p><p class=\"rtejustify\">El Centro se ha especializado en el estudio del riesgo de diversas actividades econ\u00f3micas y financieras en el contexto de pa\u00edses emergentes, haciendo especial \u00e9nfasis en el bloque latinoamericano y particularmente en el caso de Argentina.<\/p><p class=\"rtejustify\">A lo largo del tiempo el Centro ha explotado diversos marcos conceptuales para la estimaci\u00f3n del riesgo de activos financieros, proyectos de inversi\u00f3n real y de sectores econ\u00f3micos en su conjunto, en el marco de los principios de la gobernanza macroprudencial responsable.<\/p><\/div><\/div><\/div>\n\t\t\t\t\t<\/div><div class=\"eael-accordion-list\">\n\t\t\t\t\t<div id=\"institucional\" class=\"elementor-tab-title eael-accordion-header\" tabindex=\"0\" data-tab=\"2\" aria-controls=\"elementor-tab-content-2012\"><span class=\"eael-accordion-tab-title\">Institucional<\/span><span class=\"eael-advanced-accordion-icon-closed\"><i aria-hidden=\"true\" class=\"fa-accordion-icon fas fa-chevron-down\"><\/i><\/span><span class=\"eael-advanced-accordion-icon-opened\"><\/span><\/div><div id=\"elementor-tab-content-2012\" class=\"eael-accordion-content clearfix\" data-tab=\"2\" aria-labelledby=\"institucional\"><div class=\"rtecenter\"><div class=\"rtecenter\"><p class=\"rtejustify\">La visi\u00f3n del Centro se basa en que la arquitectura sistema econ\u00f3mico y financiero internacional posterior a la crisis\u00a0<em>sub-prime<\/em>, el surgimiento de nuevos actores y bloques regionales, el cambio clim\u00e1tico, etc., generan un contexto de mayor volatilidad e incertidumbre a nivel mundial. Bajo esta premisa, postulamos que la mejor forma de combatir la incertidumbre no es intentar predecir el futuro sino implementar en forma pragm\u00e1tica mecanismos de gesti\u00f3n del riesgo. La innovaci\u00f3n en instrumentos financieros, en la regulaci\u00f3n y en el plano social juegan roles fundamentales.<\/p><p class=\"rtejustify\">En el plano estrat\u00e9gico, actualmente se est\u00e1 trabajando en tres programas de investigaci\u00f3n: riesgo agropecuario, innovaci\u00f3n social e ingenier\u00eda financiera. Estos programas, si bien abarcan \u00e1reas en principio independientes, intentan integrarse en forma trasversal\u00a0 a los fines de generar una matriz de innovaci\u00f3n en la producci\u00f3n cient\u00edfica del Centro.<\/p><p class=\"rtejustify\">A nivel operativo, se cuenta con proyectos acreditados, es decir, proyectos evaluados y aprobados por instituciones como UBA, CONICET y Agencia de Desarrollo Cient\u00edfico y Tecnol\u00f3gico. Los mismos proveen no solamente el aval institucional sino tambi\u00e9n financiamiento para la compra de equipamiento, bibliograf\u00eda especializada y dem\u00e1s medios materiales necesarios para llevar adelante los objetivos de los proyectos.<\/p><p class=\"rtejustify\">Dado que la visi\u00f3n del Centro interpreta al proceso de globalizaci\u00f3n como uno de los pilares que afectan el desarrollo de las actividades econ\u00f3micas y financieras, el Centro tiene una fuerte orientaci\u00f3n a la internacionalizaci\u00f3n de sus actividades, realizando intercambios permanentes con investigadores del exterior y promoviendo la suscripci\u00f3n de convenios de investigaci\u00f3n rec\u00edprocos.<\/p><p class=\"rtejustify\">Nuestra visi\u00f3n a largo plazo es que el centro de investigaci\u00f3n articule el trabajo con la docencia y con la sociedad. Nos proponemos realizar investigaciones que produzcan art\u00edculos de alto rigor cient\u00edfico, promover la formaci\u00f3n de j\u00f3venes investigadores, colaborar con las c\u00e1tedras de nuestra facultad en su tarea docente, y transferir nuestra producci\u00f3n a organismos estatales y empresas privadas.<\/p><p>Actualmente el Centro prioriza los siguientes pilares:<\/p><ol><li><strong>Crecimiento sostenible de nuestro centro de investigaci\u00f3n<\/strong><\/li><\/ol><ul><li>Capacitaci\u00f3n y formaci\u00f3n permanente de j\u00f3venes investigadores.<\/li><li>Desarrollo profesional de los investigadores formados.<\/li><li>Realizaci\u00f3n de actividades peri\u00f3dicas de intercambio con investigadores.<\/li><li>Promover el desarrollo de tesis de maestr\u00eda y doctorado.<\/li><li>Desarrollo de una estrategia de comunicaci\u00f3n eficiente que incluya p\u00e1gina web, correo electr\u00f3nico y herramientas sociales.<\/li><\/ul><ol><li><strong>Internacionalizaci\u00f3n<\/strong><\/li><\/ol><ul><li>Motivar la publicaci\u00f3n en revistas internacionales.<\/li><li>Coordinaci\u00f3n con el centro binacional de regulaci\u00f3n (con la Universidad de Bologna).<\/li><li>Programa de trabajo conjunto con SINNERGIAK (Centro de innovaci\u00f3n social de la Universidad de Pa\u00eds Vasco).<\/li><li>Promoci\u00f3n de nuevos convenios.<\/li><\/ul><ol><li><strong>Trabajo coordinado con posgrado y doctorado<\/strong><\/li><\/ol><ul><li>Maestr\u00eda en gesti\u00f3n econ\u00f3mica y financiera de riesgos.<\/li><li>Doctorado en administraci\u00f3n.<\/li><li>Realizaci\u00f3n de dos coloquios anuales de doctorandos y varios coloquios para maestrandos.<\/li><\/ul><ol><li><strong>Colaboraci\u00f3n con las c\u00e1tedras de nuestra facultad<\/strong><\/li><\/ol><ul><li style=\"list-style-type: none\"><ul><li>Proyecto\u00a0<em>UBATIC<\/em>\u00a0628 \u201cDise\u00f1o e Implementaci\u00f3n, Mejoramiento y Extensi\u00f3n de Aulas\u00a0 Virtuales para potenciar la ense\u00f1anza de asignaturas del \u00e1rea Matem\u00e1tica con utilizaci\u00f3n de nuevas estrategias de ense\u00f1anza y aprendizaje\u201d.<\/li><li>Realizaci\u00f3n del IV Seminario: Docencia, Investigaci\u00f3n y Transferencias en las C\u00e1tedras de Matem\u00e1tica para Economistas.<\/li><li>Realizaci\u00f3n de las XIV Jornadas Nacionales de Tecnolog\u00eda Aplicada a la Educaci\u00f3n Matem\u00e1tica Universitaria.<\/li><li>Ser referente acad\u00e9mico para los temas de riesgos econ\u00f3mico-financieros.<\/li><\/ul><\/li><\/ul><\/div><\/div><\/div>\n\t\t\t\t\t<\/div><div class=\"eael-accordion-list\">\n\t\t\t\t\t<div id=\"miembros\" class=\"elementor-tab-title eael-accordion-header\" tabindex=\"0\" data-tab=\"3\" aria-controls=\"elementor-tab-content-2013\"><span class=\"eael-accordion-tab-title\">Miembros<\/span><span class=\"eael-advanced-accordion-icon-closed\"><i aria-hidden=\"true\" class=\"fa-accordion-icon fas fa-chevron-down\"><\/i><\/span><span class=\"eael-advanced-accordion-icon-opened\"><\/span><\/div><div id=\"elementor-tab-content-2013\" class=\"eael-accordion-content clearfix\" data-tab=\"3\" aria-labelledby=\"miembros\"><div class=\"rtecenter\"><div class=\"rtecenter\"><h3 class=\"rtecenter\"><strong>Autoridades<\/strong><\/h3><h6><strong>Directora<\/strong><\/h6><p>Prof. Em\u00e9rita Dra. Mar\u00eda Teresa Casparri<\/p><h3><strong>N\u00f3mina de investigadores<\/strong><\/h3><p>Abalde, Roberto<br \/>Bacchini, Dar\u00edo<br \/>Bianco, Mar\u00eda Jos\u00e9<br \/>De Jes\u00fas, Mauro<br \/>De Simoni, Eugenia<br \/>Eriz, Mariano<br \/>Fassio, Adriana<br \/>Fusco, Miguel \u00c1ngel<\/p><p>Garc\u00eda, Roberto<\/p><p>Garc\u00eda Fronti, Javier<br \/>Garc\u00eda Fronti, Ver\u00f3nica<br \/>Garnica Hervas, Juan Ram\u00f3n<br \/>Herrera, Pablo<br \/>Massot, Juan Miguel<br \/>Metelli, Mar\u00eda Alejandra<br \/>Portnoy, Silvia<br \/>Rey, Sebastian<br \/>Rondinone, Gonzalo<br \/>Rosignuolo, Lidia<br \/>Tapia, Gustavo<br \/>Tarullo, Eduardo \u00c1ngel<br \/>Thomasz, Esteban Otto<br \/>Vilker, Ana Silvia<\/p><h6><strong>Doctorandos<\/strong><\/h6><p>Bressan, Alberto<br \/>Massot, Juan Miguel\u00a0<br \/>Rondinone, Gonzalo<\/p><\/div><\/div><\/div>\n\t\t\t\t\t<\/div><div class=\"eael-accordion-list\">\n\t\t\t\t\t<div id=\"programas-de-investigacin\" class=\"elementor-tab-title eael-accordion-header\" tabindex=\"0\" data-tab=\"4\" aria-controls=\"elementor-tab-content-2014\"><span class=\"eael-accordion-tab-title\">Programas de Investigaci\u00f3n<\/span><span class=\"eael-advanced-accordion-icon-closed\"><i aria-hidden=\"true\" class=\"fa-accordion-icon fas fa-chevron-down\"><\/i><\/span><span class=\"eael-advanced-accordion-icon-opened\"><\/span><\/div><div id=\"elementor-tab-content-2014\" class=\"eael-accordion-content clearfix\" data-tab=\"4\" aria-labelledby=\"programas-de-investigacin\"><div class=\"rtecenter\"><div class=\"rtecenter\"><h5><a href=\"https:\/\/www.economicas.uba.ar\/investigacion\/PROGIRA\/\" target=\"_blank\" rel=\"noopener\">GESTI\u00d3N INTEGRAL DEL RIESGO AGROPECUARIO EN ARGENTINA (ProGIRA)<\/a><\/h5><h5><a href=\"https:\/\/www.economicas.uba.ar\/investigacion\/wp-content\/uploads\/Valuacion-de-la-vulnerabilidad-socioeconomica-al-riesgo-climatico.pdf\" target=\"_blank\" rel=\"noopener\">VALUACI\u00d3N DE LA VULNERABILIDAD SOCIOECON\u00d3MICA AL RIESGO CLIM\u00c1TICO<\/a><\/h5><h5><a href=\"https:\/\/www.economicas.uba.ar\/institutos_y_centros\/progit\/\" target=\"_blank\" rel=\"noopener\">GESTI\u00d3N DE LAS INNOVACIONES TECNOL\u00d3GICAS<\/a><\/h5><\/div><\/div><\/div>\n\t\t\t\t\t<\/div><div class=\"eael-accordion-list\">\n\t\t\t\t\t<div id=\"proyectos-acreditados-vigentes\" class=\"elementor-tab-title eael-accordion-header\" tabindex=\"0\" data-tab=\"5\" aria-controls=\"elementor-tab-content-2015\"><span class=\"eael-accordion-tab-title\">Proyectos Acreditados Vigentes<\/span><\/div><div id=\"elementor-tab-content-2015\" class=\"eael-accordion-content clearfix\" data-tab=\"5\" aria-labelledby=\"proyectos-acreditados-vigentes\"><div class=\"rtecenter\"><div class=\"rtecenter\"><h5><a href=\"https:\/\/www.economicas.uba.ar\/institutos_y_centros\/proyecto-ubacyt-2014-2017-cma\/\"><strong>PROYECTO UBACYT 2018<\/strong><\/a><\/h5><p><em>\u201cGesti\u00f3n responsable y sustentable de riesgos agropecuarios en Argentina\u201d.<\/em><br \/><strong>Directora<\/strong>: Mar\u00eda Teresa Casparri<\/p><h5><strong><a href=\"https:\/\/www.economicas.uba.ar\/institutos_y_centros\/proyecto-ubacyt-2016-cma\/\" target=\"_blank\" rel=\"noopener\">PROYECTO UBACYT 2016<\/a><\/strong><\/h5><p>\u201cImpacto econ\u00f3mico y social de la nanotecnolog\u00eda en la agroindustria Argentina: Valuaci\u00f3n de inversiones e instrumentos de financiamiento\u201d.\u00a0<br \/><strong>Director<\/strong>: Javier Ignacio Garc\u00eda Fronti<\/p><h5><a href=\"https:\/\/www.economicas.uba.ar\/institutos_y_centros\/piubacc-f3\/\"><strong>PROYECTO PIUBACC-F3<\/strong><\/a><\/h5><p><span class=\"x_ms-rteFontSize-2\"><em>\u201cDiagn\u00f3stico de la problem\u00e1tica del cambio clim\u00e1tico en la comunidad acad\u00e9mica de la Universidad de Buenos Aires: acciones propuestas para un mayor compromiso<\/em>\u201c<\/span><\/p><p><strong>Coordinadora:<\/strong>\u00a0Ver\u00f3nica Garc\u00eda Fronti<\/p><\/div><\/div><\/div>\n\t\t\t\t\t<\/div><div class=\"eael-accordion-list\">\n\t\t\t\t\t<div id=\"revistas-cientficas\" class=\"elementor-tab-title eael-accordion-header\" tabindex=\"0\" data-tab=\"6\" aria-controls=\"elementor-tab-content-2016\"><span class=\"eael-accordion-tab-title\">Revistas Cient\u00edficas<\/span><span class=\"eael-advanced-accordion-icon-closed\"><i aria-hidden=\"true\" class=\"fa-accordion-icon fas fa-chevron-down\"><\/i><\/span><span class=\"eael-advanced-accordion-icon-opened\"><\/span><\/div><div id=\"elementor-tab-content-2016\" class=\"eael-accordion-content clearfix\" data-tab=\"6\" aria-labelledby=\"revistas-cientficas\"><div class=\"rtecenter\"><div class=\"rtecenter\"><h5><strong><a href=\"https:\/\/www.economicas.uba.ar\/investigacion\/institutos-y-centros\/rimf\/\" target=\"_blank\" rel=\"noopener\">REVISTA DE INVESTIGACI\u00d3N EN MODELOS FINANCIEROS<\/a><\/strong><\/h5><h5><strong><a href=\"https:\/\/www.economicas.uba.ar\/investigacion\/institutos-y-centros\/rimm\/\" target=\"_blank\" rel=\"noopener\">REVISTA DE INVESTIGACI\u00d3N EN MODELOS MATEM\u00c1TICOS APLICADOS A LA GESTI\u00d3N Y LA ECONOM\u00cdA<\/a><\/strong><\/h5><\/div><\/div><\/div>\n\t\t\t\t\t<\/div><div class=\"eael-accordion-list\">\n\t\t\t\t\t<div id=\"artculos-publicados-en-revistas-internacionales\" class=\"elementor-tab-title eael-accordion-header\" tabindex=\"0\" data-tab=\"7\" aria-controls=\"elementor-tab-content-2017\"><span class=\"eael-accordion-tab-title\">Art\u00edculos Publicados en Revistas Internacionales<\/span><span class=\"eael-advanced-accordion-icon-closed\"><i aria-hidden=\"true\" class=\"fa-accordion-icon fas fa-chevron-down\"><\/i><\/span><span class=\"eael-advanced-accordion-icon-opened\"><\/span><\/div><div id=\"elementor-tab-content-2017\" class=\"eael-accordion-content clearfix\" data-tab=\"7\" aria-labelledby=\"artculos-publicados-en-revistas-internacionales\"><div class=\"rtecenter\"><div class=\"rtecenter\"><h6><a href=\"https:\/\/lnkd.in\/e7jKefM\" target=\"_blank\" rel=\"noopener\">A strategy for success: internationalisation in Argentina<\/a><\/h6><p><span>S. Portnoy y J. Garc\u00eda Fronti<br \/><\/span><\/p><p><em>Forum Magazine: (Inter)national policies and politics (2018)<\/em><\/p><h6>The three governances in social innovation<\/h6><p>A. Unceta, J. Castro Spila y J. Garc\u00eda Fronti<\/p><p><i>Innovation: The European Journal of Social Science Research<\/i>, 1-15. (2017)<\/p><h6><a href=\"https:\/\/scholar.google.com.ar\/citations?view_op=view_citation&amp;hl=en&amp;user=cb-HNq8AAAAJ&amp;sortby=pubdate&amp;citation_for_view=cb-HNq8AAAAJ:as0KMg8qHbkC\" target=\"_blank\" rel=\"noopener\">Las micro finanzas como impulsoras de la innovaci\u00f3n social<\/a><\/h6><p>C. Acevedo Stasiuk y J. Garc\u00eda Fronti<\/p><p>Documentos de Trabajo de Contabilidad Social 8 (1). 2016<\/p><h6><a href=\"https:\/\/scholar.google.com.ar\/citations?view_op=view_citation&amp;hl=en&amp;user=cb-HNq8AAAAJ&amp;sortby=pubdate&amp;citation_for_view=cb-HNq8AAAAJ:RXiHnyRawswC\" target=\"_blank\" rel=\"noopener\">Social Innovation Chain: From a Brucellosis Nanovaccine to Social\u00a0<\/a><a href=\"https:\/\/scholar.google.com.ar\/citations?view_op=view_citation&amp;hl=en&amp;user=cb-HNq8AAAAJ&amp;sortby=pubdate&amp;citation_for_view=cb-HNq8AAAAJ:RXiHnyRawswC\" target=\"_blank\" rel=\"noopener\">Inclusion in Patagonia<\/a><\/h6><p>M.T. Casparri, J. Bosano y J. Garc\u00eda Fronti<\/p><p>European Public &amp; Social Innovation Review 1 (1), 55-61. 2016<\/p><h6><a href=\"https:\/\/scholar.google.com.ar\/citations?view_op=view_citation&amp;hl=en&amp;user=cb-HNq8AAAAJ&amp;sortby=pubdate&amp;citation_for_view=cb-HNq8AAAAJ:QaSi33NTfwYC\" target=\"_blank\" rel=\"noopener\">The LIBOR Market Model Calibration with Separated Approach<\/a><\/h6><p>M.T. Casparri, M.E. Masci y J. Garc\u00eda Fronti<\/p><p>Modeling and Simulation in Engineering, Economics and Management, 12-21. 2016<\/p><h6><a href=\"http:\/\/eprints.qut.edu.au\/98712\/1\/HIDDEN_INNOVATION.pdf\" target=\"_blank\" rel=\"noopener\">Hidden innovation: concepts, sectors and case studies<\/a><\/h6><p>Castro-Spila, P. Herrera, y A. Unceta,<\/p><p>Social innovation as a case of hidden innovation. In J. Castro-Spila, J. Echeverr\u00eda, &amp; A. Unceta (Eds.), (p. 129). Donostia: SINNERGIAK SOCIAL INNOVATION. 2016<\/p><h6><a href=\"http:\/\/www.redalyc.org\/articulo.oa?id=41345703004\" target=\"_blank\" rel=\"noopener\">Financiarizaci\u00f3n de\u00a0<em>commodities<\/em>: La incidencia de la tasa de inter\u00e9s en el precio del frijol de soya durante el periodo 1990-2014<\/a><\/h6><p>G. Rondinone y E. O. Thomasz<\/p><p>An\u00e1lisis Econ\u00f3mico, vol. XXXI, n\u00fam. 77, mayo-agosto, 2016, pp. 53-83.<\/p><h6><a href=\"http:\/\/www.cya.unam.mx\/index.php\/cya\/article\/view\/1048\" target=\"_blank\" rel=\"noopener\">Riesgo de precio en commodities: \u00bfprofundizaci\u00f3n en la sensibilidad de precios agr\u00edcolas ante shocks de tasa de inter\u00e9s?<\/a><\/h6><p>G. Rondinone\u00a0y E. O. Thomasz<\/p><p>Contadur\u00eda y Administraci\u00f3n 61. 746\u2013761. 2016<\/p><h6><strong>\u00a0<\/strong><a href=\"http:\/\/aprendeenlinea.udea.edu.co\/revistas\/index.php\/lecturasdeeconomia\/article\/view\/323677\" target=\"_blank\" rel=\"noopener\">Is the interest rate more important than inventories? The case of agricultural commodities in the context of the financialization process<\/a><\/h6><p>E. O. Thomasz, J. Massot y G. Rondinone<\/p><p>Lecturas de Econom\u00eda \u2013 No. 85. Medell\u00edn, julio-diciembre 2016. 1-27.<\/p><h6><a href=\"https:\/\/scholar.google.com.ar\/citations?view_op=view_citation&amp;hl=en&amp;user=cb-HNq8AAAAJ&amp;sortby=pubdate&amp;citation_for_view=cb-HNq8AAAAJ:eH23hyXCXa4C\" target=\"_blank\" rel=\"noopener\">Social innovation indicators<\/a><\/h6><p>A. Unceta, J. Castro Spila y J. Garc\u00eda Fronti<\/p><p>Innovation: The European Journal of Social Science Research 29 (2), 192-204. 2016<\/p><\/div><\/div><\/div>\n\t\t\t\t\t<\/div><div class=\"eael-accordion-list\">\n\t\t\t\t\t<div id=\"eventos-2017\" class=\"elementor-tab-title eael-accordion-header\" tabindex=\"0\" data-tab=\"8\" aria-controls=\"elementor-tab-content-2018\"><span class=\"eael-accordion-tab-title\">Eventos 2017<\/span><span class=\"eael-advanced-accordion-icon-closed\"><i aria-hidden=\"true\" class=\"fa-accordion-icon fas fa-chevron-down\"><\/i><\/span><span class=\"eael-advanced-accordion-icon-opened\"><\/span><\/div><div id=\"elementor-tab-content-2018\" class=\"eael-accordion-content clearfix\" data-tab=\"8\" aria-labelledby=\"eventos-2017\"><div class=\"rtecenter\"><div class=\"rtecenter\"><h4><strong><a href=\"https:\/\/www.economicas.uba.ar\/progit\" target=\"_blank\" rel=\"noopener\">Seminario de investigaci\u00f3n para la gesti\u00f3n de innovaciones tecnol\u00f3gica<\/a>\u00a0<br \/><\/strong><\/h4><p>Este Seminario se realizar\u00e1 el mi\u00e9rcoles 25 de Octubre de 2017.<\/p><p>\u2013<a href=\"https:\/\/www.economicas.uba.ar\/investigacion\/wp-content\/uploads\/Convocatoria-a-presentacion-de-ponencias1.pdf\" target=\"_blank\" rel=\"noopener\">Convocatoria a presentaci\u00f3n de ponencias<\/a><\/p><p><a href=\"https:\/\/www.economicas.uba.ar\/seminario-progit\">-Programa del Seminario<\/a><\/p><h4><strong>XVIII Jornadas nacionales y latinoamericanas actuariales<\/strong><\/h4><p>Esta Jornada es organizada junto con el Departamento Pedag\u00f3gico de Matem\u00e1tica y se realizar\u00e1 los d\u00edas 27, 28 y 29 de Septiembre de 2017. En breve se adjuntar\u00e1 m\u00e1s informaci\u00f3n.<\/p><p>\u2013<a href=\"https:\/\/www.economicas.uba.ar\/investigacion\/wp-content\/uploads\/Primera-convocatoria4.pdf\" target=\"_blank\" rel=\"noopener\">Primera comunicaci\u00f3n<\/a><\/p><h4><strong>XI\u00a0<\/strong><strong>Seminario<\/strong><strong>\u00a0nacional de investigaci\u00f3n en modelos financieros<\/strong><\/h4><p>Este Seminario se realizar\u00e1 el jueves 14 de Septiembre de 2017.\u00a0<\/p><p>\u2013<a href=\"https:\/\/www.economicas.uba.ar\/investigacion\/wp-content\/uploads\/PRIMERA-COMUNICACION2.pdf\" target=\"_blank\" rel=\"noopener\">Primera comunicaci\u00f3n<\/a><\/p><p>\u2013<a href=\"https:\/\/www.economicas.uba.ar\/investigacion\/wp-content\/uploads\/CONVOCATORIA-a-ponencias-2017.pdf\" target=\"_blank\" rel=\"noopener\">Convocatoria a presentaci\u00f3n de ponencias\u00a0<\/a><\/p><h6><strong>Programa del Seminario<\/strong><\/h6><p><a href=\"https:\/\/www.economicas.uba.ar\/wp-content\/uploads\/2015\/11\/Programa.png\"><img decoding=\"async\" class=\"size-medium wp-image-6674 aligncenter\" src=\"https:\/\/www.economicas.uba.ar\/wp-content\/uploads\/2015\/11\/Programa-300x202.png\" alt=\"Programa\" width=\"300\" height=\"202\" \/><\/a><\/p><h4><strong>I Seminario Internacional en Econom\u00eda Agropecuaria<\/strong><\/h4><p>Este Seminario se realizar\u00e1 el jueves 10 de Agosto de 2017.\u00a0<\/p><p><a href=\"https:\/\/www.economicas.uba.ar\/wp-content\/uploads\/2015\/11\/Invitaci%C3%B3n.pdf\" target=\"_blank\" rel=\"noopener\"><img decoding=\"async\" class=\"aligncenter size-medium wp-image-5586\" src=\"https:\/\/www.economicas.uba.ar\/wp-content\/uploads\/2015\/11\/I-Seminario-UBA-UNaF-211x300.png\" alt=\"I Seminario UBA UNaF\" width=\"211\" height=\"300\" \/><\/a><\/p><p><a href=\"https:\/\/www.economicas.uba.ar\/investigacion\/wp-content\/uploads\/Invitacion.pdf\" target=\"_blank\" rel=\"noopener\">\u2013 Invitaci\u00f3n<\/a><\/p><p>\u2013\u00a0<a href=\"https:\/\/www.economicas.uba.ar\/investigacion\/wp-content\/uploads\/Normas-de-presentacion-de-Resumenes-I-Seminario-IEA-UBA-UNAF1.pdf\" target=\"_blank\" rel=\"noopener\">Normas para la\u00a0presentaci\u00f3n de res\u00famenes<\/a><\/p><h4><strong>XVII Jornadas de tecnolog\u00eda aplicada a la educaci\u00f3n matem\u00e1tica universitaria<\/strong><\/h4><p>Esta Jornada es organizada junto con el Departamento Pedag\u00f3gico de Matem\u00e1tica y se realizar\u00e1 los d\u00edas 11 y 12 de Mayo del 2017.\u00a0<\/p><h6>Programa de las jornadas<\/h6><p><a href=\"https:\/\/www.economicas.uba.ar\/wp-content\/uploads\/2015\/11\/programa-jornadas-tecnologia-interior1.jpg\" target=\"_blank\" rel=\"noopener\"><img loading=\"lazy\" decoding=\"async\" class=\"aligncenter size-medium wp-image-5435\" src=\"https:\/\/www.economicas.uba.ar\/wp-content\/uploads\/2015\/11\/programa-jornadas-tecnologia-interior1-300x212.jpg\" alt=\"programa-jornadas-tecnologia-interior\" width=\"300\" height=\"212\" \/><\/a><\/p><p>\u2013<a href=\"https:\/\/www.economicas.uba.ar\/investigacion\/wp-content\/uploads\/Normas-presentacion-resumenes-Jornadas-Tecnologia3.pdf\" target=\"_blank\" rel=\"noopener\">Normas de presentaci\u00f3n de res\u00famenes<\/a><\/p><p>\u2013<a href=\"https:\/\/www.economicas.uba.ar\/investigacion\/wp-content\/uploads\/Modelo-de-presentacion-de-resumenes2.pdf\" target=\"_blank\" rel=\"noopener\">Modelo de presentaci\u00f3n de res\u00famenes<\/a><\/p><\/div><\/div><div class=\"rtecenter\"><div class=\"rtecenter\">\u00a0<\/div><\/div><\/div>\n\t\t\t\t\t<\/div><div class=\"eael-accordion-list\">\n\t\t\t\t\t<div id=\"eventos-2018\" class=\"elementor-tab-title eael-accordion-header\" tabindex=\"0\" data-tab=\"9\" aria-controls=\"elementor-tab-content-2019\"><span class=\"eael-accordion-tab-title\">Eventos 2018<\/span><span class=\"eael-advanced-accordion-icon-closed\"><i aria-hidden=\"true\" class=\"fa-accordion-icon fas fa-chevron-down\"><\/i><\/span><span class=\"eael-advanced-accordion-icon-opened\"><\/span><\/div><div id=\"elementor-tab-content-2019\" class=\"eael-accordion-content clearfix\" data-tab=\"9\" aria-labelledby=\"eventos-2018\"><div class=\"rtecenter\"><div class=\"rtecenter\"><h4>Octubre 2018<\/h4><p><strong>Gesti\u00f3n Responsable de Grandes Vol\u00famenes de datos: BIG DATA<br \/><\/strong><\/p><p>Fecha: 16 de octubre del 2018<\/p><ul><li><a href=\"https:\/\/www.economicas.uba.ar\/novedades\/seminario-big-data\/\" target=\"_blank\" rel=\"noopener\">Programa del evento<\/a><\/li><li><a href=\"https:\/\/www.economicas.uba.ar\/institutos_y_centros\/cma\/invitacion-seminario-big-data-2\/\" target=\"_blank\" rel=\"noopener\">Convocatoria del evento<\/a><\/li><\/ul><h4>Noviembre 2018<\/h4><p><a href=\"https:\/\/www.economicas.uba.ar\/wp-content\/uploads\/2015\/11\/Mod-Fin-2018-1era-comunicacion1.gif\"><img loading=\"lazy\" decoding=\"async\" class=\"aligncenter size-full wp-image-7480\" src=\"https:\/\/www.economicas.uba.ar\/wp-content\/uploads\/2015\/11\/Mod-Fin-2018-1era-comunicacion1.gif\" alt=\"Mod Fin 2018 1era comunicacion\" width=\"416\" height=\"509\" \/><\/a><\/p><h4>Mayo 2018<\/h4><p><a href=\"https:\/\/www.economicas.uba.ar\/institutos_y_centros\/cma\/jornada-de-tecnologia-2018\/\" rel=\"attachment wp-att-7806\"><img loading=\"lazy\" decoding=\"async\" class=\"aligncenter size-full wp-image-7806\" src=\"https:\/\/www.economicas.uba.ar\/wp-content\/uploads\/2015\/11\/Jornada-de-Tecnolog%C3%ADa-2018.jpg\" alt=\"\" width=\"516\" height=\"452\" \/><\/a><\/p><p><a href=\"https:\/\/www.economicas.uba.ar\/investigacion\/wp-content\/uploads\/Jornadas-de-Tecnologia-programa2018.pdf\" target=\"_blank\" rel=\"noopener\">Programa\u00a0<strong>XVIII JORNADAS NACIONALES DE TECNOLOG\u00cdA APLICADA A LA EDUCACI\u00d3N MATEM\u00c1TICA UNIVERSITARIA<\/strong><\/a><\/p><p><a href=\"https:\/\/www.economicas.uba.ar\/investigacion\/wp-content\/uploads\/Normas-presentacion-resumenes-Jornadas-Tecnologia-1.pdf\">Normas presentaci\u00f3n resumenes Jornadas Tecnolog\u00eda<\/a><\/p><\/div><\/div><\/div>\n\t\t\t\t\t<\/div><div class=\"eael-accordion-list\">\n\t\t\t\t\t<div id=\"eventos-2019\" class=\"elementor-tab-title eael-accordion-header\" tabindex=\"0\" data-tab=\"10\" aria-controls=\"elementor-tab-content-20110\"><span class=\"eael-accordion-tab-title\">Eventos 2019<\/span><span class=\"eael-advanced-accordion-icon-closed\"><i aria-hidden=\"true\" class=\"fa-accordion-icon fas fa-chevron-down\"><\/i><\/span><span class=\"eael-advanced-accordion-icon-opened\"><\/span><\/div><div id=\"elementor-tab-content-20110\" class=\"eael-accordion-content clearfix\" data-tab=\"10\" aria-labelledby=\"eventos-2019\"><div class=\"rtecenter\"><div class=\"rtecenter\"><p><strong>Jornadas Nacionales de Tecnolog\u00eda Aplicada a la Ense\u00f1anza Matem\u00e1tica Universitaria<\/strong><\/p><p>8 y 9 de mayo \u2013\u00a0<a href=\"https:\/\/www.economicas.uba.ar\/investigacion\/wp-content\/uploads\/Programa-Jornadas-de-Tecnologia.pdf\">Programa Jornadas Nacionales<\/a><\/p><p><strong>Seminario \u201cGesti\u00f3n responsable y sustentable de riesgos agropecuarios en Argentina\u201d<\/strong><\/p><p>13 de agosto \u2013\u00a0<a href=\"https:\/\/www.economicas.uba.ar\/investigacion\/wp-content\/uploads\/Programa-FINAL-Seminario-13-de-agosto-2019.pdf\">Programa<\/a><\/p><section id=\"page\" class=\"area-primary page-sidebar\"><div class=\"container-fluid\"><article id=\"article\"><div class=\"row\"><div class=\"col-sm-12\"><section id=\"novedades\"><article><div class=\"row\"><div class=\"col-sm-12\"><p><strong>XX Jornadas Nacionales y Latinoamericanas Actuariales \u2013 VI Seminario de Aplicaci\u00f3n e Integraci\u00f3n Actuarial<\/strong><\/p><p>25, 26 y 27 de septiembre \u2013\u00a0<a href=\"https:\/\/www.economicas.uba.ar\/investigacion\/wp-content\/uploads\/jornadas-actuariales-programa.pdf\">Programa Jornadas Nacionales y Latinoamericanas<\/a><\/p><\/div><div><section id=\"page\" class=\"area-primary page-sidebar\"><div class=\"container-fluid\"><article id=\"article\"><div class=\"row\"><div class=\"col-sm-12\"><section id=\"novedades\"><article><div class=\"row\"><div class=\"col-sm-12\"><p><strong>XIII Seminario de Investigaci\u00f3n en Modelos Financieros<\/strong><\/p><p>6 y 7 de noviembre de 2019 \u2013\u00a0<a href=\"https:\/\/www.flipsnack.com\/BCA9FEA7C6F\/xiii-seminario-nacional-de-investigaci-n-en-mod-financieros.html\">Programa<\/a><\/p><p><b>II Seminario INTERNACIONAL de Econom\u00eda Agropecuaria<\/b><\/p><\/div><\/div><\/article><\/section><\/div><\/div><\/article><\/div><\/section><\/div><div class=\"col-sm-12\">Universidad Nacional de Formosa y Universidad Nacional de Buenos Aires\u00a0<\/div><div class=\"col-sm-12\">Viernes 15 de noviembre \u2013 Formosa<\/div><div><a href=\"https:\/\/www.economicas.uba.ar\/wp-content\/uploads\/2015\/11\/Flyer-II-Sem-Econ-Agrop-UBA-UNAF.jpg\"><img loading=\"lazy\" decoding=\"async\" class=\"aligncenter size-large wp-image-11201\" src=\"https:\/\/www.economicas.uba.ar\/wp-content\/uploads\/2015\/11\/Flyer-II-Sem-Econ-Agrop-UBA-UNAF-1024x790.jpg\" alt=\"\" width=\"604\" height=\"466\" \/><\/a><\/div><div><a href=\"https:\/\/www.economicas.uba.ar\/investigacion\/wp-content\/uploads\/Programa_14_11_2019-1.pdf\" target=\"_blank\" rel=\"noopener\">Programa del d\u00eda 14 de noviembre 2019<\/a><\/div><div><a href=\"https:\/\/www.economicas.uba.ar\/investigacion\/wp-content\/uploads\/PROGRAMA_15_11_2019-1.pdf\" target=\"_blank\" rel=\"noopener\">Programa del d\u00eda 15 de noviembre 2019<\/a><\/div><\/div><\/article><\/section><\/div><\/div><\/article><\/div><\/section><\/div><\/div><\/div>\n\t\t\t\t\t<\/div><div class=\"eael-accordion-list\">\n\t\t\t\t\t<div id=\"eventos-2020\" class=\"elementor-tab-title eael-accordion-header\" tabindex=\"0\" data-tab=\"11\" aria-controls=\"elementor-tab-content-20111\"><span class=\"eael-accordion-tab-title\">Eventos 2020<\/span><span class=\"eael-advanced-accordion-icon-closed\"><i aria-hidden=\"true\" class=\"fa-accordion-icon fas fa-chevron-down\"><\/i><\/span><span class=\"eael-advanced-accordion-icon-opened\"><\/span><\/div><div id=\"elementor-tab-content-20111\" class=\"eael-accordion-content clearfix\" data-tab=\"11\" aria-labelledby=\"eventos-2020\"><div class=\"rtecenter\"><div class=\"rtecenter\"><h3><strong>21 Jornadas Nacionales Latinoamericanas Actuariales<\/strong><\/h3><h5>5 Y 6 DE NOVIEMBRE DE 2020<\/h5><h5>FACULTAD DE CIENCIAS ECON\u00d3MICAS \u2013 UNIVERSIDAD DE BUENOS AIRES<br \/>CONSEJO PROFESIONAL DE CIENCIAS ECON\u00d3MICAS \u2013 CABA<\/h5><p><a href=\"https:\/\/www.economicas.uba.ar\/investigacion\/wp-content\/uploads\/Primera-convocatoria-Jornadas-Actuariales-9.pdf\" target=\"_blank\" rel=\"noopener\">Primera-convocatoria Jornadas Actuariales<\/a><\/p><p><a href=\"https:\/\/www.economicas.uba.ar\/investigacion\/wp-content\/uploads\/Normas-presentacion-resumenes-jORNADAS-ACTUARIALES_2020-1.pdf\" target=\"_blank\" rel=\"noopener\">Normas presentaci\u00f3n de resumenes<\/a><\/p><section id=\"page\" class=\"area-primary page-sidebar\"><div class=\"container-fluid\"><article id=\"article\"><div class=\"row\"><div class=\"col-sm-12\"><section id=\"novedades\"><article><div class=\"row\">\u00a0<\/div><\/article><\/section><\/div><\/div><\/article><\/div><\/section><\/div><\/div><\/div>\n\t\t\t\t\t<\/div><div class=\"eael-accordion-list\">\n\t\t\t\t\t<div id=\"eventos-2021\" class=\"elementor-tab-title eael-accordion-header\" tabindex=\"0\" data-tab=\"12\" aria-controls=\"elementor-tab-content-20112\"><span class=\"eael-accordion-tab-title\">Eventos 2021<\/span><span class=\"eael-advanced-accordion-icon-closed\"><i aria-hidden=\"true\" class=\"fa-accordion-icon fas fa-chevron-down\"><\/i><\/span><span class=\"eael-advanced-accordion-icon-opened\"><\/span><\/div><div id=\"elementor-tab-content-20112\" class=\"eael-accordion-content clearfix\" data-tab=\"12\" aria-labelledby=\"eventos-2021\"><div class=\"rtecenter\"><div class=\"rtecenter\"><h5>XX JORNADAS DE TECNOLOG\u00cdA APLICADA A LA EDUCACI\u00d3N MATEM\u00c1TICA UNIVERSITARIA<\/h5><p>Fecha: 5 de mayo del 2021<\/p><p>Modalidad: virtual<\/p><p><a href=\"https:\/\/www.economicas.uba.ar\/investigacion\/wp-content\/uploads\/Jornadas-v2.pdf\">Programa de las Jornadas<\/a><\/p><p><a href=\"https:\/\/www.economicas.uba.ar\/institutos_y_centros\/xx-jornada-tecnologia-educacion-matematica-universitaria-2\/\">Link para acceder a la p\u00e1gina de las Jornadas<\/a><\/p><\/div><\/div><\/div>\n\t\t\t\t\t<\/div><div class=\"eael-accordion-list\">\n\t\t\t\t\t<div id=\"publicaciones\" class=\"elementor-tab-title eael-accordion-header\" tabindex=\"0\" data-tab=\"13\" aria-controls=\"elementor-tab-content-20113\"><span class=\"eael-accordion-tab-title\">Publicaciones<\/span><span class=\"eael-advanced-accordion-icon-closed\"><i aria-hidden=\"true\" class=\"fa-accordion-icon fas fa-chevron-down\"><\/i><\/span><span class=\"eael-advanced-accordion-icon-opened\"><\/span><\/div><div id=\"elementor-tab-content-20113\" class=\"eael-accordion-content clearfix\" data-tab=\"13\" aria-labelledby=\"publicaciones\"><div class=\"rtecenter\"><div class=\"rtecenter\"><h5><a href=\"https:\/\/www.economicas.uba.ar\/?p=896\" target=\"_blank\" rel=\"noopener\">LIBROS<\/a><\/h5><h5><a href=\"http:\/\/www.econ.uba.ar\/www\/institutos\/cma\/Publicaciones\/publicaciones_articulos.htm\" target=\"_blank\" rel=\"noopener\">ART\u00cdCULOS PUBLICADOS<\/a><\/h5><h5><a href=\"http:\/\/www.econ.uba.ar\/www\/institutos\/cma\/Publicaciones\/publicaciones_documentos.htm\" target=\"_blank\" rel=\"noopener\">DOCUMENTOS DE TRABAJO<\/a><\/h5><h5><a href=\"http:\/\/www.econ.uba.ar\/www\/institutos\/cma\/Publicaciones\/publicaciones_trabajos.htm\" target=\"_blank\" rel=\"noopener\">TRABAJOS DE INVESTIGACI\u00d3N<\/a><\/h5><h5>JORNADAS<\/h5><\/div><\/div><\/div>\n\t\t\t\t\t<\/div><div class=\"eael-accordion-list\">\n\t\t\t\t\t<div id=\"memorias\" class=\"elementor-tab-title eael-accordion-header\" tabindex=\"0\" data-tab=\"14\" aria-controls=\"elementor-tab-content-20114\"><span class=\"eael-accordion-tab-title\">Memorias<\/span><span class=\"eael-advanced-accordion-icon-closed\"><i aria-hidden=\"true\" class=\"fa-accordion-icon fas fa-chevron-down\"><\/i><\/span><span class=\"eael-advanced-accordion-icon-opened\"><\/span><\/div><div id=\"elementor-tab-content-20114\" class=\"eael-accordion-content clearfix\" data-tab=\"14\" aria-labelledby=\"memorias\"><div class=\"rtecenter\"><div class=\"rtecenter\"><ul><li><a href=\"http:\/\/www.econ.uba.ar\/www\/institutos\/cma\/Publicaciones\/memoria\/Memoria_2005.htm\" target=\"_blank\" rel=\"noopener\">A\u00f1o 2005<\/a><\/li><li><a href=\"http:\/\/www.econ.uba.ar\/www\/institutos\/cma\/Publicaciones\/memoria\/Memoria%202006.htm\" target=\"_blank\" rel=\"noopener\">A\u00f1o 2006<\/a><\/li><li><a href=\"https:\/\/www.economicas.uba.ar\/investigacion\/wp-content\/uploads\/CMA_Memoria_2007.pdf\" target=\"_blank\" rel=\"noopener\">A\u00f1o 2007<\/a><\/li><li><a href=\"https:\/\/www.economicas.uba.ar\/investigacion\/wp-content\/uploads\/Memoria_2009_CMA.pdf\" target=\"_blank\" rel=\"noopener\">A\u00f1o 2009<\/a><\/li><li><a href=\"https:\/\/www.economicas.uba.ar\/investigacion\/wp-content\/uploads\/Memoria2010.pdf\" target=\"_blank\" rel=\"noopener\">A\u00f1o 2010<\/a><\/li><li><a href=\"https:\/\/www.economicas.uba.ar\/investigacion\/wp-content\/uploads\/Memoria2011_Final-1.pdf\" target=\"_blank\" rel=\"noopener\">A\u00f1o 2011<\/a><\/li><li><a href=\"https:\/\/www.economicas.uba.ar\/investigacion\/wp-content\/uploads\/MEMORIA_CMA_-2012.pdf\" target=\"_blank\" rel=\"noopener\">A\u00f1o 2012<\/a><\/li><li><a href=\"https:\/\/www.economicas.uba.ar\/investigacion\/wp-content\/uploads\/MEMORIA-2013.pdf\" target=\"_blank\" rel=\"noopener\">A\u00f1o 2013<\/a><\/li><li><a href=\"https:\/\/www.economicas.uba.ar\/investigacion\/wp-content\/uploads\/MEMORIA-2014.pdf\" target=\"_blank\" rel=\"noopener\">A\u00f1o 2014<\/a><\/li><li><a href=\"https:\/\/www.economicas.uba.ar\/investigacion\/wp-content\/uploads\/MEMORIA-CMA-2015.pdf\" target=\"_blank\" rel=\"noopener\">A\u00f1o 2015<\/a><\/li><li><a href=\"https:\/\/www.economicas.uba.ar\/investigacion\/wp-content\/uploads\/Ano-20162.pdf\" target=\"_blank\" rel=\"noopener\">A\u00f1o 2016<\/a><\/li><li><a href=\"https:\/\/www.economicas.uba.ar\/investigacion\/wp-content\/uploads\/MEMORIA-2017.pdf\" target=\"_blank\" rel=\"noopener\">A\u00f1o 2017<\/a><\/li><li><a href=\"https:\/\/www.economicas.uba.ar\/investigacion\/wp-content\/uploads\/MEMORIA-2018_CMA-2.pdf\" target=\"_blank\" rel=\"noopener\">A\u00f1o 2018<\/a><\/li><li><a href=\"https:\/\/www.economicas.uba.ar\/investigacion\/wp-content\/uploads\/MEMORIA-CMA-2019.pdf\" target=\"_blank\" rel=\"noopener\">A\u00f1o 2019<\/a><\/li><li><a href=\"https:\/\/www.economicas.uba.ar\/investigacion\/wp-content\/uploads\/memoria-2020_version-final-1.pdf\" target=\"_blank\" rel=\"noopener\">A\u00f1o 2020<\/a><\/li><li><a href=\"https:\/\/www.economicas.uba.ar\/investigacion\/wp-content\/uploads\/Memoria-2021-1.pdf\" target=\"_blank\" rel=\"noopener\">A\u00f1o 2021<\/a><\/li><\/ul><\/div><\/div><\/div>\n\t\t\t\t\t<\/div><div class=\"eael-accordion-list\">\n\t\t\t\t\t<div id=\"internacionalizacin\" class=\"elementor-tab-title eael-accordion-header\" tabindex=\"0\" data-tab=\"15\" aria-controls=\"elementor-tab-content-20115\"><span class=\"eael-accordion-tab-title\">Internacionalizaci\u00f3n<\/span><span class=\"eael-advanced-accordion-icon-closed\"><i aria-hidden=\"true\" class=\"fa-accordion-icon fas fa-chevron-down\"><\/i><\/span><span class=\"eael-advanced-accordion-icon-opened\"><\/span><\/div><div id=\"elementor-tab-content-20115\" class=\"eael-accordion-content clearfix\" data-tab=\"15\" aria-labelledby=\"internacionalizacin\"><div class=\"rtecenter\"><div class=\"rtecenter\"><p class=\"rtejustify\">La visi\u00f3n del Centro interpreta al proceso de globalizaci\u00f3n como uno de los pilares que afectan el desarrollo de las actividades econ\u00f3micas y financieras. Por ello el Centro tiene una fuerte orientaci\u00f3n a la internacionalizaci\u00f3n de sus actividades, realizando intercambios permanentes con investigadores del exterior y promoviendo la suscripci\u00f3n de convenios de investigaci\u00f3n rec\u00edprocos.<\/p><p class=\"rtejustify\">La mayor\u00eda de los doctores del centro ha realizado estancias de investigaci\u00f3n en diversas universidades del exterior (Garwick, Reino Unido; Bologna, Italia; Regensburg, Alemania) y se motiva a los actuales doctorandos a seguir el mismo camino, construyendo las redes de intercambio internacional a tales efectos.<\/p><p class=\"rtejustify\">La internacionalizaci\u00f3n del centro se da a trav\u00e9s de los siguientes pilares:<\/p><ul><li class=\"rtejustify\">Promover las publicaciones en revistas internacionales.<\/li><li class=\"rtejustify\">Coordinaci\u00f3n con el centro binacional de regulaci\u00f3n (con la Universidad de Bologna).<\/li><li class=\"rtejustify\">Programa de trabajo conjunto con SINNERGIAK (Centro de innovaci\u00f3n social de la Universidad de Pa\u00eds Vasco).<\/li><li class=\"rtejustify\">Promoci\u00f3n de nuevos convenios.<\/li><\/ul><\/div><\/div><\/div>\n\t\t\t\t\t<\/div><div class=\"eael-accordion-list\">\n\t\t\t\t\t<div id=\"articulacin-con-grado-posgrado-y-doctorado\" class=\"elementor-tab-title eael-accordion-header\" tabindex=\"0\" data-tab=\"16\" aria-controls=\"elementor-tab-content-20116\"><span class=\"eael-accordion-tab-title\">Articulaci\u00f3n con Grado, Posgrado y Doctorado<\/span><span class=\"eael-advanced-accordion-icon-closed\"><i aria-hidden=\"true\" class=\"fa-accordion-icon fas fa-chevron-down\"><\/i><\/span><span class=\"eael-advanced-accordion-icon-opened\"><\/span><\/div><div id=\"elementor-tab-content-20116\" class=\"eael-accordion-content clearfix\" data-tab=\"16\" aria-labelledby=\"articulacin-con-grado-posgrado-y-doctorado\"><div class=\"rtecenter\"><div class=\"rtecenter\"><h3>Grado<\/h3><p>La mayor\u00eda de los investigadores del centro son profesores de materias de grado de la FCE-UBA, pudiendo trasladar los conocimientos adquiridos en las l\u00edneas de investigaci\u00f3n a la formaci\u00f3n de grado. La articulaci\u00f3n est\u00e1 dada mayormente en asignaturas del \u00e1rea matem\u00e1tica y actuarial. Asimismo, el centro recibe alumnos becarios para que desarrollen tareas de investigaci\u00f3n vinculadas al programa de investigaci\u00f3n vigente.<\/p><h3>Posgrado<\/h3><p>El Centro de Investigaci\u00f3n tiene una fuerte articulaci\u00f3n con la formaci\u00f3n de Posgrado, a trav\u00e9s de la\u00a0<a href=\"http:\/\/home.econ.uba.ar\/economicas\/sites\/default\/files\/u21\/M-%20en%20Gesti%C3%B3n%20Econ%C3%B3mica%20y%20Financiera%20de%20Riesgos%20-%20INSERT.pdf\">Maestr\u00eda en Gesti\u00f3n Econ\u00f3mica y Financiera de Riesgos<\/a>, programa acad\u00e9mico que se ha transformado en puente entre la actividad de investigaci\u00f3n y la actividad profesional.<\/p><p class=\"rtejustify\">Muchos docentes de la maestr\u00eda son investigadores del Centro, permitiendo la actualizaci\u00f3n continua de los contenidos de posgrado en base a los resultados de las l\u00edneas de investigaci\u00f3n. Asimismo, el centro opera como asiento natural de las tesis de maestr\u00eda de los alumnos del programa, motivando la articulaci\u00f3n con el programa de investigaci\u00f3n vigente. En tanto, teniendo en cuenta que el perfil de la maestr\u00eda es de \u00edndole acad\u00e9mico, se motiva a los maestrandos a integrar los equipos de investigaci\u00f3n del centro y, m\u00e1s adelante, a avanzar hacia estudios doctorales.<\/p><h3 class=\"rtejustify\">Doctorado<\/h3><p class=\"rtejustify\">El Centro de Investigaci\u00f3n tiene una estrecha vinculaci\u00f3n con la formaci\u00f3n de Doctorado. El mismo se ha convertido en asiento natural de muchos de los doctorandos de la Facultad de Ciencias Econ\u00f3micas.<\/p><p class=\"rtejustify\">Asimismo, muchos de los actuales investigadores formados del centro han iniciado su carrera como doctorandos del mismo.<\/p><p class=\"rtejustify\">El centro asimismo recibe a alumnos doctorales de universidades extranjeras para que realicen estancias de investigaci\u00f3n.<\/p><p class=\"rtejustify\">Estudiantes de doctorado actuales: Martin Masci, Pablo Herrera, Mar\u00eda Jos\u00e9 Bianco, Eugenia De Simoni, Juan Miguel Massot, Ana Vilker, Ver\u00f3nica Garc\u00eda Fronti<\/p><h3 class=\"rtejustify\">Consejo Asesor<\/h3><p class=\"rtejustify\">El CMA cuenta con un Consejo Asesor. El mismo est\u00e1 integrado por profesionales especializados en \u00e1reas vinculadas a los programas de investigaci\u00f3n vigentes.<\/p><p class=\"rtejustify\">El consejo asesor tiene como objetivo brindar a los investigadores lineamientos y opiniones acerca de la vinculaci\u00f3n de las hip\u00f3tesis de investigaci\u00f3n con la realidad de la coyuntura econ\u00f3mica y del mercado.<\/p><p class=\"rtejustify\">El consejo est\u00e1 conformado por los siguientes profesionales:<\/p><ul><li class=\"rtejustify\">David Merlmestein (Banco Commafi)<\/li><li class=\"rtejustify\">Lara Vazquez (Citibank)<\/li><li class=\"rtejustify\">Dar\u00edo Carb\u00f3n (Banco Credicoop)<\/li><li class=\"rtejustify\">Daniel Miguens (ORA)<\/li><\/ul><\/div><\/div><\/div>\n\t\t\t\t\t<\/div><div class=\"eael-accordion-list\">\n\t\t\t\t\t<div id=\"red\" class=\"elementor-tab-title eael-accordion-header\" tabindex=\"0\" data-tab=\"17\" aria-controls=\"elementor-tab-content-20117\"><span class=\"eael-accordion-tab-title\">Red<\/span><span class=\"eael-advanced-accordion-icon-closed\"><i aria-hidden=\"true\" class=\"fa-accordion-icon fas fa-chevron-down\"><\/i><\/span><span class=\"eael-advanced-accordion-icon-opened\"><\/span><\/div><div id=\"elementor-tab-content-20117\" class=\"eael-accordion-content clearfix\" data-tab=\"17\" aria-labelledby=\"red\"><div class=\"rtecenter\"><div class=\"rtecenter\"><p>En el Centro de Investigaci\u00f3n en M\u00e9todos Cuantitativos Aplicados a la Econom\u00eda y la Gesti\u00f3n (CMA) entendemos a la Investigaci\u00f3n cient\u00edfico tecnol\u00f3gico de forma articulada con la sociedad. Esto implica investigar y generar conocimientos sobre t\u00f3picos que impliquen un mejoramiento de los aspectos cualitativos de las diversas entidades que conforman la actividad comunitaria. Esta concepci\u00f3n de investigaci\u00f3n implica generar espacios en donde los flujos de informaci\u00f3n y el relevamiento de las demandas de la sociedad sean considerados. Por lo mencionado anteriormente el CMA articula con instituciones nacionales e internacionales con el objetivo de generar, transferir y desarrollar conocimientos que responden a necesidades o bien de la sociedad propiamente dicha o bien de las instituciones estatales que necesitan informaci\u00f3n con s\u00f3lidos argumentos te\u00f3ricos para la toma de decisiones. Por ello el CMA se encuentra en continua densificaci\u00f3n de la red de conocimiento con instituciones de investigaci\u00f3n nacional e internacional as\u00ed como tambi\u00e9n con organismos gubernamentales y asociaciones de productores. Red de instituciones:<\/p><ul><li>Instituto Nacional de Tecnolog\u00eda Agropecuaria (INTA)<\/li><li>Oficina de Riesgo Agropecuario<\/li><li>Comisi\u00f3n de Agricultura, Honorable C\u00e1mara de Diputados de la Naci\u00f3n<\/li><li>AACREA<\/li><li>Universidad de Bolonia<\/li><li>Sinnergiak<\/li><\/ul><\/div><\/div><\/div>\n\t\t\t\t\t<\/div><div class=\"eael-accordion-list\">\n\t\t\t\t\t<div id=\"contacto\" class=\"elementor-tab-title eael-accordion-header\" tabindex=\"0\" data-tab=\"18\" aria-controls=\"elementor-tab-content-20118\"><span class=\"eael-accordion-tab-title\">Contacto<\/span><span class=\"eael-advanced-accordion-icon-closed\"><i aria-hidden=\"true\" class=\"fa-accordion-icon fas fa-chevron-down\"><\/i><\/span><span class=\"eael-advanced-accordion-icon-opened\"><\/span><\/div><div id=\"elementor-tab-content-20118\" class=\"eael-accordion-content clearfix\" data-tab=\"18\" aria-labelledby=\"contacto\"><div class=\"rtecenter\"><div class=\"rtecenter\"><h6 class=\"rtecenter\">Centro de Investigaci\u00f3n en M\u00e9todos Cuantitativos Aplicados a la Econom\u00eda y la Gesti\u00f3n<\/h6><p class=\"rtecenter\">Facultad de Ciencias Econ\u00f3micas \u2013 Universidad de Buenos Aires Av. C\u00f3rdoba 2122 Segundo Piso<\/p><p class=\"rtecenter\">Tel\u00e9fono: 5285-6539 \u2013 Correo Electr\u00f3nico:\u00a0<a href=\"mailto:cma@fce.uba.ar\">cma@fce.uba.ar<\/a><\/p><p class=\"rtecenter\">Atenci\u00f3n de 10 a 18 hs<\/p><\/div><\/div><\/div>\n\t\t\t\t\t<\/div><div class=\"eael-accordion-list\">\n\t\t\t\t\t<div id=\"ex-investigadores-del-centro\" class=\"elementor-tab-title eael-accordion-header\" tabindex=\"0\" data-tab=\"19\" aria-controls=\"elementor-tab-content-20119\"><span class=\"eael-accordion-tab-title\">Ex-investigadores del Centro<\/span><span class=\"eael-advanced-accordion-icon-closed\"><i aria-hidden=\"true\" class=\"fa-accordion-icon fas fa-chevron-down\"><\/i><\/span><span class=\"eael-advanced-accordion-icon-opened\"><\/span><\/div><div id=\"elementor-tab-content-20119\" class=\"eael-accordion-content clearfix\" data-tab=\"19\" aria-labelledby=\"ex-investigadores-del-centro\"><div class=\"rtecenter\"><div class=\"rtecenter\"><p><strong><a href=\"https:\/\/www.linkedin.com\/in\/ver%C3%B3nica-caride-77612a10\/\">Ver\u00f3nica Caride<\/a><\/strong><\/p><p><strong><a href=\"https:\/\/www.linkedin.com\/in\/eduardo-laveglia-46b2032\/\">Eduardo A. Laveglia<\/a><\/strong><\/p><p><strong><a href=\"https:\/\/cl.linkedin.com\/in\/sebasti%C3%A1n-a-rey-7012895\">Sebastian A. Rey<\/a><\/strong><\/p><p><strong><a href=\"https:\/\/www.linkedin.com\/in\/daniela-rocca-57544190\/\">Daniela Laura Rocca<\/a><\/strong><\/p><p><strong><a href=\"https:\/\/www.linkedin.com\/in\/julieta-romina-sanchez-786b0993\/\">Julieta S\u00e1nchez<\/a><\/strong><\/p><p><strong><a href=\"https:\/\/www.linkedin.com\/in\/daiana-vainman-250211a1\">Daiana Vainman<\/a><\/strong><\/p><p><strong><a href=\"https:\/\/www.linkedin.com\/in\/carla-lorena-venosi-10892354\/\">Carla Lorena Venosi<\/a><\/strong><\/p><\/div><\/div><\/div>\n\t\t\t\t\t<\/div><\/div>\t\t\t\t<\/div>\n\t\t\t\t<\/div>\n\t\t\t\t\t<\/div>\n\t\t\t\t<\/div>\n\t\t\t\t<\/div>\n\t\t","protected":false},"excerpt":{"rendered":"<p>Inicio Inaugurado en el a\u00f1o 2001, el\u00a0Centro de Investigaci\u00f3n en M\u00e9todos Cuantitativos Aplicados a la Econom\u00eda y la Gesti\u00f3n (CMA)\u00a0es actualmente\u00a0 parte del Instituto de Investigaciones en Administraci\u00f3n, Contabilidad y<\/p>\n","protected":false},"author":30,"featured_media":0,"parent":1282,"menu_order":0,"comment_status":"closed","ping_status":"closed","template":"elementor_header_footer","meta":{"footnotes":""},"class_list":["post-1620","page","type-page","status-publish","hentry"],"yoast_head":"<!-- This site is optimized with the Yoast SEO plugin v27.4 - https:\/\/yoast.com\/product\/yoast-seo-wordpress\/ -->\n<title>CMA - Investigaci\u00f3n<\/title>\n<meta name=\"robots\" content=\"index, follow, max-snippet:-1, max-image-preview:large, max-video-preview:-1\" \/>\n<link rel=\"canonical\" href=\"https:\/\/www.economicas.uba.ar\/investigacion\/institutos-y-centros\/cma\/\" \/>\n<meta property=\"og:locale\" content=\"es_ES\" \/>\n<meta property=\"og:type\" content=\"article\" \/>\n<meta property=\"og:title\" content=\"CMA - Investigaci\u00f3n\" \/>\n<meta property=\"og:description\" content=\"Inicio Inaugurado en el a\u00f1o 2001, el\u00a0Centro de Investigaci\u00f3n en M\u00e9todos Cuantitativos Aplicados a la Econom\u00eda y la Gesti\u00f3n (CMA)\u00a0es actualmente\u00a0 parte del Instituto de Investigaciones en Administraci\u00f3n, Contabilidad y\" \/>\n<meta property=\"og:url\" content=\"https:\/\/www.economicas.uba.ar\/investigacion\/institutos-y-centros\/cma\/\" \/>\n<meta property=\"og:site_name\" content=\"Investigaci\u00f3n\" \/>\n<meta property=\"article:modified_time\" content=\"2026-03-27T13:32:03+00:00\" \/>\n<meta name=\"twitter:card\" content=\"summary_large_image\" \/>\n<meta name=\"twitter:label1\" content=\"Tiempo de lectura\" \/>\n\t<meta name=\"twitter:data1\" content=\"13 minutos\" \/>\n<script type=\"application\/ld+json\" class=\"yoast-schema-graph\">{\"@context\":\"https:\\\/\\\/schema.org\",\"@graph\":[{\"@type\":\"WebPage\",\"@id\":\"https:\\\/\\\/www.economicas.uba.ar\\\/investigacion\\\/institutos-y-centros\\\/cma\\\/\",\"url\":\"https:\\\/\\\/www.economicas.uba.ar\\\/investigacion\\\/institutos-y-centros\\\/cma\\\/\",\"name\":\"CMA - Investigaci\u00f3n\",\"isPartOf\":{\"@id\":\"https:\\\/\\\/www.economicas.uba.ar\\\/investigacion\\\/#website\"},\"primaryImageOfPage\":{\"@id\":\"https:\\\/\\\/www.economicas.uba.ar\\\/investigacion\\\/institutos-y-centros\\\/cma\\\/#primaryimage\"},\"image\":{\"@id\":\"https:\\\/\\\/www.economicas.uba.ar\\\/investigacion\\\/institutos-y-centros\\\/cma\\\/#primaryimage\"},\"thumbnailUrl\":\"https:\\\/\\\/www.economicas.uba.ar\\\/wp-content\\\/uploads\\\/2015\\\/11\\\/centro-perteneciente-a-IADCOM.jpg\",\"datePublished\":\"2023-08-15T13:42:01+00:00\",\"dateModified\":\"2026-03-27T13:32:03+00:00\",\"breadcrumb\":{\"@id\":\"https:\\\/\\\/www.economicas.uba.ar\\\/investigacion\\\/institutos-y-centros\\\/cma\\\/#breadcrumb\"},\"inLanguage\":\"es-AR\",\"potentialAction\":[{\"@type\":\"ReadAction\",\"target\":[\"https:\\\/\\\/www.economicas.uba.ar\\\/investigacion\\\/institutos-y-centros\\\/cma\\\/\"]}]},{\"@type\":\"ImageObject\",\"inLanguage\":\"es-AR\",\"@id\":\"https:\\\/\\\/www.economicas.uba.ar\\\/investigacion\\\/institutos-y-centros\\\/cma\\\/#primaryimage\",\"url\":\"https:\\\/\\\/www.economicas.uba.ar\\\/wp-content\\\/uploads\\\/2015\\\/11\\\/centro-perteneciente-a-IADCOM.jpg\",\"contentUrl\":\"https:\\\/\\\/www.economicas.uba.ar\\\/wp-content\\\/uploads\\\/2015\\\/11\\\/centro-perteneciente-a-IADCOM.jpg\"},{\"@type\":\"BreadcrumbList\",\"@id\":\"https:\\\/\\\/www.economicas.uba.ar\\\/investigacion\\\/institutos-y-centros\\\/cma\\\/#breadcrumb\",\"itemListElement\":[{\"@type\":\"ListItem\",\"position\":1,\"name\":\"Inicio\",\"item\":\"https:\\\/\\\/www.economicas.uba.ar\\\/investigacion\\\/\"},{\"@type\":\"ListItem\",\"position\":2,\"name\":\"Institutos y centros\",\"item\":\"https:\\\/\\\/www.economicas.uba.ar\\\/investigacion\\\/institutos-y-centros\\\/\"},{\"@type\":\"ListItem\",\"position\":3,\"name\":\"CMA\"}]},{\"@type\":\"WebSite\",\"@id\":\"https:\\\/\\\/www.economicas.uba.ar\\\/investigacion\\\/#website\",\"url\":\"https:\\\/\\\/www.economicas.uba.ar\\\/investigacion\\\/\",\"name\":\"Investigaci\u00f3n FCE\",\"description\":\"\",\"publisher\":{\"@id\":\"https:\\\/\\\/www.economicas.uba.ar\\\/investigacion\\\/#organization\"},\"potentialAction\":[{\"@type\":\"SearchAction\",\"target\":{\"@type\":\"EntryPoint\",\"urlTemplate\":\"https:\\\/\\\/www.economicas.uba.ar\\\/investigacion\\\/?s={search_term_string}\"},\"query-input\":{\"@type\":\"PropertyValueSpecification\",\"valueRequired\":true,\"valueName\":\"search_term_string\"}}],\"inLanguage\":\"es-AR\"},{\"@type\":\"Organization\",\"@id\":\"https:\\\/\\\/www.economicas.uba.ar\\\/investigacion\\\/#organization\",\"name\":\"Investigaci\u00f3n FCE\",\"url\":\"https:\\\/\\\/www.economicas.uba.ar\\\/investigacion\\\/\",\"logo\":{\"@type\":\"ImageObject\",\"inLanguage\":\"es-AR\",\"@id\":\"https:\\\/\\\/www.economicas.uba.ar\\\/investigacion\\\/#\\\/schema\\\/logo\\\/image\\\/\",\"url\":\"https:\\\/\\\/www.economicas.uba.ar\\\/investigacion\\\/wp-content\\\/uploads\\\/logo_2023.png\",\"contentUrl\":\"https:\\\/\\\/www.economicas.uba.ar\\\/investigacion\\\/wp-content\\\/uploads\\\/logo_2023.png\",\"width\":292,\"height\":81,\"caption\":\"Investigaci\u00f3n FCE\"},\"image\":{\"@id\":\"https:\\\/\\\/www.economicas.uba.ar\\\/investigacion\\\/#\\\/schema\\\/logo\\\/image\\\/\"}}]}<\/script>\n<!-- \/ Yoast SEO plugin. -->","yoast_head_json":{"title":"CMA - Investigaci\u00f3n","robots":{"index":"index","follow":"follow","max-snippet":"max-snippet:-1","max-image-preview":"max-image-preview:large","max-video-preview":"max-video-preview:-1"},"canonical":"https:\/\/www.economicas.uba.ar\/investigacion\/institutos-y-centros\/cma\/","og_locale":"es_ES","og_type":"article","og_title":"CMA - Investigaci\u00f3n","og_description":"Inicio Inaugurado en el a\u00f1o 2001, el\u00a0Centro de Investigaci\u00f3n en M\u00e9todos Cuantitativos Aplicados a la Econom\u00eda y la Gesti\u00f3n (CMA)\u00a0es actualmente\u00a0 parte del Instituto de Investigaciones en Administraci\u00f3n, Contabilidad y","og_url":"https:\/\/www.economicas.uba.ar\/investigacion\/institutos-y-centros\/cma\/","og_site_name":"Investigaci\u00f3n","article_modified_time":"2026-03-27T13:32:03+00:00","twitter_card":"summary_large_image","twitter_misc":{"Tiempo de lectura":"13 minutos"},"schema":{"@context":"https:\/\/schema.org","@graph":[{"@type":"WebPage","@id":"https:\/\/www.economicas.uba.ar\/investigacion\/institutos-y-centros\/cma\/","url":"https:\/\/www.economicas.uba.ar\/investigacion\/institutos-y-centros\/cma\/","name":"CMA - Investigaci\u00f3n","isPartOf":{"@id":"https:\/\/www.economicas.uba.ar\/investigacion\/#website"},"primaryImageOfPage":{"@id":"https:\/\/www.economicas.uba.ar\/investigacion\/institutos-y-centros\/cma\/#primaryimage"},"image":{"@id":"https:\/\/www.economicas.uba.ar\/investigacion\/institutos-y-centros\/cma\/#primaryimage"},"thumbnailUrl":"https:\/\/www.economicas.uba.ar\/wp-content\/uploads\/2015\/11\/centro-perteneciente-a-IADCOM.jpg","datePublished":"2023-08-15T13:42:01+00:00","dateModified":"2026-03-27T13:32:03+00:00","breadcrumb":{"@id":"https:\/\/www.economicas.uba.ar\/investigacion\/institutos-y-centros\/cma\/#breadcrumb"},"inLanguage":"es-AR","potentialAction":[{"@type":"ReadAction","target":["https:\/\/www.economicas.uba.ar\/investigacion\/institutos-y-centros\/cma\/"]}]},{"@type":"ImageObject","inLanguage":"es-AR","@id":"https:\/\/www.economicas.uba.ar\/investigacion\/institutos-y-centros\/cma\/#primaryimage","url":"https:\/\/www.economicas.uba.ar\/wp-content\/uploads\/2015\/11\/centro-perteneciente-a-IADCOM.jpg","contentUrl":"https:\/\/www.economicas.uba.ar\/wp-content\/uploads\/2015\/11\/centro-perteneciente-a-IADCOM.jpg"},{"@type":"BreadcrumbList","@id":"https:\/\/www.economicas.uba.ar\/investigacion\/institutos-y-centros\/cma\/#breadcrumb","itemListElement":[{"@type":"ListItem","position":1,"name":"Inicio","item":"https:\/\/www.economicas.uba.ar\/investigacion\/"},{"@type":"ListItem","position":2,"name":"Institutos y centros","item":"https:\/\/www.economicas.uba.ar\/investigacion\/institutos-y-centros\/"},{"@type":"ListItem","position":3,"name":"CMA"}]},{"@type":"WebSite","@id":"https:\/\/www.economicas.uba.ar\/investigacion\/#website","url":"https:\/\/www.economicas.uba.ar\/investigacion\/","name":"Investigaci\u00f3n FCE","description":"","publisher":{"@id":"https:\/\/www.economicas.uba.ar\/investigacion\/#organization"},"potentialAction":[{"@type":"SearchAction","target":{"@type":"EntryPoint","urlTemplate":"https:\/\/www.economicas.uba.ar\/investigacion\/?s={search_term_string}"},"query-input":{"@type":"PropertyValueSpecification","valueRequired":true,"valueName":"search_term_string"}}],"inLanguage":"es-AR"},{"@type":"Organization","@id":"https:\/\/www.economicas.uba.ar\/investigacion\/#organization","name":"Investigaci\u00f3n FCE","url":"https:\/\/www.economicas.uba.ar\/investigacion\/","logo":{"@type":"ImageObject","inLanguage":"es-AR","@id":"https:\/\/www.economicas.uba.ar\/investigacion\/#\/schema\/logo\/image\/","url":"https:\/\/www.economicas.uba.ar\/investigacion\/wp-content\/uploads\/logo_2023.png","contentUrl":"https:\/\/www.economicas.uba.ar\/investigacion\/wp-content\/uploads\/logo_2023.png","width":292,"height":81,"caption":"Investigaci\u00f3n FCE"},"image":{"@id":"https:\/\/www.economicas.uba.ar\/investigacion\/#\/schema\/logo\/image\/"}}]}},"_links":{"self":[{"href":"https:\/\/www.economicas.uba.ar\/investigacion\/wp-json\/wp\/v2\/pages\/1620","targetHints":{"allow":["GET"]}}],"collection":[{"href":"https:\/\/www.economicas.uba.ar\/investigacion\/wp-json\/wp\/v2\/pages"}],"about":[{"href":"https:\/\/www.economicas.uba.ar\/investigacion\/wp-json\/wp\/v2\/types\/page"}],"author":[{"embeddable":true,"href":"https:\/\/www.economicas.uba.ar\/investigacion\/wp-json\/wp\/v2\/users\/30"}],"replies":[{"embeddable":true,"href":"https:\/\/www.economicas.uba.ar\/investigacion\/wp-json\/wp\/v2\/comments?post=1620"}],"version-history":[{"count":26,"href":"https:\/\/www.economicas.uba.ar\/investigacion\/wp-json\/wp\/v2\/pages\/1620\/revisions"}],"predecessor-version":[{"id":8912,"href":"https:\/\/www.economicas.uba.ar\/investigacion\/wp-json\/wp\/v2\/pages\/1620\/revisions\/8912"}],"up":[{"embeddable":true,"href":"https:\/\/www.economicas.uba.ar\/investigacion\/wp-json\/wp\/v2\/pages\/1282"}],"wp:attachment":[{"href":"https:\/\/www.economicas.uba.ar\/investigacion\/wp-json\/wp\/v2\/media?parent=1620"}],"curies":[{"name":"wp","href":"https:\/\/api.w.org\/{rel}","templated":true}]}}