{"id":2034,"date":"2023-08-30T09:12:21","date_gmt":"2023-08-30T12:12:21","guid":{"rendered":"https:\/\/www.economicas.uba.ar\/investigacion\/?page_id=2034"},"modified":"2025-03-19T12:35:19","modified_gmt":"2025-03-19T15:35:19","slug":"contabilidad-ambiental-y-nacional","status":"publish","type":"page","link":"https:\/\/www.economicas.uba.ar\/investigacion\/institutos-y-centros\/ceconta\/contabilidad-ambiental-y-nacional\/","title":{"rendered":"contabilidad ambiental y nacional"},"content":{"rendered":"\t\t<div data-elementor-type=\"wp-page\" data-elementor-id=\"2034\" class=\"elementor elementor-2034\" data-elementor-post-type=\"page\">\n\t\t\t\t<div class=\"elementor-element elementor-element-442f3d0d e-con-full e-flex e-con e-parent\" data-id=\"442f3d0d\" data-element_type=\"container\" data-e-type=\"container\" data-settings=\"{&quot;background_background&quot;:&quot;classic&quot;}\">\n\t\t<div class=\"elementor-element elementor-element-56ba770a e-flex e-con-boxed e-con e-child\" data-id=\"56ba770a\" data-element_type=\"container\" data-e-type=\"container\">\n\t\t\t\t\t<div class=\"e-con-inner\">\n\t\t\t\t\t<\/div>\n\t\t\t\t<\/div>\n\t\t<div class=\"elementor-element elementor-element-315e7aae e-flex e-con-boxed e-con e-child\" data-id=\"315e7aae\" data-element_type=\"container\" data-e-type=\"container\">\n\t\t\t\t\t<div class=\"e-con-inner\">\n\t\t\t\t<div class=\"elementor-element elementor-element-3431a0ee elementor-widget elementor-widget-heading\" data-id=\"3431a0ee\" data-element_type=\"widget\" data-e-type=\"widget\" data-widget_type=\"heading.default\">\n\t\t\t\t<div class=\"elementor-widget-container\">\n\t\t\t\t\t<h2 class=\"elementor-heading-title elementor-size-default\">CECONTA<\/h2>\t\t\t\t<\/div>\n\t\t\t\t<\/div>\n\t\t\t\t\t<\/div>\n\t\t\t\t<\/div>\n\t\t\t\t<\/div>\n\t\t<div class=\"elementor-element elementor-element-785d0a7c e-flex e-con-boxed e-con e-parent\" data-id=\"785d0a7c\" data-element_type=\"container\" data-e-type=\"container\">\n\t\t\t\t\t<div class=\"e-con-inner\">\n\t\t\t\t<div class=\"elementor-element elementor-element-7804597d elementor-widget elementor-widget-eael-adv-accordion\" data-id=\"7804597d\" data-element_type=\"widget\" data-e-type=\"widget\" data-widget_type=\"eael-adv-accordion.default\">\n\t\t\t\t<div class=\"elementor-widget-container\">\n\t\t\t\t\t            <div class=\"eael-adv-accordion\" id=\"eael-adv-accordion-7804597d\" data-scroll-on-click=\"no\" data-scroll-speed=\"300\" data-accordion-id=\"7804597d\" data-accordion-type=\"accordion\" data-toogle-speed=\"300\">\n            <div class=\"eael-accordion-list\">\n\t\t\t\t\t<div id=\"foro-virtual-de-contabilidad-ambiental-y-social\" class=\"elementor-tab-title eael-accordion-header active-default\" tabindex=\"0\" data-tab=\"1\" aria-controls=\"elementor-tab-content-2011\"><span class=\"eael-accordion-tab-title\">Foro Virtual de Contabilidad Ambiental y Social<\/span><span class=\"eael-advanced-accordion-icon-closed\"><i aria-hidden=\"true\" class=\"fa-accordion-icon fas fa-chevron-down\"><\/i><\/span><span class=\"eael-advanced-accordion-icon-opened\"><\/span><\/div><div id=\"elementor-tab-content-2011\" class=\"eael-accordion-content clearfix active-default\" data-tab=\"1\" aria-labelledby=\"foro-virtual-de-contabilidad-ambiental-y-social\"><div id=\"texto\"><div><p><span class=\"Estilo28\"><span class=\"Estilo5\">El\u00a0<strong>Foro Virtual de Contabilidad Ambiental y Social\u00a0<\/strong>tiene por objetivo intercambiar informaci\u00f3n sobre investigaciones en\u00a0<strong><em>CONTABILIDAD AMBIENTAL Y SOCIAL\u00a0<\/em><\/strong>sin efectuar desplazamiento f\u00edsico de las personas. La metodolog\u00eda propuesta ser\u00e1 que los encuentros se realizar\u00e1n de forma virtual, no en tiempo real y se desarrollar\u00e1n conforme con las siguientes pautas:<\/span><\/span><\/p><\/div><\/div><div id=\"texto\"><div><p><span class=\"Estilo27\"><span class=\"Estilo28\"><span class=\"Estilo29\"><span class=\"Estilo30\"><strong>PRIMER AVISO<\/strong><br \/>Fecha de realizaci\u00f3n\u00a0: 25 y 26 de Octubre de 2010<\/span><\/span><\/span><\/span><\/p><p class=\"Estilo30\">Sede:\u00a0Facultad de Ciencias Econ\u00f3micas de la Universidad de Buenos Aires<br \/>www.econ.uba.ar\/ceconta<\/p><p class=\"Estilo30\">AUSPICIAN:<br \/>CODECE \u2013\u00a0<em>Consejo de Decanos en Ciencias Econ\u00f3micas<\/em><br \/>ALAFEC \u2013\u00a0<em>Asociaci\u00f3n Latinoamericana de Facultades y<\/em><br \/><em>Escuelas de Contadur\u00eda y Administraci\u00f3n<\/em><\/p><p class=\"Estilo30\">Organizan:<\/p><div class=\"Estilo30\"><table><tbody><tr><td><p><strong>Secci\u00f3n de Investigaciones Contables<\/strong><\/p><p><em>Centro de Modelos Contables \u2013 CECONTA<\/em><br \/><em>Centro de Investigaci\u00f3n en Contabilidad Patrimonial y Ambiental \u2013 CICPA<\/em><br \/><em>Centro de Investigaci\u00f3n en Contabilidad Social \u2013 CICS<\/em><\/p><\/td><td><p><strong>Departamento de Contabilidad<\/strong><\/p><p><em>\u00c1rea Teor\u00eda Contable<\/em><br \/><em>\u00c1rea Gesti\u00f3n y Costos<\/em><br \/><em>\u00c1rea Ejercicio Profesional<\/em><\/p><\/td><\/tr><\/tbody><\/table><\/div><p class=\"Estilo30\"><strong><em>Comit\u00e9 Ejecutivo<\/em><\/strong><\/p><p class=\"Estilo30\">Presidente:\u00a0RICARDO J. M. PAHLEN ACU\u00d1A<br \/>Vicepresidenta:\u00a0\u00a0\u00a0\u00a0\u00a0\u00a0\u00a0\u00a0\u00a0\u00a0\u00a0LUISA FRONTI DE GARC\u00cdA<br \/>Secretar\u00eda General:\u00a0\u00a0\u00a0 \u00a0ANA MAR\u00cdA CAMPO<br \/>Vocales:\u00a0\u00a0\u00a0\u00a0\u00a0\u00a0\u00a0\u00a0\u00a0\u00a0\u00a0\u00a0\u00a0\u00a0\u00a0\u00a0\u00a0\u00a0\u00a0\u00a0\u00a0\u00a0\u00a0\u00a0 RUB\u00c9N HELOUANI<br \/>\u00a0\u00a0\u00a0\u00a0\u00a0\u00a0\u00a0\u00a0\u00a0\u00a0\u00a0\u00a0\u00a0\u00a0\u00a0\u00a0\u00a0\u00a0\u00a0\u00a0\u00a0\u00a0\u00a0\u00a0\u00a0\u00a0\u00a0\u00a0\u00a0\u00a0\u00a0\u00a0\u00a0\u00a0\u00a0\u00a0\u00a0\u00a0 JORGE PERALTA<\/p><p class=\"Estilo30\">Secretar\u00eda Cient\u00edfico \u2013 T\u00e9cnica:\u00a0\u00a0\u00a0 ELSA BEATRIZ SUAREZ KIMURA\u00a0\u00a0\u00a0\u00a0\u00a0\u00a0\u00a0\u00a0\u00a0\u00a0\u00a0\u00a0\u00a0\u00a0<br \/>\u00a0\u00a0\u00a0\u00a0\u00a0\u00a0\u00a0\u00a0\u00a0\u00a0\u00a0\u00a0\u00a0\u00a0\u00a0\u00a0\u00a0\u00a0\u00a0\u00a0\u00a0\u00a0\u00a0\u00a0\u00a0\u00a0\u00a0\u00a0\u00a0\u00a0\u00a0\u00a0\u00a0\u00a0\u00a0\u00a0\u00a0\u00a0\u00a0\u00a0\u00a0\u00a0\u00a0\u00a0\u00a0\u00a0\u00a0\u00a0\u00a0\u00a0\u00a0\u00a0 IN\u00c9S M. GARC\u00cdA FRONTI<\/p><p class=\"Estilo30\"><strong><em>TEMARIO<\/em><\/strong><\/p><div class=\"Estilo30\"><table><tbody><tr><td><p><strong><em>CONTABILIDAD AMBIENTAL<\/em><\/strong><\/p><\/td><td><p><strong><em>CONTABILIDAD SOCIAL:<\/em><\/strong><\/p><\/td><\/tr><tr><td><p>\u2013 Costos ambientales<br \/>\u2013 Presupuestos ambientales<br \/>\u2013 Informaci\u00f3n contable en estados de uso externo<br \/>\u2013 Sistema contable de gesti\u00f3n ambiental<br \/>\u2013 Informes contables ambientales macroecon\u00f3micos<br \/>\u2013 Informes contables ambientales microecon\u00f3micas<br \/>\u2013 El Protocolo de Kyoto y sus implicancias contables<br \/>\u2013 Cambio Clim\u00e1tico aspectos contables e interdisciplinarios (Administrativos, econ\u00f3micos, de salud, agropecuarios, sociales, legales, etc).<br \/>\u2013 Protocolo de Kioto y Mecanismos de Desarrollo Limpio.<br \/>\u2013 Pol\u00edtica Tributaria Ambiental.<br \/>\u2013 Legislaci\u00f3n ambiental nacional e internacional.<br \/>\u2013 Memorias de Sostenibilidad (GRI).<br \/>\u2013 COPs (Comunicaciones de Progreso \u2013 Pacto Mundial).<br \/>\u2013 Aspectos Particulares de remediaci\u00f3n ambiental (Ejemplo: Cuenca Matanza Riachuelo).<br \/>\u2013 Auditor\u00eda Ambiental.<\/p><\/td><td><p>\u2013 Balance Social (Aspectos Legales, Jurisdicci\u00f3n Nacional y Local)<br \/>\u2013 Informes Contables Macrosociales<br \/>\u2013 Informes Contables Microsociales<br \/>\u2013 Sistemas Contables sociales<br \/>\u2013 Auditor\u00eda de Informes Contables Sociales<br \/>\u2013 Costos Sociales y su tratamiento contable.<br \/>\u2013 Presupuestos Sociales.<br \/>\u2013 Pacto Mundial de Naciones Unidas.<\/p><\/td><\/tr><\/tbody><\/table><\/div><p class=\"Estilo30\">\u00a0<\/p><p class=\"Estilo30\"><strong>Fechas l\u00edmite:<\/strong><\/p><p class=\"Estilo30\">Recepci\u00f3n de res\u00famenes\u00a0: 31 de Julio de 2010<br \/>Aceptaci\u00f3n de res\u00famenes:\u00a020 de Agosto de 2010<br \/>Presentaci\u00f3n de versiones completas de trabajos de investigaci\u00f3n:\u00a030 de Septiembre de 2010<\/p><p class=\"Estilo30\"><strong>PAUTAS PARA LA PRESENTACI\u00d3N DE RES\u00daMENES:<\/strong><\/p><ul class=\"Estilo30\"><li>El primer resumen puede presentarse en espa\u00f1ol, portugu\u00e9s e italiano, a continuaci\u00f3n debe ser traducido al ingl\u00e9s. La versi\u00f3n completa del trabajo es solamente en un idioma (espa\u00f1ol, portugu\u00e9s e italiano).<\/li><li>La extensi\u00f3n deber\u00e1 ser entre 200 y 300 palabras, Fuente de letra: Arial, Tama\u00f1o cuerpo 11, papel A4, interlineado sencillo.<\/li><li>Incluir 4 palabras claves.<\/li><li>Datos del autor: Apellido y nombre del autor o los autores; direcci\u00f3n de correo electr\u00f3nico e Instituci\u00f3n Universitaria a la que pertenece.<\/li><li>Se aceptan hasta 2 trabajos por persona.<\/li><\/ul><p class=\"Estilo30\">\u00a0<\/p><p class=\"Estilo30\">Para mayor informaci\u00f3n contactarse a:\u00a0<a href=\"mailto:luisa.fronti@yahoo.com.ar\">luisa.fronti@yahoo.com.ar<\/a><\/p><\/div><\/div><\/div>\n\t\t\t\t\t<\/div><div class=\"eael-accordion-list\">\n\t\t\t\t\t<div id=\"comit-y-panelistas\" class=\"elementor-tab-title eael-accordion-header\" tabindex=\"0\" data-tab=\"2\" aria-controls=\"elementor-tab-content-2012\"><span class=\"eael-accordion-tab-title\">Comit\u00e9 y Panelistas<\/span><span class=\"eael-advanced-accordion-icon-closed\"><i aria-hidden=\"true\" class=\"fa-accordion-icon fas fa-chevron-down\"><\/i><\/span><span class=\"eael-advanced-accordion-icon-opened\"><\/span><\/div><div id=\"elementor-tab-content-2012\" class=\"eael-accordion-content clearfix\" data-tab=\"2\" aria-labelledby=\"comit-y-panelistas\"><p><strong>Comit\u00e9 Acad\u00e9mico<br \/><\/strong>Susana C\u00c1CERES<br \/>Osvaldo CHAVES<br \/>Nilson DAUZACKER<br \/>Carlos Lu\u00eds GARC\u00cdA CASELLA (Presidente)<br \/>Mabel MILETTI<br \/>Walter ROSSI<br \/>Juan Carlos VIEGAS<\/p><p><strong>Panelistas:<\/strong><\/p><table><tbody><tr><td><img decoding=\"async\" src=\"https:\/\/www.economicas.uba.ar\/institutos_y_centros\/comite-foro-virtual-de-contabilidad-social-y-ambiental\/images\/biondi.png\" alt=\"\" width=\"153\" height=\"158\" \/>\u00a0<a href=\"https:\/\/www.economicas.uba.ar\/wp-content\/uploads\/2017\/07\/biondi.png\"><img decoding=\"async\" src=\"https:\/\/www.economicas.uba.ar\/wp-content\/uploads\/2017\/07\/biondi.png\" alt=\"biondi\" width=\"153\" height=\"158\" \/><\/a><\/td><td><div><strong>Mario BIONDI<\/strong><br \/><strong>Antecedentes:<\/strong><br \/>Contador Publico Universidad de Buenos Aires.<br \/>Doctor en Ciencias Econ\u00f3micas Universidad de Buenos Aires.<br \/>Contador Benem\u00e9rito de las Am\u00e9ricas \u2013 Asociaci\u00f3n Interamericana de Contabilidad.<br \/>Profesor Consulto Titular \u2013 Universidad de Buenos Aires.<br \/>Director de Proyectos de Investigaci\u00f3n con Subsidios \u2013 Universidad de Buenos Aires.<br \/>Director de la Secci\u00f3n de Investigaciones Contables \u2013 FCE-UBA.<br \/>Miembro Comisi\u00f3n de Doctorado \u2013 FCE \u2013 UBA.<br \/>Asesor de Investigaciones Contables \u2013 Otras Universidades.<\/div><div>Conferencista Internacional.<br \/>Autor de 25 Libros de Textos Universitarios.<br \/>Autor de 270 Publicaciones en Revistas Especializadas.<br \/>Arbitro Publicaciones en Revistas Especializadas.<br \/><strong>T\u00edtulo del tema a desarrollar:\u00a0<\/strong>La Necesaria Identidad de la \u201cContabilidad Ambiental y Social\u201d<br \/><strong>Idioma a utilizar:\u00a0<\/strong>Castellano<br \/><strong>Idioma en que aceptara preguntas:\u00a0<\/strong>Castellano-Frances-Ingles-Italiano y Portugu\u00e9s.<br \/><strong>Idioma en que efectuara sus respuestas:\u00a0<\/strong>Castellano<\/div><\/td><\/tr><tr><td colspan=\"2\"><div><p>\u00a0<\/p><p>Ponencia:<\/p><\/div><p>Activos, pasivos y resultados ciertos y contingentes derivados de la gesti\u00f3n ambiental.<\/p><p><strong><a href=\"https:\/\/www.economicas.uba.ar\/wp-content\/uploads\/2017\/08\/R_BIONDI_2010.pdf\" target=\"_blank\" rel=\"noopener\">Ver Resumen<\/a><\/strong><\/p><p><strong><a href=\"https:\/\/www.economicas.uba.ar\/wp-content\/uploads\/2017\/08\/T_BIONDI_Activos_pasivos_y_resultados_ciertos_contingentes.pdf\" target=\"_blank\" rel=\"noopener\">Ver Trabajo<\/a><\/strong><\/p><\/td><\/tr><\/tbody><\/table><hr \/><table><tbody><tr><td><a href=\"https:\/\/www.economicas.uba.ar\/wp-content\/uploads\/2017\/07\/casparri.png\"><img decoding=\"async\" src=\"https:\/\/www.economicas.uba.ar\/wp-content\/uploads\/2017\/07\/casparri.png\" alt=\"casparri\" width=\"96\" height=\"128\" \/><\/a><a href=\"https:\/\/www.economicas.uba.ar\/wp-content\/uploads\/2017\/07\/casparri.png\"><br \/><\/a>\u00a0 \u00a0\u00a0<\/td><td><div>Mar\u00eda Teresa CASPARRI<br \/><strong>Antecedentes:<\/strong><br \/>Dra. en Ciencias Econ\u00f3micas, Actuaria, Licenciada en Econom\u00eda, Contadora P\u00fablica (UBA).Actualmente Profesora Em\u00e9rita de la UBA .Profesora de Grado, Posgrado y Doctorado UBA. Directora del Instituto de Investigaciones en Administraci\u00f3n, Contabilidad y M\u00e9todos Cuantitativos para la Gesti\u00f3n, Directora del Centro de Investigaci\u00f3n en M\u00e9todos Cuantitativos aplicados a la econom\u00eda y la gesti\u00f3n. Directora de la Carrera Docente. Directora de la Maestr\u00eda en Gesti\u00f3n Econ\u00f3mica y Financiera de Riesgos. Consejera Titular desde el advenimiento de la Democracia en forma ininterrumpida hasta la actualidad, Inicio su carrera docente en 1956 en esta facultad obteniendo cargos regulares en las sucesivas categor\u00edas concursadas, desde 1964 ejerci\u00f3 sucesivamente los cargos de Secretaria, subdirectora y Directora del Departamento de Matem\u00e1tica alcanzando en el 2001 el cargo de Secretaria Acad\u00e9mica. Presidenta de la Comisi\u00f3n de Doctorado en Ciencias Econ\u00f3micas Orientaci\u00f3n Administraci\u00f3n.<\/div><div>Integrante de la Comisi\u00f3n Cient\u00edfica del PIUBACC y de Emeritos de la UBA. Docente Investigadora Categor\u00eda I dirige actualmente dos proyectos de investigaci\u00f3n PICT-2006-00770 y UBACyT 008 sobre el tema \u201cImpacto Econ\u00f3mico-Financiero y Actuarial del Riesgo Clim\u00e1tico en la Argentina\u201d Particip\u00f3 en numerosos eventos en el pa\u00eds y en exterior vinculados a sus especialidades y es autora de numerosos libros.<br \/><strong>T\u00edtulo del tema a desarrollar:\u00a0<\/strong>Impacto Econ\u00f3mico \u2013 Financiero y Actuarial del Riesgo Clim\u00e1tico en la Argentina<br \/><strong>Idioma a utilizar:\u00a0<\/strong>Castellano<br \/><strong>Idioma en que aceptara preguntas:\u00a0<\/strong>Castellano-Frances-Ingles- y Alem\u00e1n.<br \/><strong>Idioma en que efectuara sus respuestas:\u00a0<\/strong>Castellano<\/div><\/td><\/tr><tr><td colspan=\"2\"><div><p>\u00a0<\/p><\/div><\/td><\/tr><\/tbody><\/table><p>Ponencia:<\/p><p>Impacto Econ\u00f3mico- Financiero y Actuarial del Riesgo Clim\u00e1tico en la Argentina.<\/p><p><strong><a href=\"https:\/\/www.economicas.uba.ar\/wp-content\/uploads\/2017\/08\/Resumen_Casparri_2010.pdf\" target=\"_blank\" rel=\"noopener\">Ver\u00a0Resumen<\/a><\/strong><\/p><p><strong><a href=\"https:\/\/www.economicas.uba.ar\/wp-content\/uploads\/2017\/08\/PANELISTA_Casparri_2010.pdf\" target=\"_blank\" rel=\"noopener\">Ver Trabajo<\/a><\/strong><\/p><hr \/><table><tbody><tr><td><p><img loading=\"lazy\" decoding=\"async\" src=\"https:\/\/www.economicas.uba.ar\/institutos_y_centros\/comite-foro-virtual-de-contabilidad-social-y-ambiental\/images\/dauzacker.png\" alt=\"\" width=\"139\" height=\"152\" \/>\u00a0<a href=\"https:\/\/www.economicas.uba.ar\/wp-content\/uploads\/2017\/07\/dauzacker.png\"><img loading=\"lazy\" decoding=\"async\" src=\"https:\/\/www.economicas.uba.ar\/wp-content\/uploads\/2017\/07\/dauzacker.png\" alt=\"dauzacker\" width=\"139\" height=\"152\" \/><\/a><\/p><\/td><td><div><p>Nilson DAUZACKER<br \/><strong>Antecedentes:<\/strong><br \/>Contador por la Pontif\u00edcia Universidade Cat\u00f3lica de S\u00e3o Paulo 1980.<br \/>Doctor en Contabilidad por la Universidad Nacional de Rosario 2007.<br \/>Professor Assistente I \u2013 Universidade Federal de Mato Grosso \u2013 UFMT\/BRASIL 1995.<br \/>Coordinador de Ensino de Gradua\u00e7\u00e3o de Ci\u00eancias Cont\u00e1beis FAECC\/UFMT\/BR 1997\/1999.<br \/>Director de la Escuela de Contabilidad FAECC\/UFMT\/BR 2000\/2001.<br \/>Director de Tesis de Doctorado, Maestria y de Grado.<\/p><p>Participaciones relevantes recientemente:<br \/>Ponente en el II Jornadas Universitarias Internacionales de Contabilidad \u2013 Asumpci\u00f3n\/Py.<br \/>Expositor en el Congreso de Administradores y Contadores \u2013 Asumpci\u00f3n\/Py .<br \/><strong>T\u00edtulo del tema a desarrollar:\u00a0<\/strong>La Responsabilidad Socioambiental Evidenciada en los Estados Contables<strong><br \/>Idioma a utilizar:\u00a0<\/strong>Portugu\u00e9s<br \/><strong>Idioma en que aceptara preguntas:\u00a0<\/strong>Castellano y Portugu\u00e9s.<br \/><strong>Idioma en que efectuara sus respuestas:\u00a0<\/strong>Portugu\u00e9s<\/p><\/div><\/td><\/tr><tr><td colspan=\"2\"><div><p>\u00a0<\/p><p>Ponencia:<\/p><p>PRODUTO ECOL\u00d3GICO BRUTO DAS ENTIDADES P\u00daBLICAS E PRIVADAS (PEBEPP) EM SUBSTITUI\u00c7\u00c3O AO PIB ECOL\u00d3GICO<\/p><p><strong><a href=\"https:\/\/www.economicas.uba.ar\/institutos_y_centros\/resumenes-y-trabajos-foro-virtual-de-contabilidad-ambiental-y-social\/\">Ver resumen en Res\u00famenes y Trabajos<\/a><\/strong><\/p><p><strong><a href=\"https:\/\/www.economicas.uba.ar\/wp-content\/uploads\/2017\/08\/T_Dauzacker_Contabilidade_Ecologica.pdf\" target=\"_blank\" rel=\"noopener\">Ver Trabajo<\/a><\/strong><\/p><\/div><\/td><\/tr><\/tbody><\/table><p>\u00a0<\/p><table><tbody><tr><td><p><img loading=\"lazy\" decoding=\"async\" src=\"https:\/\/www.economicas.uba.ar\/institutos_y_centros\/comite-foro-virtual-de-contabilidad-social-y-ambiental\/images\/casella.png\" alt=\"\" width=\"139\" height=\"184\" \/>\u00a0<a href=\"https:\/\/www.economicas.uba.ar\/wp-content\/uploads\/2017\/07\/casella.png\"><img loading=\"lazy\" decoding=\"async\" src=\"https:\/\/www.economicas.uba.ar\/wp-content\/uploads\/2017\/07\/casella.png\" alt=\"casella\" width=\"139\" height=\"184\" \/><\/a><\/p><\/td><td><div><p><strong>Carlos Lu\u00eds GARC\u00cdA CASELLA<\/strong><br \/><strong>Antecedentes:<\/strong><br \/>Contador P\u00fablico Universidad de Buenos Aires 1953.<br \/>Doctor en Ciencias Econ\u00f3micas Universidad de Buenos Aires 1957.<br \/>Profesor Em\u00e9rito Universidad de Buenos Aires 2005.<br \/>Docente en Facultad de Ciencias Econ\u00f3micas de la UBA desde 1956.<br \/>Director del Centro de Investigaci\u00f3n de Modelos Contables FCE UBA.<br \/>Director de Proyectos de Investigaci\u00f3n con Subsidios 1993 \u2013 2008.<br \/>Director de Tesis de Doctorado, Maestr\u00eda y de Grado.<br \/>Autor de 158 publicaciones desde 1957 a 2007.<br \/>Autor de 135 comunicaciones a congresos, reuniones y simposios desde 1981 A 2008.<br \/><strong>T\u00edtulo del tema a desarrollar:\u00a0<\/strong>Reemplazo de los Conceptos de Riqueza e Ingreso no Prioritarios en la Contabilidad Social<strong><br \/>Idioma a utilizar:\u00a0<\/strong>Castellano<br \/><strong>Idioma en que aceptara preguntas:\u00a0<\/strong>Castellano-Frances-Ingles-Italiano y Portugu\u00e9s.<br \/><strong>Idioma en que efectuara sus respuestas:\u00a0<\/strong>Castellano<\/p><p>\u00a0<\/p><\/div><\/td><\/tr><tr><td colspan=\"2\"><div><p>\u00a0<\/p><p>Ponencia:<\/p><p>Efectos del desarrollo de la contabilidad social y ambiental respecto a la teor\u00eda General de la Contabilidad.<\/p><p><strong><a href=\"https:\/\/www.economicas.uba.ar\/wp-content\/uploads\/2017\/08\/R_Casella_2010.pdf\" target=\"_blank\" rel=\"noopener\">Ver Resumen<\/a><\/strong><\/p><p><strong><a href=\"https:\/\/www.economicas.uba.ar\/wp-content\/uploads\/2017\/08\/T_Casella_efectos_del_desarrollo_de_la_CONTABILIDAD_SOCIAL_%20Y%20AMBIENTAL.pdf\" target=\"_blank\" rel=\"noopener\">Ver Trabajo<\/a><\/strong><\/p><\/div><\/td><\/tr><\/tbody><\/table><p>\u00a0<\/p><table><tbody><tr><td><img loading=\"lazy\" decoding=\"async\" src=\"https:\/\/www.economicas.uba.ar\/institutos_y_centros\/comite-foro-virtual-de-contabilidad-social-y-ambiental\/images\/moneva.png\" alt=\"\" width=\"139\" height=\"184\" \/>\u00a0<a href=\"https:\/\/www.economicas.uba.ar\/wp-content\/uploads\/2017\/07\/moneva.png\"><img loading=\"lazy\" decoding=\"async\" src=\"https:\/\/www.economicas.uba.ar\/wp-content\/uploads\/2017\/07\/moneva.png\" alt=\"moneva\" width=\"139\" height=\"184\" \/><\/a><\/td><td><div>Mariano MONEVA<br \/><strong>Antecedentes:<\/strong><br \/>Profesor Titular de Econom\u00eda Financiera y Contabilidad de la Universidad de Zaragoza.<br \/>Vicedecano Primero de Profesorado y Docencia de la Facultad de Econ\u00f3micas y Empresariales.<br \/>Responsable de diversas asignaturas del Departamento de Contabilidad y Finanzas (UZ).<br \/>MIEMBRO del \u00abGrupo de Estudios Sociales y Econ\u00f3micos del Tercer Sector\u00bbreconocido por el Gobierno de Arag\u00f3n.<br \/>Investigador Principal del proyecto de investigaci\u00f3n \u201cSistema Integral de Rendici\u00f3n de Cuentas y Auditor\u00eda de la Responsabilidad Social de las Organizaciones (SIRCARSO)\u00bb MINISTERIO DE EDUCACION Y CIENCIA.<\/div><div><strong>Art\u00edculos relevantes publicados recientemente:<\/strong><br \/>\u201cInformaci\u00f3n sobre responsabilidad social corporativa: situaci\u00f3n y tendencias\u201d, REVISTA ASTURIANA DE ECONOMIA, n\u00ba 34, pp. 43-67, 2005.<br \/>\u201cMecanismos de verificaci\u00f3n de la informaci\u00f3n sobre responsabilidad social corporativa\u201d, PAPELES DE ECONOMIA ESPA\u00d1OLA n\u00ba 108, pp. 75-90, 2006.<br \/>\u201cGRI and the camouflaging of corporate unsustainability\u201d, ACCOUNTING FORUM, Vol. 30, pp. 121-137, 2006.<br \/>\u201cThe corporate stakeholder commitment and social and financial performance\u201d, INDUSTRIAL MANAGEMENT &amp; DATA SYSTEMS, 107, pp.84-102, EMERALD,2007.<br \/>\u201dEnvironmental disclosures and compulsory accounting standards: the case of Spanish Annual Reports\u201d, BUSINESS, STRATEGY AND THE ENVIRONMENT, 16 (1), pp.51-63, 2008.<br \/>MONEVA, J.M., (2007), \u201cInformaci\u00f3n sobre sostenbilidad y su verificaci\u00f3n: An\u00e1lisis y tendencias\u201d, EKONOMIAZ.<br \/>Miembro espa\u00f1ol del SUSTAINABILITY WORKING GROUP (FEDERATION DES EXPERTS COMPTABLES EUROPEENNES (FEE).<br \/>Coordinador COMISION DE RESPONSABILIDAD SOCIAL CORPORATIVA de AECA.\u00a0<br \/><strong>T\u00edtulo del tema a desarrollar:\u00a0\u00a0<\/strong>Investigaci\u00f3n sobre informaci\u00f3n social y medioambiental desde una aproximaci\u00f3n sociopol\u00edtica: algunas evidencias\u00a0<strong><br \/>Idioma a utilizar:\u00a0<\/strong>\u00a0Espa\u00f1ol e Ingl\u00e9s\u00a0<br \/><strong>Idioma en que efectuara sus respuestas:\u00a0\u00a0<\/strong>Espa\u00f1ol<\/div><\/td><\/tr><tr><td colspan=\"2\"><div><p>\u00a0<\/p><p>Ponencia:<\/p><p>LAS UNIDADES DE CARBONO Y LAS NORMAS INTERNACIONALES CONTABLES.<\/p><p><strong><a href=\"https:\/\/www.economicas.uba.ar\/wp-content\/uploads\/2017\/08\/Resumen_Moneva_2010.pdf\" target=\"_blank\" rel=\"noopener\">Ver Resumen<\/a><\/strong><\/p><p><strong><a href=\"https:\/\/www.economicas.uba.ar\/wp-content\/uploads\/2017\/08\/PANELISTA_Moneva_2010.pdf\" target=\"_blank\" rel=\"noopener\">Ver Trabajo<\/a><\/strong><\/p><p>\u00a0<\/p><p>* * * * * * * * * * * * * * * * * * * * * * * * * * * * * * * * * * * * * * * * *<\/p><\/div><\/td><\/tr><\/tbody><\/table><p><strong>Trabajo de los panelistas a\u00f1o 2008<\/strong><\/p><p><strong>\u2013 \u2013 Mario BIONDI\u00a0<\/strong>\u00a0<\/p><p><strong>Ponencia:\u00a0<\/strong>LA NECESARIA IDENTIDAD DE LA \u201cCONTABILIDAD AMBIENTAL Y SOCIAL\u201d<\/p><p><a href=\"https:\/\/www.economicas.uba.ar\/wp-content\/uploads\/2017\/08\/mario_biondi_la_necesaria.pdf\">Ver Ponencia<\/a><\/p><p>\u00a0<\/p><p><strong>\u2013 \u2013 Mar\u00eda Teresa CASPARRI<\/strong><\/p><p><strong>Ponencia:\u00a0<\/strong>Impacto Econ\u00f3mico \u2013 Financiero y Actuarial del Riesgo Clim\u00e1tico en la Argentina<\/p><p><a href=\"https:\/\/www.economicas.uba.ar\/wp-content\/uploads\/2017\/08\/Casparri_Impacto.pdf\">Ver Ponencia<\/a><\/p><p>\u00a0<\/p><p><strong>\u2013 \u2013 Nilson DAUZACKER<\/strong><\/p><p><strong>Ponencia:\u00a0<\/strong>IMPACTO AMBIENTAL Reconocimiento y gesti\u00f3n contable<\/p><p><a href=\"https:\/\/www.economicas.uba.ar\/wp-content\/uploads\/2017\/08\/dauzacker.pdf\">Ver Ponencia<\/a><\/p><p>\u00a0<\/p><p><strong>\u2013 \u2013 Carlos Lu\u00eds GARC\u00cdA CASELLA<\/strong><\/p><p><strong>Ponencia:\u00a0<\/strong>REEMPLAZO DE LOS CONCEPTOS DE RIQUEZA E INGRESO, NO PRIORITARIOS EN LA CONTABILIDAD SOCIAL<\/p><p><a href=\"https:\/\/www.economicas.uba.ar\/wp-content\/uploads\/2017\/08\/Escrito_para_panelista_Foro_Virtual_Casella.pdf\">Ver Ponencia<\/a><\/p><p>\u00a0<\/p><p><strong>\u2013 \u2013 Mariano MONEVA<\/strong><\/p><p>Ponencia: Investigaci\u00f3n sobre informaci\u00f3n social y medioambiental desde una aproximaci\u00f3n sociopol\u00edtica<\/p><p><a href=\"https:\/\/www.economicas.uba.ar\/wp-content\/uploads\/2017\/08\/PanelJMMoneva.pdf\">Ver Ponencia<\/a><\/p><\/div>\n\t\t\t\t\t<\/div><div class=\"eael-accordion-list\">\n\t\t\t\t\t<div id=\"resmenes\" class=\"elementor-tab-title eael-accordion-header\" tabindex=\"0\" data-tab=\"3\" aria-controls=\"elementor-tab-content-2013\"><span class=\"eael-accordion-tab-title\">Res\u00famenes<\/span><span class=\"eael-advanced-accordion-icon-closed\"><i aria-hidden=\"true\" class=\"fa-accordion-icon fas fa-chevron-down\"><\/i><\/span><span class=\"eael-advanced-accordion-icon-opened\"><\/span><\/div><div id=\"elementor-tab-content-2013\" class=\"eael-accordion-content clearfix\" data-tab=\"3\" aria-labelledby=\"resmenes\"><h5><a href=\"https:\/\/www.economicas.uba.ar\/investigacion\/wp-content\/uploads\/RESUMENES-Y-TRABAJOS-DEL-FORO-2010.pdf\">RES\u00daMENES Y TRABAJOS DEL FORO 2010<\/a><\/h5><h5><a href=\"https:\/\/www.economicas.uba.ar\/investigacion\/wp-content\/uploads\/RESUMENES-Y-TRABAJOS-DEL-FORO-2008.pdf\">RES\u00daMENES Y TRABAJOS DEL FORO 2008<\/a><\/h5><h6 class=\"Estilo4\"><br \/><br \/><\/h6><\/div>\n\t\t\t\t\t<\/div><div class=\"eael-accordion-list\">\n\t\t\t\t\t<div id=\"cmo-participar\" class=\"elementor-tab-title eael-accordion-header\" tabindex=\"0\" data-tab=\"4\" aria-controls=\"elementor-tab-content-2014\"><span class=\"eael-accordion-tab-title\">C\u00f3mo participar<\/span><span class=\"eael-advanced-accordion-icon-closed\"><i aria-hidden=\"true\" class=\"fa-accordion-icon fas fa-chevron-down\"><\/i><\/span><span class=\"eael-advanced-accordion-icon-opened\"><\/span><\/div><div id=\"elementor-tab-content-2014\" class=\"eael-accordion-content clearfix\" data-tab=\"4\" aria-labelledby=\"cmo-participar\"><h3><strong>\u00bfC\u00f3mo puede ser su participaci\u00f3n?<\/strong><\/h3><p>Consultas: luisa.fronti@yahoo.com.ar<\/p><p><strong><a href=\"https:\/\/www.economicas.uba.ar\/institutos_y_centros\/como-participar-foro-virtual-de-contabilidad-ambiental-y-social\/FORO%20VIRTUAL%201%20AVISO.pdf\" target=\"_blank\" rel=\"noopener\">Primer Aviso Foro Virtual<\/a><\/strong><\/p><\/div>\n\t\t\t\t\t<\/div><div class=\"eael-accordion-list\">\n\t\t\t\t\t<div id=\"preguntas-y-respuestas\" class=\"elementor-tab-title eael-accordion-header\" tabindex=\"0\" data-tab=\"5\" aria-controls=\"elementor-tab-content-2015\"><span class=\"eael-accordion-tab-title\">Preguntas y Respuestas<\/span><span class=\"eael-advanced-accordion-icon-closed\"><i aria-hidden=\"true\" class=\"fa-accordion-icon fas fa-chevron-down\"><\/i><\/span><span class=\"eael-advanced-accordion-icon-opened\"><\/span><\/div><div id=\"elementor-tab-content-2015\" class=\"eael-accordion-content clearfix\" data-tab=\"5\" aria-labelledby=\"preguntas-y-respuestas\"><p><em><strong>Preguntas a Panelistas<\/strong><\/em><\/p><p><a href=\"https:\/\/www.economicas.uba.ar\/institutos_y_centros\/6720\/\">Foro 2008<\/a><\/p><p><a href=\"https:\/\/www.economicas.uba.ar\/investigacion\/wp-content\/uploads\/Foro-2010.pdf\">Foro 2010<\/a><\/p><p><em><strong>Preguntas a Autores<\/strong><\/em><\/p><p><a href=\"https:\/\/www.economicas.uba.ar\/investigacion\/wp-content\/uploads\/Foro-2008-Autores.pdf\">Foro 2008<\/a><\/p><p><a href=\"https:\/\/www.economicas.uba.ar\/institutos_y_centros\/foro-virtual-de-contabilidad-ambiental-y-social\/\">Foro 2010<\/a><\/p><\/div>\n\t\t\t\t\t<\/div><\/div>\t\t\t\t<\/div>\n\t\t\t\t<\/div>\n\t\t\t\t\t<\/div>\n\t\t\t\t<\/div>\n\t\t<div class=\"elementor-element elementor-element-49abd3d9 e-flex e-con-boxed e-con e-parent\" data-id=\"49abd3d9\" data-element_type=\"container\" data-e-type=\"container\">\n\t\t\t\t\t<div class=\"e-con-inner\">\n\t\t\t\t<div class=\"elementor-element elementor-element-4db01974 elementor-widget elementor-widget-spacer\" data-id=\"4db01974\" data-element_type=\"widget\" data-e-type=\"widget\" data-widget_type=\"spacer.default\">\n\t\t\t\t<div class=\"elementor-widget-container\">\n\t\t\t\t\t\t\t<div class=\"elementor-spacer\">\n\t\t\t<div class=\"elementor-spacer-inner\"><\/div>\n\t\t<\/div>\n\t\t\t\t\t\t<\/div>\n\t\t\t\t<\/div>\n\t\t\t\t\t<\/div>\n\t\t\t\t<\/div>\n\t\t\t\t<\/div>\n\t\t","protected":false},"excerpt":{"rendered":"<p>CECONTA Foro Virtual de Contabilidad Ambiental y Social El\u00a0Foro Virtual de Contabilidad Ambiental y Social\u00a0tiene por objetivo intercambiar informaci\u00f3n sobre investigaciones en\u00a0CONTABILIDAD AMBIENTAL Y SOCIAL\u00a0sin efectuar desplazamiento f\u00edsico de las<\/p>\n","protected":false},"author":14,"featured_media":0,"parent":1392,"menu_order":0,"comment_status":"closed","ping_status":"closed","template":"elementor_header_footer","meta":{"footnotes":""},"class_list":["post-2034","page","type-page","status-publish","hentry"],"yoast_head":"<!-- This site is optimized with the Yoast SEO plugin v28.4 - https:\/\/yoast.com\/product\/yoast-seo-wordpress\/ -->\n<title>contabilidad ambiental y nacional - Investigaci\u00f3n<\/title>\n<meta name=\"robots\" content=\"index, follow, max-snippet:-1, max-image-preview:large, max-video-preview:-1\" \/>\n<link rel=\"canonical\" href=\"https:\/\/www.economicas.uba.ar\/investigacion\/institutos-y-centros\/ceconta\/contabilidad-ambiental-y-nacional\/\" \/>\n<meta property=\"og:locale\" content=\"es_ES\" \/>\n<meta property=\"og:type\" content=\"article\" \/>\n<meta property=\"og:title\" content=\"contabilidad ambiental y nacional - Investigaci\u00f3n\" \/>\n<meta property=\"og:description\" content=\"CECONTA Foro Virtual de Contabilidad Ambiental y Social El\u00a0Foro Virtual de Contabilidad Ambiental y Social\u00a0tiene por objetivo intercambiar informaci\u00f3n sobre investigaciones en\u00a0CONTABILIDAD AMBIENTAL Y SOCIAL\u00a0sin efectuar desplazamiento f\u00edsico de las\" \/>\n<meta property=\"og:url\" content=\"https:\/\/www.economicas.uba.ar\/investigacion\/institutos-y-centros\/ceconta\/contabilidad-ambiental-y-nacional\/\" \/>\n<meta property=\"og:site_name\" content=\"Investigaci\u00f3n\" \/>\n<meta property=\"article:modified_time\" content=\"2025-03-19T15:35:19+00:00\" \/>\n<meta property=\"og:image\" content=\"https:\/\/www.economicas.uba.ar\/institutos_y_centros\/comite-foro-virtual-de-contabilidad-social-y-ambiental\/images\/biondi.png\" \/>\n<meta name=\"twitter:card\" content=\"summary_large_image\" \/>\n<meta name=\"twitter:label1\" content=\"Tiempo de lectura\" \/>\n\t<meta name=\"twitter:data1\" content=\"9 minutos\" \/>\n<script type=\"application\/ld+json\" class=\"yoast-schema-graph\">{\"@context\":\"https:\\\/\\\/schema.org\",\"@graph\":[{\"@type\":\"WebPage\",\"@id\":\"https:\\\/\\\/www.economicas.uba.ar\\\/investigacion\\\/institutos-y-centros\\\/ceconta\\\/contabilidad-ambiental-y-nacional\\\/\",\"url\":\"https:\\\/\\\/www.economicas.uba.ar\\\/investigacion\\\/institutos-y-centros\\\/ceconta\\\/contabilidad-ambiental-y-nacional\\\/\",\"name\":\"contabilidad ambiental y nacional - Investigaci\u00f3n\",\"isPartOf\":{\"@id\":\"https:\\\/\\\/www.economicas.uba.ar\\\/investigacion\\\/#website\"},\"primaryImageOfPage\":{\"@id\":\"https:\\\/\\\/www.economicas.uba.ar\\\/investigacion\\\/institutos-y-centros\\\/ceconta\\\/contabilidad-ambiental-y-nacional\\\/#primaryimage\"},\"image\":{\"@id\":\"https:\\\/\\\/www.economicas.uba.ar\\\/investigacion\\\/institutos-y-centros\\\/ceconta\\\/contabilidad-ambiental-y-nacional\\\/#primaryimage\"},\"thumbnailUrl\":\"https:\\\/\\\/www.economicas.uba.ar\\\/institutos_y_centros\\\/comite-foro-virtual-de-contabilidad-social-y-ambiental\\\/images\\\/biondi.png\",\"datePublished\":\"2023-08-30T12:12:21+00:00\",\"dateModified\":\"2025-03-19T15:35:19+00:00\",\"breadcrumb\":{\"@id\":\"https:\\\/\\\/www.economicas.uba.ar\\\/investigacion\\\/institutos-y-centros\\\/ceconta\\\/contabilidad-ambiental-y-nacional\\\/#breadcrumb\"},\"inLanguage\":\"es-AR\",\"potentialAction\":[{\"@type\":\"ReadAction\",\"target\":[\"https:\\\/\\\/www.economicas.uba.ar\\\/investigacion\\\/institutos-y-centros\\\/ceconta\\\/contabilidad-ambiental-y-nacional\\\/\"]}]},{\"@type\":\"ImageObject\",\"inLanguage\":\"es-AR\",\"@id\":\"https:\\\/\\\/www.economicas.uba.ar\\\/investigacion\\\/institutos-y-centros\\\/ceconta\\\/contabilidad-ambiental-y-nacional\\\/#primaryimage\",\"url\":\"https:\\\/\\\/www.economicas.uba.ar\\\/institutos_y_centros\\\/comite-foro-virtual-de-contabilidad-social-y-ambiental\\\/images\\\/biondi.png\",\"contentUrl\":\"https:\\\/\\\/www.economicas.uba.ar\\\/institutos_y_centros\\\/comite-foro-virtual-de-contabilidad-social-y-ambiental\\\/images\\\/biondi.png\"},{\"@type\":\"BreadcrumbList\",\"@id\":\"https:\\\/\\\/www.economicas.uba.ar\\\/investigacion\\\/institutos-y-centros\\\/ceconta\\\/contabilidad-ambiental-y-nacional\\\/#breadcrumb\",\"itemListElement\":[{\"@type\":\"ListItem\",\"position\":1,\"name\":\"Inicio\",\"item\":\"https:\\\/\\\/www.economicas.uba.ar\\\/investigacion\\\/\"},{\"@type\":\"ListItem\",\"position\":2,\"name\":\"Institutos y centros\",\"item\":\"https:\\\/\\\/www.economicas.uba.ar\\\/investigacion\\\/institutos-y-centros\\\/\"},{\"@type\":\"ListItem\",\"position\":3,\"name\":\"CECONTA\",\"item\":\"https:\\\/\\\/www.economicas.uba.ar\\\/investigacion\\\/institutos-y-centros\\\/ceconta\\\/\"},{\"@type\":\"ListItem\",\"position\":4,\"name\":\"contabilidad ambiental y nacional\"}]},{\"@type\":\"WebSite\",\"@id\":\"https:\\\/\\\/www.economicas.uba.ar\\\/investigacion\\\/#website\",\"url\":\"https:\\\/\\\/www.economicas.uba.ar\\\/investigacion\\\/\",\"name\":\"Investigaci\u00f3n FCE\",\"description\":\"\",\"publisher\":{\"@id\":\"https:\\\/\\\/www.economicas.uba.ar\\\/investigacion\\\/#organization\"},\"potentialAction\":[{\"@type\":\"SearchAction\",\"target\":{\"@type\":\"EntryPoint\",\"urlTemplate\":\"https:\\\/\\\/www.economicas.uba.ar\\\/investigacion\\\/?s={search_term_string}\"},\"query-input\":{\"@type\":\"PropertyValueSpecification\",\"valueRequired\":true,\"valueName\":\"search_term_string\"}}],\"inLanguage\":\"es-AR\"},{\"@type\":\"Organization\",\"@id\":\"https:\\\/\\\/www.economicas.uba.ar\\\/investigacion\\\/#organization\",\"name\":\"Investigaci\u00f3n FCE\",\"url\":\"https:\\\/\\\/www.economicas.uba.ar\\\/investigacion\\\/\",\"logo\":{\"@type\":\"ImageObject\",\"inLanguage\":\"es-AR\",\"@id\":\"https:\\\/\\\/www.economicas.uba.ar\\\/investigacion\\\/#\\\/schema\\\/logo\\\/image\\\/\",\"url\":\"https:\\\/\\\/www.economicas.uba.ar\\\/investigacion\\\/wp-content\\\/uploads\\\/logo_2023.png\",\"contentUrl\":\"https:\\\/\\\/www.economicas.uba.ar\\\/investigacion\\\/wp-content\\\/uploads\\\/logo_2023.png\",\"width\":292,\"height\":81,\"caption\":\"Investigaci\u00f3n FCE\"},\"image\":{\"@id\":\"https:\\\/\\\/www.economicas.uba.ar\\\/investigacion\\\/#\\\/schema\\\/logo\\\/image\\\/\"}}]}<\/script>\n<!-- \/ Yoast SEO plugin. -->","yoast_head_json":{"title":"contabilidad ambiental y nacional - Investigaci\u00f3n","robots":{"index":"index","follow":"follow","max-snippet":"max-snippet:-1","max-image-preview":"max-image-preview:large","max-video-preview":"max-video-preview:-1"},"canonical":"https:\/\/www.economicas.uba.ar\/investigacion\/institutos-y-centros\/ceconta\/contabilidad-ambiental-y-nacional\/","og_locale":"es_ES","og_type":"article","og_title":"contabilidad ambiental y nacional - Investigaci\u00f3n","og_description":"CECONTA Foro Virtual de Contabilidad Ambiental y Social El\u00a0Foro Virtual de Contabilidad Ambiental y Social\u00a0tiene por objetivo intercambiar informaci\u00f3n sobre investigaciones en\u00a0CONTABILIDAD AMBIENTAL Y SOCIAL\u00a0sin efectuar desplazamiento f\u00edsico de las","og_url":"https:\/\/www.economicas.uba.ar\/investigacion\/institutos-y-centros\/ceconta\/contabilidad-ambiental-y-nacional\/","og_site_name":"Investigaci\u00f3n","article_modified_time":"2025-03-19T15:35:19+00:00","og_image":[{"url":"https:\/\/www.economicas.uba.ar\/institutos_y_centros\/comite-foro-virtual-de-contabilidad-social-y-ambiental\/images\/biondi.png","type":"","width":"","height":""}],"twitter_card":"summary_large_image","twitter_misc":{"Tiempo de lectura":"9 minutos"},"schema":{"@context":"https:\/\/schema.org","@graph":[{"@type":"WebPage","@id":"https:\/\/www.economicas.uba.ar\/investigacion\/institutos-y-centros\/ceconta\/contabilidad-ambiental-y-nacional\/","url":"https:\/\/www.economicas.uba.ar\/investigacion\/institutos-y-centros\/ceconta\/contabilidad-ambiental-y-nacional\/","name":"contabilidad ambiental y nacional - Investigaci\u00f3n","isPartOf":{"@id":"https:\/\/www.economicas.uba.ar\/investigacion\/#website"},"primaryImageOfPage":{"@id":"https:\/\/www.economicas.uba.ar\/investigacion\/institutos-y-centros\/ceconta\/contabilidad-ambiental-y-nacional\/#primaryimage"},"image":{"@id":"https:\/\/www.economicas.uba.ar\/investigacion\/institutos-y-centros\/ceconta\/contabilidad-ambiental-y-nacional\/#primaryimage"},"thumbnailUrl":"https:\/\/www.economicas.uba.ar\/institutos_y_centros\/comite-foro-virtual-de-contabilidad-social-y-ambiental\/images\/biondi.png","datePublished":"2023-08-30T12:12:21+00:00","dateModified":"2025-03-19T15:35:19+00:00","breadcrumb":{"@id":"https:\/\/www.economicas.uba.ar\/investigacion\/institutos-y-centros\/ceconta\/contabilidad-ambiental-y-nacional\/#breadcrumb"},"inLanguage":"es-AR","potentialAction":[{"@type":"ReadAction","target":["https:\/\/www.economicas.uba.ar\/investigacion\/institutos-y-centros\/ceconta\/contabilidad-ambiental-y-nacional\/"]}]},{"@type":"ImageObject","inLanguage":"es-AR","@id":"https:\/\/www.economicas.uba.ar\/investigacion\/institutos-y-centros\/ceconta\/contabilidad-ambiental-y-nacional\/#primaryimage","url":"https:\/\/www.economicas.uba.ar\/institutos_y_centros\/comite-foro-virtual-de-contabilidad-social-y-ambiental\/images\/biondi.png","contentUrl":"https:\/\/www.economicas.uba.ar\/institutos_y_centros\/comite-foro-virtual-de-contabilidad-social-y-ambiental\/images\/biondi.png"},{"@type":"BreadcrumbList","@id":"https:\/\/www.economicas.uba.ar\/investigacion\/institutos-y-centros\/ceconta\/contabilidad-ambiental-y-nacional\/#breadcrumb","itemListElement":[{"@type":"ListItem","position":1,"name":"Inicio","item":"https:\/\/www.economicas.uba.ar\/investigacion\/"},{"@type":"ListItem","position":2,"name":"Institutos y centros","item":"https:\/\/www.economicas.uba.ar\/investigacion\/institutos-y-centros\/"},{"@type":"ListItem","position":3,"name":"CECONTA","item":"https:\/\/www.economicas.uba.ar\/investigacion\/institutos-y-centros\/ceconta\/"},{"@type":"ListItem","position":4,"name":"contabilidad ambiental y nacional"}]},{"@type":"WebSite","@id":"https:\/\/www.economicas.uba.ar\/investigacion\/#website","url":"https:\/\/www.economicas.uba.ar\/investigacion\/","name":"Investigaci\u00f3n FCE","description":"","publisher":{"@id":"https:\/\/www.economicas.uba.ar\/investigacion\/#organization"},"potentialAction":[{"@type":"SearchAction","target":{"@type":"EntryPoint","urlTemplate":"https:\/\/www.economicas.uba.ar\/investigacion\/?s={search_term_string}"},"query-input":{"@type":"PropertyValueSpecification","valueRequired":true,"valueName":"search_term_string"}}],"inLanguage":"es-AR"},{"@type":"Organization","@id":"https:\/\/www.economicas.uba.ar\/investigacion\/#organization","name":"Investigaci\u00f3n FCE","url":"https:\/\/www.economicas.uba.ar\/investigacion\/","logo":{"@type":"ImageObject","inLanguage":"es-AR","@id":"https:\/\/www.economicas.uba.ar\/investigacion\/#\/schema\/logo\/image\/","url":"https:\/\/www.economicas.uba.ar\/investigacion\/wp-content\/uploads\/logo_2023.png","contentUrl":"https:\/\/www.economicas.uba.ar\/investigacion\/wp-content\/uploads\/logo_2023.png","width":292,"height":81,"caption":"Investigaci\u00f3n FCE"},"image":{"@id":"https:\/\/www.economicas.uba.ar\/investigacion\/#\/schema\/logo\/image\/"}}]}},"_links":{"self":[{"href":"https:\/\/www.economicas.uba.ar\/investigacion\/wp-json\/wp\/v2\/pages\/2034","targetHints":{"allow":["GET"]}}],"collection":[{"href":"https:\/\/www.economicas.uba.ar\/investigacion\/wp-json\/wp\/v2\/pages"}],"about":[{"href":"https:\/\/www.economicas.uba.ar\/investigacion\/wp-json\/wp\/v2\/types\/page"}],"author":[{"embeddable":true,"href":"https:\/\/www.economicas.uba.ar\/investigacion\/wp-json\/wp\/v2\/users\/14"}],"replies":[{"embeddable":true,"href":"https:\/\/www.economicas.uba.ar\/investigacion\/wp-json\/wp\/v2\/comments?post=2034"}],"version-history":[{"count":10,"href":"https:\/\/www.economicas.uba.ar\/investigacion\/wp-json\/wp\/v2\/pages\/2034\/revisions"}],"predecessor-version":[{"id":4990,"href":"https:\/\/www.economicas.uba.ar\/investigacion\/wp-json\/wp\/v2\/pages\/2034\/revisions\/4990"}],"up":[{"embeddable":true,"href":"https:\/\/www.economicas.uba.ar\/investigacion\/wp-json\/wp\/v2\/pages\/1392"}],"wp:attachment":[{"href":"https:\/\/www.economicas.uba.ar\/investigacion\/wp-json\/wp\/v2\/media?parent=2034"}],"curies":[{"name":"wp","href":"https:\/\/api.w.org\/{rel}","templated":true}]}}