{"id":2173,"date":"2023-08-31T11:52:17","date_gmt":"2023-08-31T14:52:17","guid":{"rendered":"https:\/\/www.economicas.uba.ar\/investigacion\/?page_id=2173"},"modified":"2023-08-31T11:54:48","modified_gmt":"2023-08-31T14:54:48","slug":"documentos","status":"publish","type":"page","link":"https:\/\/www.economicas.uba.ar\/investigacion\/institutos-y-centros\/cesot\/documentos\/","title":{"rendered":"documentos"},"content":{"rendered":"\t\t<div data-elementor-type=\"wp-page\" data-elementor-id=\"2173\" class=\"elementor elementor-2173\" data-elementor-post-type=\"page\">\n\t\t\t\t<div class=\"elementor-element elementor-element-442f3d0d e-con-full e-flex e-con e-parent\" data-id=\"442f3d0d\" data-element_type=\"container\" data-e-type=\"container\" data-settings=\"{&quot;background_background&quot;:&quot;classic&quot;}\">\n\t\t<div class=\"elementor-element elementor-element-56ba770a e-flex e-con-boxed e-con e-parent\" data-id=\"56ba770a\" data-element_type=\"container\" data-e-type=\"container\">\n\t\t\t\t\t<div class=\"e-con-inner\">\n\t\t\t\t\t<\/div>\n\t\t\t\t<\/div>\n\t\t<div class=\"elementor-element elementor-element-315e7aae e-flex e-con-boxed e-con e-parent\" data-id=\"315e7aae\" data-element_type=\"container\" data-e-type=\"container\">\n\t\t\t\t\t<div class=\"e-con-inner\">\n\t\t\t\t<div class=\"elementor-element elementor-element-3431a0ee elementor-widget elementor-widget-heading\" data-id=\"3431a0ee\" data-element_type=\"widget\" data-e-type=\"widget\" data-widget_type=\"heading.default\">\n\t\t\t\t<div class=\"elementor-widget-container\">\n\t\t\t\t\t<h2 class=\"elementor-heading-title elementor-size-default\">CESOT<\/h2>\t\t\t\t<\/div>\n\t\t\t\t<\/div>\n\t\t\t\t\t<\/div>\n\t\t\t\t<\/div>\n\t\t\t\t<\/div>\n\t\t<div class=\"elementor-element elementor-element-785d0a7c e-flex e-con-boxed e-con e-parent\" data-id=\"785d0a7c\" data-element_type=\"container\" data-e-type=\"container\">\n\t\t\t\t\t<div class=\"e-con-inner\">\n\t\t\t\t<div class=\"elementor-element elementor-element-7804597d elementor-widget elementor-widget-eael-adv-accordion\" data-id=\"7804597d\" data-element_type=\"widget\" data-e-type=\"widget\" data-widget_type=\"eael-adv-accordion.default\">\n\t\t\t\t<div class=\"elementor-widget-container\">\n\t\t\t\t\t            <div class=\"eael-adv-accordion\" id=\"eael-adv-accordion-7804597d\" data-scroll-on-click=\"no\" data-scroll-speed=\"300\" data-accordion-id=\"7804597d\" data-accordion-type=\"accordion\" data-toogle-speed=\"300\">\n            <div class=\"eael-accordion-list\">\n\t\t\t\t\t<div id=\"documentos-cesot\" class=\"elementor-tab-title eael-accordion-header active-default\" tabindex=\"0\" data-tab=\"1\" aria-controls=\"elementor-tab-content-2011\"><span class=\"eael-accordion-tab-title\">Documentos - CESOT<\/span><span class=\"eael-advanced-accordion-icon-closed\"><i aria-hidden=\"true\" class=\"fa-accordion-icon fas fa-chevron-down\"><\/i><\/span><span class=\"eael-advanced-accordion-icon-opened\"><\/span><\/div><div id=\"elementor-tab-content-2011\" class=\"eael-accordion-content clearfix active-default\" data-tab=\"1\" aria-labelledby=\"documentos-cesot\"><div><b>DOCUMENTOS DEL CENTRO DE ESTUDIOS DE SOCIOLOG\u00cdA DEL TRABAJO<\/b><p>\u00a0<\/p><p>ISSN 1666 \u2013 4892 (documentos en l\u00ednea)<br \/>ISSN 1666 \u2013 4884 (documentos edici\u00f3n impresa)<\/p><h5><strong><a href=\"http:\/\/bibliotecadigital.econ.uba.ar\/library.cgi?c=docin&amp;a=d&amp;cl=CL1&amp;cl=CL6.3\" target=\"_blank\" rel=\"noopener\">ACCESO A LA VERSI\u00d3N DIGITAL DE LOS DOCUMENTOS<\/a><\/strong><\/h5><\/div><div><p><strong>N\u00daMERO 92.\u00a0<\/strong><strong><a href=\"https:\/\/www.economicas.uba.ar\/wp-content\/uploads\/2016\/04\/DT-92-1.pdf\">PROGRAMAS Y CONTENIDOS\u00a0DE LAS CARRERAS DE ABOGAC\u00cdA Y CONTADOR P\u00daBLICO EN LAS UNIVERSIDADES NACIONALES.<\/a><\/strong><\/p><p>El documento ha sido desarrollado en el marco del proyecto conducido por la Universidad<br \/>Nacional de La Pampa para la implementaci\u00f3n de la normativa del Ministerio de Educaci\u00f3n sobre inclusi\u00f3n de contenidos sobre cooperativas y mutuales en las carreras de Abogac\u00eda y Contador p\u00fablico.<\/p><p><strong>N\u00daMERO 91.\u00a0<a href=\"https:\/\/drive.google.com\/file\/d\/1TZVIFpb-WJhGNnqX-Cgxfrzl8jfA__V_\/view?usp=sharing\">ACTAS DEL\u00a0 X ENCUENTRO LATINOAMERICANO DE INVESTIGADORES EN COOPERATIVISMO: \u201cLAS COOPERATIVAS COMO CONSTRUCTORAS DE \u00a0INCLUSI\u00d3N<\/a><\/strong>.\u00a0<strong>Red Latinoamericana de Investigadores en Cooperativismo \u2013 octubre 2018<\/strong><\/p><p>Este documento es el resultado de un encuentro acad\u00e9mico multidisciplinario promovido por la Red Latinoamericana de Investigadores en Cooperativismo (CCR \u2013 Alianza Cooperativa Internacional). Su inter\u00e9s radica en mostrar algunos de los resultados de investigaci\u00f3n en el tema y compartir informaciones que permitan esclarecer los espacios a recorrer por estudios posteriores y mostrar nuevas l\u00edneas de trabajo. El prop\u00f3sito es estimular nuevos v\u00ednculos de colaboraci\u00f3n entre investigadores y fortalecer las relaciones entre el \u00e1mbito cooperativo y el \u00e1mbito acad\u00e9mico.<\/p><p><strong>N\u00daMERO 90.\u00a0<a href=\"http:\/\/bibliotecadigital.econ.uba.ar\/?c=docin&amp;a=d&amp;d=docin_cesot_090\">SUBEMPLEO ESTRUCTURAL Y SEMIPROLETARIZACI\u00d3N EN UNA PERSPECTIVA DE MEDIANA DURACI\u00d3N<\/a>.\u00a0P\u00e1ez, Alexander;\u00a0S\u00e1ez, Benjam\u00edn \u2013 octubre 2018.<\/strong><\/p><p>El art\u00edculo es un estudio hist\u00f3rico-estad\u00edstico sobre la inserci\u00f3n a la producci\u00f3n remunerada de ingresos por parte de la fuerza de trabajo, para el per\u00edodo de 1990 \u2013 2016 en Chile. El \u00e9nfasis est\u00e1 dado en una perspectiva cr\u00edtica que busca comprender e interpretar sist\u00e9mica las series de datos de indicadores cl\u00e1sicos de inserci\u00f3n laboral y otros de orden m\u00e1s reciente como el subempleo, as\u00ed como una profundizaci\u00f3n emp\u00edrica en los datos de horas de trabajo, tanto a nivel de jornadas de trabajo como de din\u00e1micas de la masa horaria anual.<\/p><p><strong>N\u00daMERO 89.\u00a0<a href=\"http:\/\/bibliotecadigital.econ.uba.ar\/?c=docin&amp;a=d&amp;d=docin_cesot_089\">CAT\u00c1LOGO DE RES\u00daMENES\u00a0DE PONENCIAS:\u00a0X ENCUENTRO DE INVESTIGADORES\u00a0LATINOAMERICANOS EN COOPERATIVISMO<\/a><\/strong>.\u00a0<strong>Red Latinoamericana de Investigadores en Cooperativismo \u2013 agosto 2018<\/strong><\/p><p>El cat\u00e1logo contiene los res\u00famenes de ponencias presentadas en el X Encuentro de Investigadores Latinoamericanos en Cooperativismo realizado en la Facultad de Ciencias Econ\u00f3micas de la Universidad de Buenos Aires el 2 y 3 de agosto de 2018. La tem\u00e1tica central de la convocatoria, \u201cLas cooperativas como constructoras de inclusi\u00f3n\u201d, adquiere significativa importancia para la investigaci\u00f3n de aquellas iniciativas en que las cooperativas intervienen.<\/p><p><strong>N\u00daMERO 88.\u00a0<a href=\"http:\/\/bibliotecadigital.econ.uba.ar\/?c=docin&amp;a=d&amp;d=docin_cesot_088\">GLOSARIO DE T\u00c9RMINOS SOBRE COOPERATIVAS<\/a>.\u00a0Sanchez Bajo, Claudia \u2013 agosto 2018<\/strong><\/p><div class=\"page\"><div class=\"layoutArea\"><div class=\"column\"><p>El glosario de t\u00e9rminos sobre cooperativas castellano \u2014 ingl\u00e9s \u2013 franc\u00e9s ha sido preparado para el X Encuentro de la Red Latinoamericana de Investigadores en Cooperativismo. Se espera ampliarlo posteriormente y cubre un vac\u00edo en este tipo de textos de referencia para quienes deben escribir en varios idiomas.<\/p><\/div><\/div><\/div><p><strong>N\u00daMERO 87.\u00a0<a href=\"http:\/\/bibliotecadigital.econ.uba.ar\/?c=docin&amp;a=d&amp;d=docin_cesot_087\" target=\"_blank\" rel=\"noopener\">TRAYECTORIAS EN LA INDUSTRIA GR\u00c1FICA: ENTRE EL SINDICATO Y LA VIDA PERSONAL.\u00a0<\/a>Mica\u00eblla Moran \u2013 diciembre de 2014<\/strong><\/p><p>El documento reconstruye las trayectorias relatadas por Alicia Fondevila -primera mujer que lleg\u00f3 a la conducci\u00f3n de un gremio a nivel nacional- y Margarita Gonz\u00e1lez, en particular sus experiencias en el sindicalismo argentino desde 1945. Los testimonios fueron recogidos en entrevistas realizadas por Mica\u00eblla Moran.<\/p><p><strong>N\u00daMERO 86.\u00a0<a href=\"http:\/\/bibliotecadigital.econ.uba.ar\/?c=docin&amp;a=d&amp;d=docin_cesot_086\" target=\"_blank\" rel=\"noopener\">EL DERECHO COOPERATIVO EN PERSPECTIVA INTERNACIONAL COMPARADA: AM\u00c9RICA LATINA Y EL MERCOSUR<\/a>. Dante Cracogna<\/strong>\u00a0\u2013 septiembre de 2014<\/p><\/div><p class=\"rtejustify\">El documento consigna la presentaci\u00f3n realizada por el Dr. Dante Cracogna del libro\u00a0<em>International Handbook of Cooperative Law<\/em>, editado por Dante Cracogna, Antonio Fici y Hagen Henr\u00ff (Edit. Springer, 2013). La exposici\u00f3n tuvo lugar en la Facultad de Ciencias Econ\u00f3micas de la Universidad de Buenos Aires el 26 de mayo de 2014.<\/p><p class=\"rtejustify\"><strong>N\u00daMERO\u00a085.\u00a0\u00a0<a href=\"http:\/\/bibliotecadigital.econ.uba.ar\/?c=docin&amp;a=d&amp;d=docin_cesot_085\" target=\"_blank\" rel=\"noopener\">LA ECONOM\u00cdA SOCIAL Y SOLIDARIA EN AM\u00c9RICA DEL SUR: LA CONSTRUCCI\u00d3N DE UN NUEVO MODELO DE POL\u00cdTICA SOCIAL<\/a>. Maria Eugenia Castelao Caruana y Cynthia Cecilia Srnec \u2013<\/strong>\u00a0junio de 2014<\/p><p class=\"rtejustify\">El documento analiza las caracter\u00edsticas sustantivas y normativas de las pol\u00edticas p\u00fablicas que involucran a la econom\u00eda social y solidaria implementadas en Am\u00e9rica del Sur durante la d\u00e9cada del 2000 con el objetivo de favorecer la inclusi\u00f3n social y generar empleo. El an\u00e1lisis permite plantear una reflexi\u00f3n sobre las perspectivas y potencialidades de la intervenci\u00f3n p\u00fablica en torno a la ESyS en materia de pol\u00edtica social en la regi\u00f3n y destacar las limitaciones que estas pol\u00edticas enfrentaron en el per\u00edodo analizado.<\/p><p class=\"rtejustify\"><strong>N\u00daMERO 84.\u00a0<a href=\"http:\/\/bibliotecadigital.econ.uba.ar\/?c=docin&amp;a=d&amp;d=docin_cesot_084\" target=\"_blank\" rel=\"noopener\">CREAR SOCIEDAD: LA ELECCI\u00d3N DE LAS COOPERATIVAS. LA MANUFACTURE COOP\u00c9RATIVE -MANUCOOP<\/a>\u2013<\/strong>marzo\u00a0de 2014<\/p><p class=\"rtejustify\">El documento hace referencia a la f\u00f3rmula \u201ccooperativa de actividades y de empleo\u201d en Francia. Presenta algunas reflexiones planteadas en el libro editado por La Manufacture Coop\u00e9rative\u00a0<em>Faire soci\u00e9t\u00e9: le choix des coop\u00e9ratives<\/em>\u00a0(2014). La obra fue publicada bas\u00e1ndose en los debates realizados durante el coloquio: \u201cLa transici\u00f3n a la cooperativa\/cooperativas en transici\u00f3n\u201d. El coloquio fue organizado por Oxalis, Coopaname y Ladyss \u2013 Universit\u00e9 Par\u00eds VII Denis Diderot, y reuni\u00f3 en diciembre de 2013 a investigadores y actores de la econom\u00eda social de Francia, Grecia y Argentina quienes desarrollaron ricos intercambios en torno al tema de la cooperaci\u00f3n.<\/p><p><strong>N\u00daMERO 83.\u00a0<a href=\"http:\/\/bibliotecadigital.econ.uba.ar\/?c=docin&amp;a=d&amp;d=docin_cesot_083\" target=\"_blank\" rel=\"noopener\">COMPRENDER A LAS COOPERATIVAS A TRAV\u00c9S DE LA INVESTIGACI\u00d3N<\/a>. Mesa redonda\u00a0<\/strong>\u2013 diciembre de 2013\u00a0<\/p><p class=\"rtejustify\">El documento reproduce las intervenciones realizadas por los panelistas Mario Lattuada, Juan Mauricio Renold, Andr\u00e9s Ruggeri y Mirta Vuotto en la mesa redonda \u201cComprender a las cooperativas a trav\u00e9s de la investigaci\u00f3n\u201d. \u00a0La mesa fue realizada en el marco de las actividades del 7<sup>mo<\/sup>\u00a0Congreso Internacional de Econom\u00eda y Gesti\u00f3n \u201cECON- 2013\u201d.<\/p><p><strong>N\u00daMERO 82.\u00a0<a href=\"http:\/\/bibliotecadigital.econ.uba.ar\/?c=docin&amp;a=d&amp;d=docin_cesot_082\" target=\"_blank\" rel=\"noopener\">UNA BIBLIOGRAF\u00cdA COMENTADA SOBRE EL CONCEPTO EMPODERAMIENTO<\/a><\/strong><strong>.<\/strong>\u00a0<strong>Emilien Gruet\u00a0<\/strong><strong>\u2013<\/strong>\u00a0septiembre de 2013<\/p><p class=\"rtejustify\">El texto forma parte de la publicaci\u00f3n\u00a0<em>An annotated bibliography of the new governance Concepts.\u00a0<\/em>Examina el concepto de empoderamiento a la luz de los escritos que responden a tres cuestiones principales: \u00bfQu\u00e9 se entiende por empoderamiento y de d\u00f3nde proviene el concepto? ; \u00bfPor qu\u00e9 es central a nuestra sociedad? ; \u00bfC\u00f3mo puede ser llevado a la pr\u00e1ctica?<\/p><p><strong>N\u00daMERO 81.<a href=\"http:\/\/bibliotecadigital.econ.uba.ar\/?c=docin&amp;a=d&amp;d=docin_cesot_081\" target=\"_blank\" rel=\"noopener\">\u00a0LA INVESTIGACI\u00d3N EN COOPERATIVISMO EN INSTITUCIONES UNIVERSITARIAS ARGENTINAS<\/a>. Mirta Vuotto, Griselda Verbeke y Mar\u00eda Cristina Acosta \u2013\u00a0<\/strong>junio de 2013<\/p><p class=\"rtejustify\">El documento analiza la producci\u00f3n de investigaci\u00f3n en cooperativas en las universidades nacionales con el objetivo de aportar elementos para afianzar en este campo la vinculaci\u00f3n entre las instituciones acad\u00e9micas y el movimiento cooperativo. La primera versi\u00f3n de este texto fue utilizada como documento base para la discusi\u00f3n del tema \u201cUniversidades y cooperativas\u201d en el Pre Congreso Argentino de las Cooperativas 2012. Buenos Aires, julio.<\/p><p><strong>N\u00daMERO 80.\u00a0<a href=\"http:\/\/bibliotecadigital.econ.uba.ar\/?c=docin&amp;a=d&amp;d=docin_cesot_080\" target=\"_blank\" rel=\"noopener\">LA FORMACI\u00d3N UNIVERSITARIA EN COOPERATIVISMO Y ECONOM\u00cdA SOCIAL EN ARGENTINA<\/a>. Mar\u00eda Cristina Acosta, Andrea Levin \u2013<\/strong>\u00a0marzo de 2013<\/p><p class=\"rtejustify\">El trabajo describe la oferta de formaci\u00f3n de especialistas en cooperativismo y econom\u00eda social en Argentina proveniente de las universidades nacionales. La primera versi\u00f3n del texto fue utilizada como documento base para la discusi\u00f3n del tema \u201cUniversidades y cooperativas\u201d en el Pre Congreso Argentino de las Cooperativas 2012. Buenos Aires, julio.<\/p><p><strong>N\u00daMERO 79.\u00a0<a href=\"http:\/\/bibliotecadigital.econ.uba.ar\/?c=docin&amp;a=d&amp;d=docin_cesot_079\" target=\"_blank\" rel=\"noopener\">GOBERNANZA Y GESTI\u00d3N DE LAS ORGANIZACIONES DE LA ECONOM\u00cdA SOCIAL<\/a>. Mirta Vuotto, Claudio Fardelli \u2013<\/strong>diciembre de 2012<\/p><p class=\"rtejustify\">El art\u00edculo focaliza en la especificidad de las organizaciones de la econom\u00eda social, en especial las que adoptan la forma jur\u00eddica de cooperativa o de asociaci\u00f3n civil considerando el car\u00e1cter de su gobernanza y gesti\u00f3n en t\u00e9rminos de la influencia de su membres\u00eda y el car\u00e1cter de la propiedad colectiva.<\/p><p class=\"rtejustify\"><strong>N\u00daMERO 78.\u00a0<a href=\"http:\/\/bibliotecadigital.econ.uba.ar\/?c=docin&amp;a=d&amp;d=docin_cesot_078\" target=\"_blank\" rel=\"noopener\">POR QU\u00c9 LOS ECONOMISTAS NO QUIEREN A LA COOPERACI\u00d3N<\/a>. Charles Gide\u00a0<\/strong>\u2013 septiembre de 2012<\/p><p class=\"rtejustify\">El art\u00edculo fue publicado en el primer n\u00famero de la Revista de Estudios Cooperativos fundada en 1921 por Charles Gide y Bernard Lavergne. El autor analiza las razones de la distancia entre los economistas y los cooperativistas a la luz de las posturas de los principales representantes de la escuela liberal respecto \u00a0al programa de transformaci\u00f3n social del movimiento cooperativo.\u00a0<\/p><p><strong>N\u00daMERO 77.\u00a0<a href=\"http:\/\/bibliotecadigital.econ.uba.ar\/?c=docin&amp;a=d&amp;d=docin_cesot_077\" target=\"_blank\" rel=\"noopener\">ORGANIZACI\u00d3N Y GESTI\u00d3N DE COOPERATIVAS DE VIVIENDAS EN ROSARIO (ARGENTINA) Y QUEBEC (CANAD\u00c1)<\/a>. Marcelo Salgado \u2013\u00a0<\/strong>junio de 2012<\/p><p class=\"rtejustify\">El art\u00edculo propone el an\u00e1lisis de experiencias cooperativas de vivienda econ\u00f3mica para sectores de bajos recursos en el contexto de Argentina y Canad\u00e1, comparando algunas experiencias para centrarse en el an\u00e1lisis de su gesti\u00f3n y las caracter\u00edsticas de los procesos participativos a los que pueden dar lugar.\u00a0<\/p><p><strong>N\u00daMERO 76.<a href=\"http:\/\/bibliotecadigital.econ.uba.ar\/?c=docin&amp;a=d&amp;d=docin_cesot_076\" target=\"_blank\" rel=\"noopener\">CONSTRUYENDO RELACIONES SOCIALES PARA LA PAZ: EL CASO DE LAS COOPERATIVAS EN AM\u00c9RICA LATINA<\/a>. Mirta Vuotto (Comp.)- marzo de 2012<\/strong><\/p><p class=\"rtejustify\">El documento fue preparado por iniciativa del Prof. Ian Mac Pherson para ilustrar la contribuci\u00f3n realizada por las cooperativas a la construcci\u00f3n de la paz y en la creaci\u00f3n de un mundo m\u00e1s justo y pac\u00edfico. Las experiencias y pr\u00e1cticas concretas en pa\u00edses como Brasil, Colombia, Costa Rica, El Salvador, M\u00e9xico y Paraguay permiten poner de manifiesto que el campo de acci\u00f3n de las cooperativas trasciende el inter\u00e9s por abordar, compartir y debatir la problem\u00e1tica de la violencia y sus causas, para contribuir de distintas formas y en distintos escenarios a la consolidaci\u00f3n de espacios que revalorizan la vida y la paz.<\/p><p><b>N\u00daMERO 75.\u00a0<a href=\"http:\/\/bibliotecadigital.econ.uba.ar\/?c=docin&amp;a=d&amp;d=docin_cesot_075\" target=\"_blank\" rel=\"noopener\">EL COOPERATIVISMO DE TRABAJO EN LA ARGENTINA, CONTRIBUCIONES PARA EL DI\u00c1LOGO SOCIAL<\/a>. mesa redonda \u2013\u00a0\u00a0<\/b>diciembre de 2011<\/p><p>El documento reproduce las intervenciones realizadas por los panelistas en la mesa redonda \u201cEl cooperativismo de trabajo en la Argentina y el di\u00e1logo social\u201d, llevada a cabo el 9 de noviembre de 2011. En una primera secci\u00f3n, el Prof. Eduardo Scarano (FCE-UBA) destaca que la teor\u00eda neocl\u00e1sica presenta dificultades para referirse al caso del cooperativismo y su potencialidad como modelo organizacional y econ\u00f3mico. Seguidamente, Daniel Pujol (OIT) se refiere al papel del di\u00e1logo y la cooperaci\u00f3n entre los gobiernos, los empleadores y los trabajadores para formular\u00a0 normas y pol\u00edticas orientadas al tratamiento de los asuntos laborales. Por su parte, Roberto Di Meglio (OIT) \u00a0vincula la misi\u00f3n de la OIT en la promoci\u00f3n del empleo digno y el papel de la econom\u00eda social y solidaria cuyo prop\u00f3sito social es prioritario con respecto al econ\u00f3mico. En la segunda secci\u00f3n Mirta Vuotto (FCE-UBA) presenta los principales desaf\u00edos que enfrenta el cooperativismo de trabajo para contribuir efectivamente al di\u00e1logo social.<\/p><p><strong>N\u00daMERO\u00a074.\u00a0<a href=\"http:\/\/bibliotecadigital.econ.uba.ar\/?c=docin&amp;a=d&amp;d=docin_cesot_074\" target=\"_blank\" rel=\"noopener\">SISTEMAS DE CAPITALIZACI\u00d3N EN LAS COOPERATIVAS AGROPECUARIAS: UN AN\u00c1LISIS DE CASOS<\/a>. Carlos C\u00e9sar Basa\u00f1es-\u00a0<\/strong>septiembre de 2011<\/p><p>En las \u00faltimas d\u00e9cadas las profundas transformaciones en las cadenas de valor de base agropecuaria pusieron en crisis el modelo cooperativo tradicional y provocaron un intenso\u00a0 debate sobre las nuevas estrategias requeridas y sobre el sistema de capitalizaci\u00f3n. El documento analiza distintos sistemas de capitalizaci\u00f3n en cooperativas argentinas a partir de la experiencia de tres entidades rurales creadas a inicios del siglo pasado con el prop\u00f3sito de aportar a la construcci\u00f3n de herramientas y criterios que ayuden a otras cooperativas a reflexionar sobre la naturaleza de sus propios sistemas.<\/p><div><b>N\u00daMERO 73.\u00a0<a href=\"http:\/\/bibliotecadigital.econ.uba.ar\/?c=docin&amp;a=d&amp;d=docin_cesot_073\" target=\"_blank\" rel=\"noopener\">CONSTRUYENDO FINANZAS INCLUSIVAS: EL CASO DE OIKOCREDIT . Heinrich Weimer<\/a>\u2013<\/b>\u00a0junio de 2011<\/div><div>\u00a0<\/div><div>Oikocredit International es una sociedad cooperativa fundada en Ginebra por el Consejo Mundial de Iglesias en 1974 que cuenta con asociaciones en 14 pa\u00edses actualmente. La cooperativa otorgamos cr\u00e9ditos a organismos de\u00a0 microfinanzas principalmente y a peque\u00f1a cooperativas \u00a0a fin de apoyar el impacto social de su actividad. El documento explica la operatoria de la organizaci\u00f3n y los desaf\u00edos de su gesti\u00f3n para minimizar costos y garantizar la mayor cantidad de fondos\u00a0 para invertir en proyectos con impacto social.<\/div><div>\u00a0<\/div><div><div><b>N\u00daMERO 72.\u00a0<a href=\"https:\/\/www.economicas.uba.ar\/novedades\/xxiv-jornadas-de-epistemologia-de-las-cs-economicas\/\" target=\"_blank\" rel=\"noopener\">INNOVACI\u00d3N INSTITUCIONAL EN EL COOPERATIVISMO AGRARIO ARGENTINO: LA CONTRIBUCI\u00d3N DEL TIPO DE PRODUCTO EN LOS PROCESOS DE TRANSFORMACI\u00d3N ORGANIZACIONAL<\/a>. Mario Lattuada y Juan Mauricio Renold\u00a0<\/b>-marzo de 2011<\/div><div>\u00a0<\/div><div><div>El documento analiza en forma comparativa la incidencia del tipo de producto principal en los procesos de organizaci\u00f3n de dos entidades argentinas de segundo grado que nuclean cooperativas de productores vitivin\u00edcolas y cooperativas de comercializaci\u00f3n de granos. Se analizan objetivos y estrategias, fortalezas y debilidades en contextos de transformaciones institucionales profundas en los cuales estas experiencias asociativas procuran consolidar una organizaci\u00f3n eficiente y competitiva que otorgue viabilidad a los peque\u00f1os y medianos productores. Entre las principales cuestiones de debate en dichas organizaciones se considera la vinculaci\u00f3n asociado-cooperativa, la capitalizaci\u00f3n e inversiones y las alianzas estrat\u00e9gicas e integraci\u00f3n y estas formulaciones se relacionan tanto con las caracter\u00edsticas que definen los diferentes modelos de organizaci\u00f3n cooperativa como con el tipo de producto principal al que dedican su actividad a fin de definir el grado de incidencia del mismo en las innovaciones institucionales en proceso.<\/div><\/div><div>\u00a0<\/div><div><strong>N\u00daMERO 71.\u00a0<a href=\"http:\/\/bibliotecadigital.econ.uba.ar\/?c=docin&amp;a=d&amp;d=docin_cesot_071\" target=\"_blank\" rel=\"noopener\">LA CO-CONSTRUCCI\u00d3N DE POL\u00cdTICAS P\u00daBLICAS INNOVADORAS EN TORNO A LA ECONOM\u00cdA SOCIAL<\/a>. Claudia Sabrina Monasterios y Cynthia Cecilia Srnec<\/strong><strong>\u2013\u00a0<\/strong>diciembre de 2010<\/div><div>\u00a0<\/div><div>La econom\u00eda social constituye un factor importante de los distintos tipos de innovaci\u00f3n, ya que ampl\u00eda la gama de productos y servicios para sectores que no son cubiertos (nuevos productos o servicios), inicia pr\u00e1cticas en y entre organizaciones cooperativas (nuevos m\u00e9todos) y ofrece nuevas oportunidades a protagonistas excluidos del sistema dominante (nuevas salidas). Al mismo tiempo, estimula una nueva clase de empresarios sociales o colectivos (nuevas organizaciones) (Bouchard, 2006). El presente art\u00edculo distingue y analiza experiencias significativas en t\u00e9rminos de co-construcci\u00f3n y co-producci\u00f3n de pol\u00edticas p\u00fablicas en torno a la econom\u00eda social, que permiten reflexionar sobre los aspectos que favorecen procesos de inclusi\u00f3n social. Las acciones realizadas y apoyadas por los gobiernos de Quebec en Canad\u00e1 desde 1996, y de la provincia de Buenos Aires desde 2001, se enmarcan en procesos hist\u00f3ricos sociales, econ\u00f3micos y pol\u00edticos diversos que muestran aspectos en com\u00fan que permiten realizar un estudio de tipo comparativo.<\/div><div>\u00a0<\/div><div><strong>N\u00daMERO 70. CARACTER\u00cdSTICAS DEL COOPERATIVISMO DE VIVIENDA EN LA CIUDAD DE BUENOS AIRES EN EL PER\u00cdODO 2001-2008. Tom\u00e1s Raspall-\u00a0<\/strong>septiembre de 2010\u00a0<strong>\u00a0<\/strong>\u00a0\u00a0\u00a0\u00a0\u00a0\u00a0\u00a0\u00a0\u00a0\u00a0\u00a0\u00a0\u00a0<\/div><div>\u00a0<\/div><div>Este art\u00edculo indaga sobre las formas que adopt\u00f3 el cooperativismo de vivienda en la Ciudad de Buenos Aires durante el per\u00edodo 2001-2008, dando cuenta por una parte de las modalidades asociativas que se generaron por fuera del Programa para la Autogesti\u00f3n para la Vivienda (PAV) y, por otra, de las estrategias asumidas por las cooperativas desde el a\u00f1o 2005, ante el desfinanciamiento y la suspensi\u00f3n de la operatoria. Para la realizaci\u00f3n del trabajo se utiliz\u00f3 material de entrevistas realizadas a miembros de cooperativas inscriptas en el PAV cuyas obras no comenzaron o se encuentran paralizadas, y a cooperativas de segundo o tercer grado; a referentes de organizaciones sociales como el Movimiento de Ocupantes e Inquilinos (MOI) cuya trayectoria en la lucha por el derecho a la vivienda se inicia antes de la sanci\u00f3n de la ley 341; y a funcionarios del Instituto de Vivienda de la Ciudad de Buenos Aires (IVC).<\/div><div>\u00a0<\/div><div><strong>N\u00daMERO 69.\u00a0<a href=\"http:\/\/bibliotecadigital.econ.uba.ar\/?c=docin&amp;a=d&amp;d=docin_cesot_069\" target=\"_blank\" rel=\"noopener\">AN\u00c1LISIS CR\u00cdTICO SOBRE LA RELACI\u00d3N ENTRE LA COOPERATIVA DE TRABAJO Y SUS ASOCIADOS<\/a>. Carlos C\u00e9sar Basa\u00f1es-<\/strong>\u00a0junio de 2010<\/div><div>En este trabajo se realiza un an\u00e1lisis cr\u00edtico conceptual sobre la experiencia concreta de las cooperativas de trabajo en Argentina en el contexto de su marco normativo.<br \/>Partiendo de la hip\u00f3tesis de que muchas de las dificultades con las que estas entidades se encuentran para consolidarse como empresas se explican por una serie de limitaciones o contradicciones conceptuales respecto a la relaci\u00f3n entre la cooperativa y sus asociados, se revisan algunos aspectos tales como: remuneraci\u00f3n del trabajo, gesti\u00f3n del capital de los asociados, trabajadores asalariados en cooperativas, modelos de integraci\u00f3n y el concepto de condiciones y medio ambiente de trabajo en el mundo cooperativo.<br \/>Finalmente, se elabora un conjunto de recomendaciones con el objeto de ofrecer un aporte a la consolidaci\u00f3n empresaria de las cooperativas de trabajo en Argentina.<\/div><div>\u00a0<\/div><div><strong>N\u00daMERO\u00a068.\u00a0<a href=\"http:\/\/bibliotecadigital.econ.uba.ar\/?c=docin&amp;a=d&amp;d=docin_cesot_068\" target=\"_blank\" rel=\"noopener\">LA FORMACI\u00d3N EN LA ECONOM\u00cdA SOLIDARIA<\/a>. Betty Calero \u2013\u00a0<\/strong>marzo de 2010<\/div><div>El documento analiza la contribuci\u00f3n del Programa Educativo Comunitario orientado al desarrollo econ\u00f3mico integral de los cabildos ind\u00edgenas del Norte de Cauca (Colombia), en respuesta a las necesidades de capacitaci\u00f3n de la comunidad y a las necesidades de formaci\u00f3n de las generaciones venideras. Se presentan los resultados alcanzados por un grupo de estudiantes, a fin de mostrar emp\u00edricamente de qu\u00e9 manera la formaci\u00f3n logra asociar pr\u00e1cticas ind\u00edgenas tradicionales con pr\u00e1cticas modernas y el modelo educativo implementado contribuye a sostener el desarrollo de la econom\u00eda solidaria en la comunidad ind\u00edgena Nasa.<\/div><div>\u00a0<\/div><div><strong>N\u00daMERO 67.\u00a0<a href=\"http:\/\/bibliotecadigital.econ.uba.ar\/?c=docin&amp;a=d&amp;d=docin_cesot_067\" target=\"_blank\" rel=\"noopener\">DIN\u00c1MICA DE CO-CONSTRUCCI\u00d3N ENTRE ORGANIZACIONES DE LA SOCIEDAD CIVIL Y EL ESTADO EN ARGENTINA<\/a>. Marina Assandri-\u00a0<\/strong>diciembre de 2009<br \/>\u00a0<\/div><div>El documento analiza el Proyecto de \u201cAlianzas estrat\u00e9gicas\u201d: Construcci\u00f3n de Alianzas Estrat\u00e9gicas Financieras para la consolidaci\u00f3n del Programa de Acci\u00f3n Nacional de Lucha contra la Desertificaci\u00f3n, desarrollado en Argentina entre los a\u00f1os 2007 y 2008 en regiones del pa\u00eds afectadas por la desertificaci\u00f3n y la pobreza. Se pone de manifiesto su car\u00e1cter innovador a trav\u00e9s de algunos impactos alcanzados como el intercambio de experiencias de las organizaciones locales en proyectos de micro-emprendimientos, de energ\u00eda alternativa y de metodolog\u00edas de microcr\u00e9ditos y de fondos rotatorios que ilustran a trav\u00e9s de las experiencias un caso de co-construcci\u00f3n de conocimientos sobre la econom\u00eda social y solidaria.<\/div><div>\u00a0<\/div><div><strong>N\u00daMERO 66.\u00a0<a href=\"http:\/\/bibliotecadigital.econ.uba.ar\/?c=docin&amp;a=d&amp;d=docin_cesot_066\" target=\"_blank\" rel=\"noopener\">LAS COOPERATIVAS DE TRABAJO, HERRAMIENTA DEL ESTADO COMO POL\u00cdTICA DE DESARROLLO. EL CASO DE UN PROGRAMA DE GENERACI\u00d3N DE EMPLEO COOPERATIVO\u00a0<\/a>\u2013\u00a0<\/strong>Fransiscovic, Karina \u2013\u00a0septiembre de 2009<\/div><div><div>En este trabajo se analiza el impacto de la implementaci\u00f3n de una pol\u00edtica de promoci\u00f3n de cooperativas de trabajo como pol\u00edtica de desarrollo en el sistema territorial en la Provincia de Santa Cruz y la capacidad de este tipo de estructuras para generar sinergias propias que fortalezcan un proceso de desarrollo end\u00f3geno. Por otra parte, se se\u00f1alan algunas recomendaciones para las pol\u00edticas locales que permitan facilitar y fortalecer dicho proceso.<\/div><div>\u00a0<\/div><div><strong>N\u00daMERO 65.\u00a0<a href=\"http:\/\/bibliotecadigital.econ.uba.ar\/?c=docin&amp;a=d&amp;d=docin_cesot_065\" target=\"_blank\" rel=\"noopener\">UNIVERSIDAD Y POL\u00cdTICAS DE ECONOM\u00cdA SOCIAL EN BRASIL: EL CASO DE LA INCUBADORA TECNOL\u00d3GICA DE COOPERATIVAS POPULARES<\/a>. Javier Walter Ghibaudi \u2013\u00a0<\/strong>junio de 2009<\/div><div>El documento tiene como objeto de estudio la experiencia de la Incubadora Tecnol\u00f3gica de Cooperativas Universitarias (ITCP\/COPPE\/UFRJ), primera incubadora universitaria de cooperativas populares de Brasil formada en 1995. Se analizan sus resultados en t\u00e9rminos pol\u00edticos y econ\u00f3micos y se reflexiona sobre los l\u00edmites y potencialidades de la articulaci\u00f3n entre propuestas emancipadoras propias de las organizaciones sociales, acciones innovadoras de investigaci\u00f3n y extensi\u00f3n provenientes de la universidad p\u00fablica, y directrices y principios de la gesti\u00f3n p\u00fablica. La metodolog\u00eda de investigaci\u00f3n est\u00e1 centrada en el an\u00e1lisis de la experiencia de la ITCP y se basa en el estudio de sus publicaciones, en informes sobre sus distintos proyectos y en relatos de sus miembros. Universidad y Pol\u00edticas de Econom\u00eda Social en Brasil: el caso de la Incubadora Tecnol\u00f3gica de Cooperativas Populares.<\/div><div>\u00a0<\/div><div><strong>N\u00daMERO 64.\u00a0<a href=\"http:\/\/bibliotecadigital.econ.uba.ar\/?c=docin&amp;a=d&amp;d=docin_cesot_064\" target=\"_blank\" rel=\"noopener\">COLOQUIO UNIVERSITARIO SOBRE MANAGEMENT COOPERATIVISTA<\/a>. Isaac Bleger, Mar\u00eda Cristina Acosta (compiladores)<\/strong>\u00a0marzo de 2009<\/div><div>El documento presenta los comentarios realizados por especialistas en gesti\u00f3n organizacional respecto a los aportes de los Profesores Peter Davis y John Donaldson en el libro \u00a8Management cooperativista: una filosof\u00eda para los negocios\u00a8. Las presentaciones fueron realizadas en el \u00a8Coloquio universitario sobre management cooperativista\u00a8, organizado por el Centro de Estudios de Sociolog\u00eda del Trabajo y en el que estuvo presente el prof. P.Davis. Los temas tratados por los especialistas refieren a los conceptos de ganancia, de trabajo, a las estructuras cooperativas, a los stakeholders y a la \u00e9tica y los valores relacionados con las empresas cooperativas.<\/div><div>\u00a0<\/div><div><strong>N\u00daMERO 63.\u00a0<a href=\"http:\/\/bibliotecadigital.econ.uba.ar\/?c=docin&amp;a=d&amp;d=docin_cesot_063\" target=\"_blank\" rel=\"noopener\">TEOR\u00cdA JUR\u00cdDICA DE LA ECONOM\u00cdA SOCIAL Y COOPERATIVA EN EUROPA<\/a>. Rafael Mill\u00e1n Calenti.\u00a0<\/strong>diciembre de 2008<\/div><div>El documento refiere a las caracter\u00edsticas principales de la Sociedad cooperativa europea a la luz de los principios de regulaci\u00f3n comunitaria. Considera sus modalidades de constituci\u00f3n y menciona los aspectos relativos a la adquisici\u00f3n de la condici\u00f3n de socio y estructura. El texto corresponde a la conferencia dictada por el profesor Rafael Mill\u00e1n Calenti en la Facultad de Ciencias Econ\u00f3micas -UBA- el 3 de noviembre de 2008<strong>.<\/strong><\/div><div>\u00a0<\/div><div><strong>N\u00daMERO 62.\u00a0<a href=\"http:\/\/bibliotecadigital.econ.uba.ar\/?c=docin&amp;a=d&amp;d=docin_cesot_062\" target=\"_blank\" rel=\"noopener\">COOPERATIVAS DE CONSUMO: LA EXPERIENCIA DE DESARROLLO DE LA COOPERATIVA OBRERA EN UN CONTEXTO DE COMPETENCIA<\/a>. Mario Raccanello.\u00a0<\/strong>septiembre de 2008.<br \/>\u00a0<\/div><div>En el marco de las profundas transformaciones del sector del retail en las \u00faltimas d\u00e9cadas del SXX, el documento toma como caso de estudio la Cooperativa Obrera de Bah\u00eda Blanca ya que se la considera exponente (y no anomal\u00eda) del crecimiento que puede alcanzar una empresa de la econom\u00eda social en un contexto de fuerte competencia sin perder los principios que hacen al cooperativismo.<\/div><div>\u00a0<\/div><div><strong>N\u00daMERO 61.\u00a0<a href=\"http:\/\/bibliotecadigital.econ.uba.ar\/?c=docin&amp;a=d&amp;d=docin_cesot_061\" target=\"_blank\" rel=\"noopener\">LA ARTICULACI\u00d3N DE LAS COOPERATIVAS DE VIVIENDA CON EL ESTADO Y OTROS ACTORES SOCIALES<\/a>. Mar\u00eda Cristina Acosta, Tom\u00e1s Raspall Galli.<\/strong>\u00a0junio de 2008.<\/div><div>El documento reflexiona acerca del problema de la vivienda en la Argentina para destacar la importancia de la acci\u00f3n conjunta de diversos actores, pertenecientes tanto al sector p\u00fablico, como al privado lucrativo y al campo de la econom\u00eda social, para destacar el rol estrat\u00e9gico de las cooperativas de vivienda.<br \/>De manera espec\u00edfica considera el Programa de Autogesti\u00f3n para la Vivienda, surgido a partir de la sanci\u00f3n de la Ley 341\/964, para indagar las modalidades de interacci\u00f3n que se establecen entre los diferentes actores y el car\u00e1cter de esas experiencias en los procesos de inserci\u00f3n social.<\/div><div>\u00a0<\/div><div><div><strong>N\u00daMERO 60.\u00a0<a href=\"http:\/\/bibliotecadigital.econ.uba.ar\/?c=docin&amp;a=d&amp;d=docin_cesot_060\" target=\"_blank\" rel=\"noopener\">GESTI\u00d3N COOPERATIVA Y V\u00cdNCULOS INSTITUCIONALES: UN ESTUDIO DE CASO. Griselda Verbeke.<\/a>\u00a0<\/strong>marzo de 2008.<\/div><div>Ubic\u00e1ndose en torno a situaciones de crisis del movimiento cooperativo desde la d\u00e9cada del 90 y ante la complejidad de la problem\u00e1tica de la gesti\u00f3n, el documento plantea reflexiones que involucran a todos los actores en juego, y a\u00fan a los factores cr\u00edticos en los diferentes contextos de acci\u00f3n. Intenta esbozar un marco de referencia razonablemente incluyente, aunque centrado en el rol espec\u00edfico del Management Cooperativo y sus alcances hist\u00f3ricos, as\u00ed como las herramientas desarrolladas para su control.<\/div><div>\u00a0<\/div><div><div><strong>N\u00daMERO 59.\u00a0<a href=\"http:\/\/bibliotecadigital.econ.uba.ar\/?c=docin&amp;a=d&amp;d=docin_cesot_059\" target=\"_blank\" rel=\"noopener\">EL BUEN TRABAJO Y LA SATISFACCI\u00d3N LABORAL<\/a>. Mirta Vuotto, Paula Arzadun.\u00a0<\/strong>noviembre-diciembre de 2007.<br \/>\u00a0<\/div><div>El estudio emp\u00edrico fue realizado con el objeto de conocer c\u00f3mo se define \u201cun buen trabajo\u00a8 y explorar la satisfacci\u00f3n laboral a partir de un conjunto de factores asociados a la situaci\u00f3n laboral de m\u00e1s de 600 estudiantes de cinco carreras de la Facultad de Ciencias Econ\u00f3micas de la Universidad de Buenos Aires.<br \/>Los temas analizados se vinculan a la naturaleza del trabajo que los estudiantes realizan y al contenido de su tarea, de modo de diferenciar los atributos extr\u00ednsecos, de car\u00e1cter instrumental (salario, horarios, beneficios sociales, condiciones de trabajo), y los atributos intr\u00ednsecos o expresivos que hacen del trabajo en s\u00ed una fuente de satisfacci\u00f3n (utilizaci\u00f3n de competencias, responsabilidad, reconocimiento, etc.).<\/div><div>\u00a0<\/div><\/div><div><div><strong>N\u00daMERO 58.\u00a0<a href=\"http:\/\/bibliotecadigital.econ.uba.ar\/?c=docin&amp;a=d&amp;d=docin_cesot_058\" target=\"_blank\" rel=\"noopener\">OTRA ECONOM\u00cdA, \u00bfUTOP\u00cdA O POSIBILIDAD? VISIONES DESDE CANAD\u00c1 Y AM\u00c9RICA LATINA<\/a>. Ian MacPherson, Yves Vaillancourt, Jose Luis Coraggio.<\/strong>\u00a0julio-septiembre de 2007.<br \/>\u00a0<\/div><div>El documento incluye las exposiciones realizadas por los profesores Ian McPherson (Universidad de Victoria, Canad\u00e1), Jos\u00e9 Luis Coraggio (Universidad Nacional de General Sarmiento) e Yves Vaillancourt (Universidad de Qu\u00e9bec en Montreal) sobre las perspectivas de \u201cotra econom\u00eda, utop\u00eda o posibilidad\u201d. La mesa redonda fue organizada por el Centro de Estudios de Sociolog\u00eda del Trabajo el 12 de septiembre de 2006 y tuvo lugar en el Centro Cultural de la Cooperaci\u00f3n \u00a8Floreal Gorini\u00a8, en la Ciudad de Buenos Aires.<\/div><div>\u00a0<\/div><div><strong>N\u00daMERO 57.\u00a0<a href=\"http:\/\/bibliotecadigital.econ.uba.ar\/?c=docin&amp;a=d&amp;d=docin_cesot_057\" target=\"_blank\" rel=\"noopener\">DI\u00c1LOGO ACERCA DE LA ECONOM\u00cdA SOCIAL Y SU DESARROLLO EN CANAD\u00c1\u201d. CHANTIER DE L\u2019\u00c9CONOMIE SOCIALE<\/a>.\u00a0<\/strong>abril-junio 2007.<\/div><div>El documento presenta el desarrollo de la videoconferencia realizada en el marco del proyecto \u201cUna Argentina Solidaria\u201d el 22 de junio de 2007. Participaron desde Canad\u00e1 los representantes de la mesa directiva del Chantier de l\u2019\u00e9conomie sociale quienes hicieron referencia al proceso de origen formaci\u00f3n y consolidaci\u00f3n de la instituci\u00f3n y en Buenos Aires un grupo de cooperativas de trabajo integrantes del proyecto. La actividad, coordinada por Olga Navarro Flores, docente del Chantier de l\u2019\u00e9conomie sociale, fue organizada por el Centro de Estudios de Sociolog\u00eda del Trabajo.<\/div><div>\u00a0<\/div><div><strong>N\u00daMERO 56.\u00a0<a href=\"http:\/\/bibliotecadigital.econ.uba.ar\/?c=docin&amp;a=d&amp;d=docin_cesot_056\" target=\"_blank\" rel=\"noopener\">PROPIEDAD SOCIAL Y AUTOGESTI\u00d3N: EL CASO DE YUGOSLAVIA.\u00a0<\/a>Alexander Kodric.\u00a0<\/strong>enero-marzo de 2007.<\/div><div>El documento presenta el modo en que se ha desarrollado la experiencia de autogesti\u00f3n yugoslava llevada a cabo desde el t\u00e9rmino de la Segunda Guerra Mundial hasta los decenios finales del siglo pasado. Se analiza la particularidad de un esquema de organizaci\u00f3n socialista alternativo basado principalmente en la autogesti\u00f3n de los productores, la descentralizaci\u00f3n de los recursos y la propiedad social de los medios de producci\u00f3n.<\/div><div>\u00a0<\/div><div><strong>N\u00daMERO 55.\u00a0<a href=\"http:\/\/bibliotecadigital.econ.uba.ar\/?c=docin&amp;a=d&amp;d=docin_cesot_055\" target=\"_blank\" rel=\"noopener\">LA GESTI\u00d3N EN LAS ENTIDADES COOPERATIVAS: UN DESAF\u00cdO PERMANENTE.<\/a>\u00a0Jes\u00fas Castreje Su\u00e1rez.\u00a0<\/strong>octubre-diciembre 2006.<br \/><strong>\u00a0<\/strong><\/div><div>El documento refiere a un tema central para la viabilidad de las entidades cooperativas: la calidad de su gesti\u00f3n. A partir de una caracterizaci\u00f3n sumaria de la situaci\u00f3n actual del sector y de sus perspectivas se enfatiza la necesidad de la diferenciaci\u00f3n de esa gesti\u00f3n respecto del management convencional poniendo de relieve la notoria acentuaci\u00f3n de los rasgos regresivos de este management y los riesgos de su proyecci\u00f3n a la gesti\u00f3n comercial y a\u00fan institucional de las entidades cooperativas. A modo de conclusi\u00f3n se presenta la agenda de tareas para afirmar una gesti\u00f3n diferenciada.<\/div><div>\u00a0<\/div><div><div><strong>N\u00daMERO 54.\u00a0<a href=\"http:\/\/bibliotecadigital.econ.uba.ar\/?c=docin&amp;a=d&amp;d=docin_cesot_054\" target=\"_blank\" rel=\"noopener\">DIVERSIDAD DE TRAYECTORIAS, APROXIMACI\u00d3N CONCEPTUAL Y PLURALIDAD DE PROYECTOS DE LA ECONOM\u00cdA SOCIAL<\/a>. Rodolfo Pastore. julio-<\/strong>septiembre 2006<\/div><div>\u00a0<\/div><div>El documento presenta un esquema interpretativo sobre la noci\u00f3n de econom\u00eda social, con el objetivo de que dicha aproximaci\u00f3n contribuya al debate sobre la multiplicidad de dimensiones que pueden estar comprendidas en dicha denominaci\u00f3n. Con esa finalidad se identifican tres de las posibles dimensiones a considerar, para luego concluir con reflexiones que buscan resaltar el valor del recorrido ya realizado y se\u00f1alar algunos desaf\u00edos estrat\u00e9gicos de la econom\u00eda social\u00a0\u00a0\u00a0\u00a0\u00a0\u00a0\u00a0\u00a0\u00a0\u00a0\u00a0\u00a0\u00a0<\/div><\/div><div><div>\u00a0<\/div><\/div><div><div><strong>N\u00daMERO 53. LA ECONOM\u00cdA SOCIAL EN LOS SERVICIOS A DOMICILIO: UNA INNOVACI\u00d3N INSTITUCIONAL M\u00c1S QUE ORGANIZACIONAL. Christian Jett\u00e9, Fran\u00e7ois Aubry, Yves Vaillancourt.\u00a0<\/strong>abril-junio 2006.<\/div><div>El objetivo de este documento es examinar si la aparici\u00f3n e institucionalizaci\u00f3n de la red de empresas de econom\u00eda social en ayuda dom\u00e9stica en Canad\u00e1 constituy\u00f3 una fuente de innovaciones sociales. A partir de una investigaci\u00f3n realizada sobre esas empresas entre 2000 y 2003, el trabajo identifica las dimensiones de an\u00e1lisis que permiten delimitar el tema de las innovaciones sociales implementadas a partir de la mencionada red.<\/div><div>\u00a0<\/div><div><b><strong>N\u00daMERO\u00a0<\/strong>52.\u00a0<a href=\"http:\/\/bibliotecadigital.econ.uba.ar\/?c=docin&amp;a=d&amp;d=docin_cesot_052\" target=\"_blank\" rel=\"noopener\">\u00bfCU\u00c1N \u201cSOCIALES\u201d SON LAS COOPERATIVAS? TENSIONES, TRANSICIONES Y LA ECONOM\u00cdA SOCIAL DE LAS COOPERATIVAS EN CANAD\u00c1<\/a>. Brett Fairbairn.\u00a0<\/b>Enero-marzo 2006.<\/div><div>El documento parte de la pregunta relativa a la necesidad de que una organizaci\u00f3n persiga objetivos sociales expl\u00edcitos para ser considerada parte de la econom\u00eda social. Al respecto el autor sostiene que las cooperativas, en tanto forma distinta de empresa, tienen la obligaci\u00f3n de concentrarse sobre las funciones econ\u00f3micas aunque deber\u00edan, sin embargo, considerarse como empresas de econom\u00eda social ya que ejercen una funci\u00f3n asociativa entre sus miembros y \u00e9stos pueden adherir a objetivos sociales. Por otra parte se\u00f1ala que la estructura cooperativa asegura un rol social en la comunidad, un efecto secundario de las actividades econ\u00f3micas centrales de la cooperativa y esta perspectiva es preferible a la que expresa una dicotom\u00eda entre los objetivos sociales y econ\u00f3micos.<\/div><div>\u00a0<\/div><div><strong>N\u00daMERO 51.\u00a0<a href=\"http:\/\/bibliotecadigital.econ.uba.ar\/?c=docin&amp;a=d&amp;d=docin_cesot_051\" target=\"_blank\" rel=\"noopener\">EL MENSAJE INSTITUCIONAL COOPERATIVO. UNA MIRADA DESDE EL AN\u00c1LISIS DEL DISCURSO.<\/a>\u00a0Mar\u00eda Cristina Acosta.\u00a0<\/strong>octubre-diciembre 2005.<br \/>\u00a0<\/div><div>A fin de conocer la finalidad enunciativa de los mensajes publicados anualmente por la Alianza Cooperativa Internacional (ACI) se realiz\u00f3 un an\u00e1lisis del discurso desde las perspectivas dominantes. Dado que el sujeto es el principio y el fin del acto de comunicaci\u00f3n cuando emite un mensaje existe una intencionalidad, un motivo, un sentido. Se intenta develar, entre otros, las preocupaciones, la capacidad de respuesta, y el accionar de la instituci\u00f3n presentes en el acto de comunicaci\u00f3n.<\/div><div>\u00a0<\/div><div><strong>N\u00daMERO 50.\u00a0<a href=\"http:\/\/bibliotecadigital.econ.uba.ar\/?c=docin&amp;a=d&amp;d=docin_cesot_050\" target=\"_blank\" rel=\"noopener\">LA ECONOM\u00cdA SOCIAL EN CANADA: DESARROLLO E INSTITUCIONALIZACI\u00d3N<\/a>. Martine D\u2019Amours.<\/strong>\u00a0julio-septiembre de 2005.<\/div><div>El documento refiere a la din\u00e1mica de la econom\u00eda social en la sociedad canadiense. De manera espec\u00edfica se considera la naturaleza de las organizaciones que forman parte de la antigua y de la nueva econom\u00eda social para dar cuenta de sus caracter\u00edsticas y de la vinculaci\u00f3n con el Estado y con otros actores sociales.<\/div><\/div><\/div><\/div><div>\u00a0<\/div><div><div><strong>N\u00daMERO 49.\u00a0<a href=\"http:\/\/bibliotecadigital.econ.uba.ar\/?c=docin&amp;a=d&amp;d=docin_cesot_049\" target=\"_blank\" rel=\"noopener\">ACERCA DE LA GESTI\u00d3N EN LAS EMPRESAS COOPERATIVAS<\/a>. Isaac Bleger, Mirta Vuotto.\u00a0<\/strong>abril-junio de 2005.<\/div><div>En este documento Isaac Bleger reconoce la autonom\u00eda propia de las organizaciones cooperativas para destacar la implicancia de los procesos de gesti\u00f3n en t\u00e9rminos de las estructuras prevalecientes. Mirta Vuotto, por su parte, presenta una referencia a los conceptos centrales utilizados por Claude Vienney para considerar la forma empresarial de las organizaciones cooperativas y las reglas propias de su funcionamiento.<\/div><div>\u00a0<\/div><div><strong>N\u00daMERO 48.\u00a0<a href=\"http:\/\/bibliotecadigital.econ.uba.ar\/?c=docin&amp;a=d&amp;d=docin_cesot_048\" target=\"_blank\" rel=\"noopener\">TRES CONCEPTOS ESTRAT\u00c9GICOS PARA LA ORIENTACI\u00d3N DE COOPERATIVAS. V\u00cdNCULOS, TRANSPARENCIA Y COGNICI\u00d3N.<\/a>\u00a0Brett Fairbairn.\u00a0<\/strong>enero-marzo de 2005.<\/div><div>En este art\u00edculo Brett Fairbairn cuestiona las diversas distinciones que habitualmente se establecen en la gesti\u00f3n cooperativista entre lo social y lo econ\u00f3mico. Al destacar que tales distinciones producen una visi\u00f3n empobrecida de lo que las cooperativas pueden verdaderamente hacer, propone una manera m\u00e1s adecuada de concebir la direcci\u00f3n estrat\u00e9gica, sustentada en un enfoque integrado en el cual las metas sociales se obtienen por medio de actividades econ\u00f3micas, y en el que la membres\u00eda de la cooperativa es el lugar donde se encuentran las funciones sociales y las econ\u00f3micas.<\/div><div>\u00a0<\/div><div><strong>N\u00daMERO 47. LA GESTION ESTRAT\u00c9GICA DE LAS COOPERATIVAS Y DE LA ASOCIACI\u00d3N DE LA ECONOM\u00cdA SOCIAL. Marie-Claire Malo.\u00a0<\/strong>octubre- diciembre de 2004.<\/div><div>Este texto est\u00e1 referido a la especificidad de la gobernanza de las cooperativas. La autora considera que para estas empresas de \u201cpartes interesadas\u201d (stakeholders), el proceso de decisi\u00f3n estrat\u00e9gica se presenta de manera m\u00e1s compleja que en las empresas cl\u00e1sicas de capital. Subraya el papel de la ideolog\u00eda y la utop\u00eda como elementos que impulsan el control y desarrollo, y analiza los factores esenciales que tienen influencia sobre las orientaciones estrat\u00e9gicas de la empresa cooperativa. Su an\u00e1lisis se centra en la empresa para focalizar las implicancias relativas a la gesti\u00f3n en las cooperativas.<\/div><div>\u00a0<\/div><div><strong>N\u00daMERO 46. EL ROL EMERGENTE DE LOS INTERMEDIARIOS SOCIALES EN LA NUEVA ECONOM\u00cdA. Michael J.Piore.<\/strong>\u00a0julio-septiembre de 2004.<\/div><div>El documento analiza el rol de las instituciones que median entre la econom\u00eda y otras \u00e1reas de la actividad social. El autor considera el papel de los intermediarios sociales a la luz de la visi\u00f3n de economistas como Marx, Schumpeter, Weber y Polanyi, para focalizar luego los aspectos referidos a la comunicaci\u00f3n y coordinaci\u00f3n. El texto concluye con una referencia a los mercados, las cadenas de provisi\u00f3n y los distritos industriales.<\/div><div>\u00a0<\/div><div><strong>N\u00daMERO 45. LAS LECCIONES DE LA EXPERIENCIA DE MONDRAGON PARA LA ECONOM\u00cdA SOLIDARIA DEL CONO SUR. PARTE II. Ant\u00f4nio Cruz, Alessandra Cardoso.\u00a0<\/strong>abril-junio de 2004.<br \/>\u00a0<\/div><div>A la luz de la experiencia de Mondrag\u00f3n los autores extraen lecciones v\u00e1lidas para las iniciativas de econom\u00eda solidaria en Am\u00e9rica Latina y consideran las condiciones de supervivencia y mantenimiento de las iniciativas actuales.<\/div><div>\u00a0<\/div><div><strong>N\u00daMERO\u00a044. LAS LECCIONES DE LA EXPERIENCIA DE MONDRAGON PARA LA ECONOM\u00cdA SOLIDARIA DEL CONO SUR. PARTE I. Ant\u00f4nio Cruz, Alessandra Cardoso.<\/strong>\u00a0enero-marzo de 2004.<\/div><\/div><\/div><\/div><p>Desde una perspectiva cr\u00edtica e hist\u00f3rica los autores presentan el esquema asociativo que sustenta el complejo cooperativo de Mondrag\u00f3n, en el Pa\u00eds Vasco, en el norte de Espa\u00f1a. La experiencia pone de manifiesto el alcance del proceso de democratizaci\u00f3n en virtud de la forma de cooperativa autogestionaria que detentan sus empresas.<\/p><p><strong>N\u00daMERO 43. COOPERATIVISMO Y DESARROLLO ENERG\u00c9TICO EN LA ARGENTINA: EL CASO DE LA COOPERATIVA EL\u00c9CTRICA DE LAS FLORES, 1934 \u2013 1950 . Luis La Scaleia.\u00a0<\/strong>octubre \u2013 diciembre de 2003<\/p><p>A partir de un estudio de caso se analiza la emergencia del cooperativismo el\u00e9ctrico en la Argentina, en particular en la Provincia de Buenos Aires en las d\u00e9cadas de 1930 y 1940. Se examina espec\u00edficamente la experiencia de la Cooperativa El\u00e9ctrica de Las Flores (CELF) entre los a\u00f1os 1934 y 1950.\u00a0A trav\u00e9s de distintas variables el estudio da cuenta de los motivos de su creaci\u00f3n, las modalidades y estrategias a partir de las que concret\u00f3 su puesta en marcha, as\u00ed como los alcances y limitaciones de su desenvolvimiento.<\/p><p><strong>N\u00daMERO 42. DIN\u00c1MICA DE LAS RELACIONES LABORALES EN LA ADMINISTRACI\u00d3N P\u00daBLICA NACIONAL 1991-2002. EL CASO DE LA COMISI\u00d3N PERMANENTE PARA LA CARRERA ADMINISTRATIVA. Estela Reymondes.\u00a0<\/strong>julio \u2013 septiembre de 2003<\/p><p>A partir de los cambios en las relaciones laborales de la administraci\u00f3n p\u00fablica argentina que se producen a partir de la reforma administrativa en la d\u00e9cada de 1990 el documento focaliza la creaci\u00f3n e implementaci\u00f3n del escalaf\u00f3n para el personal de la Administraci\u00f3n P\u00fablica Central a partir de 1991 y la posterior incorporaci\u00f3n de la Administraci\u00f3n P\u00fablica Nacional en el r\u00e9gimen de Negociaci\u00f3n Colectiva, en 1992. Se indaga el alcance de las transformaciones ocurridas en la din\u00e1mica organizacional de la Administraci\u00f3n P\u00fablica Nacional a partir del Sistema Nacional para la Profesi\u00f3n Administrativa.<\/p><p><strong>N\u00daMERO 41. GESTI\u00d3N DE EMPRESAS INNOVADORAS: LAS INCUBADORAS DE EMPRESAS EN ARGENTINA. Valeria Logegaray.\u00a0<\/strong>abril \u2013 junio de 2003<\/p><p>En el documento se analizan algunas de las experiencias que han tenido lugar en la Argentina a la luz de las caracter\u00edsticas principales de las incubadoras y de las empresas que se encuentran incubando. A partir de una introducci\u00f3n al fen\u00f3meno de las incubadoras de empresas en al \u00e1mbito mundial se considera el estado actual de las incubadoras en la Argentina y se presenta el an\u00e1lisis de casos.<\/p><p><strong>N\u00daMERO 40. UN ESPACIO COMPLEMENTARIO ENTRE LA UNIVERSIDAD Y LA SOCIEDAD: APRENDIZAJES Y DESAF\u00cdOS DE EXPERIENCIAS LLEVADAS A CABO EN ARGENTINA Y CANADA.\u00a0<\/strong>enero-marzo 2003<\/p><p>El documento recoge las presentaciones realizadas en un seminario organizado por el Centro de Estudios de Sociolog\u00eda del Trabajo que tuvo lugar el 26 de noviembre de 2002. En el mismo participaron Jorge Schvarzer, Secretario de Investigaci\u00f3n y Doctorado de la Facultad de Ciencias Econ\u00f3micas ; Magdalena Chiara, Directora del Instituto del Conurbano de la Universidad Nacional General Sarmiento; Noem\u00ed Bordoni, Directora de la Maestr\u00eda en Salud P\u00fablica de la Universidad de Buenos Aires y profesora de la C\u00e1tedra de Odontolog\u00eda Preventiva y Comunitaria de la Facultad de Odontolog\u00eda; Dar\u00edo Doria productor-director cinematogr\u00e1fico; Denis L\u00b4Anglais, Delegado de la Provincia de Quebec en Argentina; Yves Vaillancourt Director del Laboratorio de Investigaci\u00f3n sobre las Pr\u00e1cticas y las Pol\u00edticas Sociales de la Universidad de Qu\u00e9bec en Montreal; Marguerite Mendell, Directora adjunta y profesora de la Escuela de Asuntos P\u00fablicos y Comunitarios de la Universidad Concordia en Canad\u00e1; y Fr\u00e9d\u00e9ric Lesemann, profesor del Instituto Nacional de la Investigaci\u00f3n Cient\u00edfica y de Pol\u00edticas Sociales en la Universidad de Montreal en Canad\u00e1.<\/p><p><strong>N\u00daMERO 39. EL \u201cPARTENARIADO\u201d: UNA ACENTUADA TENDENCIA DE LA NUEVA GOBERNANZA EN LA ERA DE LA MUNDIALIZACI\u00d3N Apuestas y desaf\u00edos para las empresas p\u00fablicas y de econom\u00eda social Beno\u00eet L\u00e9vesque.\u00a0<\/strong>octubre \u2013 diciembre de 2002<\/p><p>En este art\u00edculo se dejar entrever la nueva pertinencia del partenariado y de las distintas formas de cooperaci\u00f3n para las empresas que se inscriben en la econom\u00eda social y la econom\u00eda p\u00fablica. Por un lado se caracterizan las diversas modalidades de coordinaci\u00f3n de la actividad econ\u00f3mica, lo que permite especificar las nuevas formas de cooperaci\u00f3n tales como las redes y el partenariado, respecto de otras formas organizacionales como los holdings e incluso los c\u00e1rteles. Por otra parte, se ubican las nuevas formas de cooperaci\u00f3n entre las empresas dentro de lo que se piensa es un nuevo modelo de desarrollo. Se intenta, de este modo, delimitar los riesgos y desaf\u00edos de estas nuevas modalidades de coordinaci\u00f3n de la actividad econ\u00f3mica para las empresas de econom\u00eda p\u00fablica y de econom\u00eda social.<\/p><p><strong>N\u00daMERO 38. PRESENTACI\u00d3N DEL LIBRO LA ECONOM\u00cdA SOCIAL EN EL NORTE Y EN EL SUR.<\/strong>\u00a0junio-agosto de 2002<\/p><p>El documento es el resultado de los comentarios vertidos por Jos\u00e9 Luis Coraggio, Alejandro Rofman e Yves Vaillancourt en la Mesa Redonda organizada por el Centro de Estudios de Sociolog\u00eda del Trabajo el 3 de diciembre de 2001 en la Facultad de Ciencias Econ\u00f3micas UBA con motivo de la publicaci\u00f3n en espa\u00f1ol del libro LA ECONOMIA SOCIAL EN EL NORTE Y EN EL SUR.<br \/>Esta obra, primera en su g\u00e9nero, se propone abarcar de una sola mirada la econom\u00eda social tal como se afirma hoy al Norte y al Sur del planeta. Presenta las realizaciones de la econom\u00eda social en sectores tan importantes como la salud, el ahorro y el cr\u00e9dito, el comercio internacional o la lucha contra el desempleo.<br \/>Los compiladores son Jacques Defourny, Patrick Develtere &amp; B\u00e9n\u00e9dicte Fonteneau y la versi\u00f3n en castellano estuvo a cargo de Mirta Vuotto.<\/p><p><strong>N\u00daMERO 37. EL CASO DE LA COOPERATIVA CIAM \u00bfESTRATEGIA EMPRESARIAL O ESTRATEGIA ASOCIATIVA?. Mirta Vuotto, Mar\u00eda Cristina Acosta.\u00a0<\/strong>abril-mayo de 2002<\/p><p>Se trata de un estudio de caso de la Cooperativa Industrial Metal\u00fargica Juli\u00e1n Moreno, la que inici\u00f3 sus actividades como cooperativa de trabajo en 1997. El estudio intenta comprender la particularidad y complejidad de la organizaci\u00f3n CIAM en cuanto a su origen, la extracci\u00f3n socio profesional de los asociados y el activo rol que ha jugado en su conformaci\u00f3n el sindicato Uni\u00f3n Obrera Metal\u00fargica. Se focalizan, adem\u00e1s, los aspectos organizacionales que permiten distinguir a la cooperativa de las empresas privadas con fines de lucro.<\/p><p><strong>N\u00daMERO 36. EL CASO DE QUEBEC: LA FRAGIL EMERGENCIA DE UNA NUEVA REGULACI\u00d3N SOLIDARIA. Yves Vaillancourt \u2013 Francois Aubry \u2013 Cristian Jett\u00e9 \u2013 Louise Tremblay.\u00a0<\/strong>enero \u2013 marzo 2002<\/p><p>Los autores presentan una breve relectura hist\u00f3rica de las relaciones entre la econom\u00eda social y el \u00e1mbito de la salud y del bienestar, antes y durante el auge de Estado Benefactor, haciendo tambi\u00e9n referencia a su crisis y transformaci\u00f3n. Se aporta una visi\u00f3n de las investigaciones realizadas sobre el lugar que ocupa la econom\u00eda social en tres campos de servicios a las personas: servicios de guarda para la infancia, servicios a domicilio y vivienda social.<\/p><p><strong>N\u00daMERO 35. LAS ESCUELAS COOPERATIVAS Y LA DEMOCRATIZACI\u00d3N EDUCATIVA. Mariana Alonso Br\u00e1.\u00a0<\/strong>noviembre \u2013 diciembre 2001.<\/p><p>Se plantea una reflexi\u00f3n acerca del tema de la democratizaci\u00f3n de la educaci\u00f3n analizando las principales caracter\u00edsticas de un modelo educativo instituido, su asociaci\u00f3n a esta dimensi\u00f3n estructural, y la importancia de las escuelas-cooperativas y de otras experiencias asociativas alternativas.<\/p><p><strong>N\u00daMERO 34. LA PASANT\u00cdA COMO RECURSO DE APRENDIZAJE DENTRO DE LAS ORGANIZACIONES: LA PERCEPCI\u00d3N DE LOS ESTUDIANTES UNIVERSITARIOS. Mar\u00eda Cristina Acosta \u2013 Mirta Vuotto.\u00a0<\/strong>septiembre \u2013 octubre 2001.<\/p><p>El documento hace referencia a las pasant\u00edas no rentadas vigentes en el sistema educativo nacional, especialmente las de nivel universitario, presentando los resultados de un estudio emp\u00edrico que recoge la opini\u00f3n de 137 pasantes respecto de las caracter\u00edsticas del trabajo que desempe\u00f1an, as\u00ed como las expectativas y las posibilidades de aprendizaje que esta pr\u00e1ctica les brinda.<\/p><p><strong>N\u00daMERO 33. ORGANIZACIONES SIN FINES DE LUCRO Y ECONOM\u00cdA SOCIAL : DOS CONCEPCIONES DEL \u201cTERCER SECTOR\u201d. Sybille Mertens.<\/strong>\u00a0julio \u2013 agosto 2001.<\/p><p>Con el fin de justificar la aparici\u00f3n en las tradiciones anglosajona y franc\u00f3fona de dos concepciones diferentes de \u201ctercer sector\u201d, este trabajo desarrolla una clarificaci\u00f3n conceptual que refiere al conjunto de organizaciones que no son ni capitalistas ni estatales, intentando completar el enfoque desarrollado por B.Gui.<\/p><p><strong>N\u00daMERO 32. EL ROL DE LAS ORGANIZACIONES CARITATIVAS EN EL CAMPO DEL EMPLEO EN ARGENTINA. Mirta Vuotto \u2013 Mar\u00eda Cristina Acosta \u2013\u00a0<\/strong>mayo \u2013 Junio 2001.<\/p><p>En el documento se presentan los resultados de una investigaci\u00f3n realizada con el prop\u00f3sito de analizar la din\u00e1mica y funcionamiento de las organizaciones caritativas en el campo del empleo tomando en cuenta sus objetivos, estructura y caracter\u00edsticas de los sectores a los que atienden.<\/p><p><strong>N\u00daMERO 31. DESARROLLO COOPERATIVO Y ENTORNO INSTITUCIONAL. EL CASO DEL COOPERATIVISMO DE TRABAJO EN LA PROVINCIA DE BUENOS AIRES.<\/strong><strong>\u00a0Mar\u00eda Cecilia Roggi\u00a0<\/strong>\u2013 marzo \u2013 abril de 2001.<\/p><p>El trabajo da cuenta del notable crecimiento del sector cooperativo en el \u00e1mbito provincial en los \u00faltimos quince a\u00f1os el cual se ha visto impulsado por diversos factores pol\u00edticos, sociales, culturales y econ\u00f3micos.<br \/>A su vez, se pone especial \u00e9nfasis en el rol desempe\u00f1ado por el Estado a trav\u00e9s de la creaci\u00f3n del Instituto Provincial de Acci\u00f3n Cooperativa.<\/p><p><strong>N\u00daMERO 30. LA PRESTACI\u00d3N DE SERVICIOS A TRAVES DE LAS COOPERATIVAS EL\u00c9CTRICAS: EL CASO DE LA PROVINCIA DE BUENOS AIRES. Liana Mar\u00eda Acosta \u2013\u00a0<\/strong>enero \u2013 febrero 2001.<\/p><p>El documento presenta los resultados de un relevamiento que permiti\u00f3 elaborar un padr\u00f3n de las cooperativas el\u00e9ctricas que brindan ese servicio en las localidades urbanas y rurales de la provincia de Buenos Aires,<br \/>caracterizando la dimensi\u00f3n del sector y el tipo de prestaciones ofrecidas.<\/p><p><strong>N\u00daMERO 29. ENCUENTRO DE INVESTIGADORES LATINOAMERICANOS. IDENTIDAD COOPERATIVA PARA EL NUEVO MILENIO \u2013\u00a0<\/strong>diciembre 2000.<\/p><p>El documento contiene la s\u00edntesis de los trabajos presentados en el l Encuentro de Investigadores Latinoamericanos en Cooperativismo. Los mismos abordan tem\u00e1ticas relativas a la particularidad de las Cooperativas de Servicios P\u00fablicos, de Cr\u00e9dito, Agropecuarias y de Trabajo en Argentina, Brasil, Chile y Ecuador.<\/p><p><b><strong>N\u00daMERO\u00a0<\/strong>28. EL ALCANCE Y PERSPECTIVAS DE UNA INICIATIVA FINANCIERA EN ARGENTINA: EL FONDO DE INVERSI\u00d3N PARA EL DESARROLLO Y LA CONSOLIDACI\u00d3N DE LA EMPRESA COOPERATIVA<\/b>.\u00a0<strong>Mirta Vuotto.\u00a0<\/strong>octubre-noviembre 2000.<\/p><p>Se consideran las caracter\u00edsticas relativas a la estructura del Fondo de Inversi\u00f3n para el Desarrollo y la Consolidaci\u00f3n de la Empresa Cooperativa, constituido en Argentina en 1999, describiendo sus objetivos espec\u00edficos y el rol de los principales actores involucrados.<\/p><p><strong>N\u00daMERO 27. LA PROMOCI\u00d3N DE LA CAPACITACI\u00d3N DE RECURSOS HUMANOS EN LAS EMPRESAS: EL R\u00c9GIMEN DE CREDITO FISCAL. Claudio Fardelli, Andrea Levin, Griselda Verbeke-\u00a0<\/strong>agosto.- septiembre 2000.<\/p><p>Este trabajo indaga las caracter\u00edsticas y modalidades que ha adoptado el programa de cr\u00e9dito fiscal para capacitaci\u00f3n en las empresas implementado en Argentina entre 1995 y 1999, analizando las modificaciones a las que se ha visto sujeto el programa y la gesti\u00f3n desarrollada por las distintas autoridades de aplicaci\u00f3n durante ese per\u00edodo.<\/p><p><strong>N\u00daMERO 26. LA NUEVA ECONOM\u00cdA SOCIAL: DEMOCRATIZACI\u00d3N LABORAL Y DEMOCRATIZACI\u00d3N ECON\u00d3MICA EN QUEBEC. Solange van Kemenade \u2013 Louis Favreau \u2013\u00a0<\/strong>junio- julio 2000<strong>.<\/strong><\/p><p>El trabajo da a conocer el potencial de la Econom\u00eda Social como generadora de empleos de calidad. Reflexiona sobre la nueva Econom\u00eda Social en Canad\u00e1 y su capacidad para generar formas originales de cohesi\u00f3n social, instaurando las bases para discutir las condiciones necesarias de un nuevo contrato social.<\/p><p><strong>N\u00daMERO 25. LAS ORGANIZACIONES ESPECIALIZADAS EN RECURSOS HUMANOS Y SU DESEMPE\u00d1O EN LAS B\u00daSQUEDAS LABORALES. Mar\u00eda Cristina Acosta \u2013 Mirta Vuotto \u2013\u00a0<\/strong>abril \u2013 mayo 2000.<\/p><p>Este trabajo, realizado a partir de un relevamiento emp\u00edrico, caracteriza el funcionamiento de las consultoras especializadas en RRHH, analizando las modalidades de su accionar interno, la orientaci\u00f3n espec\u00edfica, los factores contextuales y su vinculaci\u00f3n con el medio ambiente.<\/p><p><strong>N\u00daMERO\u00a024. LA BANCA COOPERATIVA EN ARGENTINA SU DESEMPE\u00d1O ENTRE 1993 y 1999. Daniel Kampel \u2013 Mirta Vuotto \u2013<\/strong>\u00a0enero-marzo 2000.<\/p><p>El trabajo presenta una breve descripci\u00f3n sobre la situaci\u00f3n de la banca cooperativa y sus perspectivas en el actual contexto del sistema financiero. Se revisan los principales antecedentes del movimiento cooperativo de cr\u00e9dito para describir luego las caracter\u00edsticas f\u00edsicas de los bancos cooperativos supervivientes en 1999 y su operatoria.<\/p><p><strong>N\u00daMERO 23. EL CARACTER DE LA FISCALIZACI\u00d3N EN LAS ORGANIZACIONES COOPERATIVAS. Andrea Lev\u00edn -Griselda Verbeke \u2013\u00a0<\/strong>noviembre- diciembre 1999.<\/p><p>El art\u00edculo centra su atenci\u00f3n en el tema de la regulaci\u00f3n y fiscalizacion p\u00fablica que se ejerce sobre las iniciativas cooperativas en Argentina. Analiza los antecedentes que se remiten a la ley 11.388 sancionada en el a\u00f1o 1926 y sus efectos sobre el desarrollo del sector para enumerar luego las dificultades resultantes de la aplicaci\u00f3n de los mecanismos de fiscalizaci\u00f3n.<\/p><p><strong>N\u00daMERO 22. COOPERATIVAS, EMPRENDIMIENTOS COLECTIVOS Y DESARROLLO LOCAL. Yohanan Stryjan \u2013\u00a0<\/strong>septiembre-octubre 1999.<\/p><p>El objetivo del art\u00edculo consiste en relacionar el actual discurso sobre el empresariado con el discurso de la acci\u00f3n cooperativa, en un contexto de desarrollo regional y local.<br \/>Parte del concepto de empresariado como funci\u00f3n econ\u00f3mica y explora las \u00e1reas compartidas por ambos discursos, con especial atenci\u00f3n al fen\u00f3meno de los emprendimientos colectivos.<\/p><p><strong>N\u00daMERO 21. LA VENTAJA COOPERATIVA. Roger Spear \u2013<\/strong>\u00a0julio \u2013 agosto 1999.<\/p><p>Este trabajo analiza la \u201cventaja cooperativa\u201d, considerando la emergencia y el desempe\u00f1o de las organizaciones sin fines de lucro, ampliando el an\u00e1lisis para examinar la importancia de la confianza y el capital social y considerando otros rasgos y valores estructurales de estas organizaciones que pueden contribuir a dicha ventaja.<\/p><p><strong>N\u00daMERO 20. UN SIGLO DE HISTORIA COOPERATIVA. Delphine Mignot \u2013 Jacques Defourny \u2013 Andr\u00e9 Leclerc \u2013\u00a0<\/strong>mayo-junio 1999.<\/p><p>Este trabajo utiliza el banco de datos de la Alianza Cooperativa Internacional a fin de delinear la evoluci\u00f3n de la poblaci\u00f3n cooperativa internacional, discriminando cuatro per\u00edodos que corresponden a etapas distintas en el desarrollo de la ACI desde el a\u00f1o 1896.<\/p><p><strong>N\u00daMERO 19. LA ECONOM\u00cdA SOCIAL EN ESPA\u00d1A. Jos\u00e9 Luis Monz\u00f3n Campos \u2013\u00a0<\/strong>marzo \u2013 abril 1999.<\/p><p>Disertaci\u00f3n realizada en el a\u00f1o 1999 en la Facultad de Ciencias Econ\u00f3micas de la Universidad de Buenos Aires por J.L. Monz\u00f3n Campos acerca de la particularidad de la Econom\u00eda Social en Espa\u00f1a, sus aportes en la creaci\u00f3n de empleo a trav\u00e9s de las empresas de trabajo asociado y las perspectivas futuras del sector.<\/p><p><strong>N\u00daMERO 18. LA ECONOM\u00cdA SOCIAL EN B\u00c9LGICA. Sophie Adam \u2013\u00a0<\/strong>enero \u2013 febrero 1999.<\/p><p>Se transcribe la disertaci\u00f3n realizada en el a\u00f1o 1998 por Sophie Adam en la Facultad de Ciencias Econ\u00f3micas de la Universidad de Buenos Aires acerca de la especificidad de la Econom\u00eda Social Belga, su significaci\u00f3n en t\u00e9rminos econ\u00f3micos y sociales y el tipo de actividades desarrollado por las cooperativas, mutualidades y asociaciones.<\/p><p><strong>N\u00daMERO 17. ECONOM\u00cdA POPULAR EN EL SUR, TERCER SECTOR EN EL NORTE. Marthe Nyssens \u2013\u00a0<\/strong>noviembre 1998.<\/p><p>El art\u00edculo compara las realidades del sector denominado informal en los pa\u00edses del sur, analizando en paralelo los movimientos de econom\u00eda popular en Santiago de Chile y los de Econom\u00eda Social en el caso de B\u00e9lgica y poniendo en evidencia las similitudes de las evoluciones condicionadas por los modos de regulaci\u00f3n dominantes. Realiza un an\u00e1lisis hist\u00f3rico acerca de la emergencia y evoluci\u00f3n del sector abordando sus principales desaf\u00edos.<\/p><p><strong>N\u00daMERO 16. EXPERIENCIAS EMPRESARIALES Y RESPONSABILIDAD SOCIAL. Mesa redonda \u2013\u00a0<\/strong>octubre 1998.<\/p><p>El documento presenta las ponencias de la mesa redonda que tuvo lugar el 11 de agosto de 1998 en la Facultad de Ciencias Econ\u00f3micas con la finalidad de dar a conocer experiencias de empresas que, adem\u00e1s de ser exitosas econ\u00f3micamente, han desarrollado culturas organizacionales innovadoras, agregando un \u201cvalor social\u201d a su accionar, es decir, realizando acciones solidarias orientadas a sectores sociales d\u00e9biles.<\/p><p><strong>N\u00daMERO 15. LA CAPACITACI\u00d3N EN LAS EMPRESAS. Mirta Vuotto \u2013\u00a0<\/strong>septiembre 1998.<\/p><p>Este trabajo fue realizado en el marco del Proyecto de Investigaci\u00f3n en las C\u00e1tedras (PROINC) auspiciado por la Secretar\u00eda de Investigaci\u00f3n de la Facultad de Ciencias Econ\u00f3micas durante el a\u00f1o 1997.<br \/>Su prop\u00f3sito consisti\u00f3 en identificar la diversidad de las actividades de capacitaci\u00f3n que se implementan en un conjunto de organizaciones empresariales, a fin de caracterizar sus modalidades y alcance.<\/p><p><strong>N\u00daMERO 14. LA L\u00d3GICA ECON\u00d3MICA DEL TERCER SECTOR. Benedetto Gui \u2013<\/strong>\u00a0agosto 1998.<\/p><p>Este texto sugiere un enfoque unitario del Tercer Sector, consider\u00e1ndolo como integrado por organizaciones en las que una categor\u00eda de agentes, diferentes de los inversores, se atribuye la calidad de beneficiarios expl\u00edcitos,<br \/>intencionales de la actividad econ\u00f3mica de la organizaci\u00f3n.<br \/>Propone una clasificaci\u00f3n de las micro-organizaciones econ\u00f3micas, que permiten distinguir de manera clara al Tercer Sector del sector capitalista y dentro del primero a las organizaciones de inter\u00e9s general y las organizaciones de inter\u00e9s mutuo.<\/p><p><strong>N\u00daMERO 13. LA DELEGACI\u00d3N DE LOS SERVICIOS P\u00daBLICOS: DEL GOBIERNO LOCAL A LAS ASOCIACIONES. Bernard Gachet \u2013\u00a0<\/strong>julio 1998.<\/p><p>En este trabajo se analiza el sector p\u00fablico nacional o local, que no posee el monopolio del inter\u00e9s general. Se afirma que las instituciones sin fines de lucro, particularmente las asociaciones, pueden tener fines coincidentes con aquellos de las autoridades p\u00fablicas.<br \/>Se revisa el sistema comunal franc\u00e9s en el que algunos bienes colectivos son provistos simult\u00e1neamente por los municipios y por las asociaciones.<\/p><p><strong>N\u00daMERO 12. CONCENTRACI\u00d3N EMPRESARIAL E INTERNACIONALIZACI\u00d3N. Juan Juli\u00e1 Igual \u2013 Manuela Fern\u00e1ndez Mendez \u2013<\/strong>\u00a0junio 1998.<\/p><p>Este trabajo realiza un examen del cooperativismo agrario, que cobra actualmente mayor relieve en el marco de la nueva pol\u00edtica agraria que intenta apoyar a sus agricultores frente a las dificultades que deber\u00e1n afrontar en los pr\u00f3ximos a\u00f1os.<br \/>Se parte de los cambios que se vienen produciendo en la agricultura europea y en particular espa\u00f1ola, y en los mercados que configuran un nuevo escenario donde estas empresas pueden jugar un papel clave.<\/p><p><strong>N\u00daMERO 11. EL PROBLEMA DEL SOSTENIMIENTO DE LAS ORGANIZACIONES CAMPESINAS. Mar\u00eda I. Alfaro \u2013\u00a0<\/strong>mayo 1998.<\/p><p>El documento explicita los elementos de un modelo anal\u00edtico que articula el plano te\u00f3rico y metodol\u00f3gico y facilita el abordaje de los fen\u00f3menos vinculados al sostenimiento de procesos propios de las organizaciones campesinas.<br \/>Se describen las dificultades planteadas en la elaboraci\u00f3n del instrumento, se indican las hip\u00f3tesis orientadoras y se presentan los resultados alcanzados a fin de mostrar algunos de los productos obtenidos a partir de la aplicaci\u00f3n de la estrategia de investigaci\u00f3n.<\/p><p><strong>N\u00daMERO 10.\u00a0<a href=\"http:\/\/bibliotecadigital.econ.uba.ar\/?c=docin&amp;a=d&amp;d=docin_cesot_010\" target=\"_blank\" rel=\"noopener\">FORMULACI\u00d3N DE PROYECTOS DE MICROEMPRESAS<\/a>. Enrique Guglielmi \u2013\u00a0<\/strong>abril 1998.<\/p><p>Esta gu\u00eda fue utilizada como material did\u00e1ctico y de tutor\u00eda en cursos de capacitaci\u00f3n orientados a personas interesadas en iniciar y desarrollar un microemprendimiento.<br \/>El autor propone elementos para aquellos que adquirieron los conocimientos b\u00e1sicos para desarrollar un negocio y conducir su empresa a buen fin. Se sugieren herramientas para formular el proyecto y conocer su factibilidad econ\u00f3mico-financiera.<\/p><div><strong>N\u00daMERO 9.\u00a0<a href=\"http:\/\/bibliotecadigital.econ.uba.ar\/?c=docin&amp;a=d&amp;d=docin_cesot_009\" target=\"_blank\" rel=\"noopener\">COMPRENDIENDO A LAS COOPERATIVAS<\/a>. Yohanan Stryjan \u2013\u00a0<\/strong>marzo 1998.<\/div><div>El art\u00edculo presenta la perspectiva de reproducci\u00f3n aplicada al estudio de las organizaciones cooperativas. Dicha \u00f3ptica propone un marco conceptual orientado sobre los procesos, para estudiar los problemas de estabilidad organizativa y de transformaci\u00f3n en las organizaciones autogestionadas.<br \/>Atribuye un papel central al concepto de socio y a los aportes de los miembros.T\u00edtulo original del art\u00edculo Understanding Cooperatives: The reproduction Perspective. in Annals of Public and Cooperative Economics Vol 65 No1\/1994.<\/div><div>\u00a0<\/div><div><strong>N\u00daMERO 8.\u00a0<a href=\"http:\/\/bibliotecadigital.econ.uba.ar\/?c=docin&amp;a=d&amp;d=docin_cesot_008\" target=\"_blank\" rel=\"noopener\">ACERCA DE LA VIDA ASOCIATIVA: LA PARTICULARIDAD DE LAS COOPERADORAS ESCOLARES.<\/a>\u00a0Claudio Fardelli Corropolese \u2013\u00a0<\/strong>febrero 1998.<\/div><div>El informe presenta resultados de la investigaci\u00f3n realizada sobre las asociaciones cooperadoras escolares en Argentina.<br \/>Se analizan sus caracter\u00edsticas, misi\u00f3n, administraci\u00f3n, funci\u00f3n social, potencialidad y aporte al sistema educativo, para destacar el rol que desempe\u00f1an estas asociaciones como \u00e1mbito fundamental de interacci\u00f3n entre escuela y comunidad escolar.<\/div><div>\u00a0<\/div><div><strong>N\u00daMERO 7.\u00a0<a href=\"http:\/\/bibliotecadigital.econ.uba.ar\/?c=docin&amp;a=d&amp;d=docin_cesot_007\" target=\"_blank\" rel=\"noopener\">PARA LA COMPRENSI\u00d3N DE LA VIDA ASOCIATIVA: LA PARTICULARIDAD DE LAS ASOCIACIONES RELIGIOSAS<\/a>. Mirta Vuotto \u2013 Mar\u00eda Cristina Acosta \u2013\u00a0<\/strong>enero 1998.<\/div><div>\u00a0<\/div><div>El documento expone las principales referencias te\u00f3ricas que permiten caracterizar la dimensi\u00f3n econ\u00f3mica y sociol\u00f3gica de las asociaciones, de modo de identificar su rol, funciones, comportamientos y l\u00f3gicas de acci\u00f3n.<br \/>Sobre estas referencias se considera la particularidad de las asociaciones religiosas y el conjunto de factores que permiten comprender su desempe\u00f1o organizacional.<\/div><div>\u00a0<\/div><div><strong>N\u00famero Especial.<\/strong><br \/><strong><a href=\"http:\/\/bibliotecadigital.econ.uba.ar\/?c=docin&amp;a=d&amp;d=docin_cesot_ne\" target=\"_blank\" rel=\"noopener\">LA ECONOM\u00cdA P\u00daBLICA, SOCIAL Y COOPERATIVA AL SERVICIO DEL INTER\u00c9S GENERAL.<\/a>\u00a0\u2013\u00a0<\/strong>diciembre 1997.<\/div><div>Este n\u00famero fue editado con motivo del 50 aniversario del CIRIEC.Incluye tres documentos: La conferencia de M. Rocard sobre la econom\u00eda sin fines lucrativos dictada en el coloquio del CIRIEC.<br \/>En ella se hace referencia al car\u00e1cter de las necesidades a las que deben responder las organizaciones de la econom\u00eda social en el marco del disfuncionamiento del sistema capitalista.<br \/>Una introducci\u00f3n a la obra Structural Changes and General Interest: Which Paradigms for the Public, Social and Cooperative Economy?. Ed. by L. Monnier and B.<br \/>Thiry en la que se plantea el tema de la articulaci\u00f3n entre el inter\u00e9s del individuo con el inter\u00e9s general y la significaci\u00f3n de los intereses generales y los per\u00edmetros de solidaridad.<br \/>Una rese\u00f1a de la trayectoria del CIRIEC, publicada en el documento \u201c1947-1997. 50 years in the life of CIRIEC\u201d.<\/div><div>\u00a0<\/div><div><strong>N\u00daMERO 6.\u00a0<a href=\"http:\/\/bibliotecadigital.econ.uba.ar\/?c=docin&amp;a=d&amp;d=docin_cesot_006\" target=\"_blank\" rel=\"noopener\">EL COOPERATIVISMO ARGENTINO EN CIFRAS, TENDENCIAS EN SU EVOLUCION: 1927-1997<\/a>. Andrea Levin \u2013 Griselda Verbeke \u2013\u00a0<\/strong>diciembre 1997<strong>.<\/strong><\/div><div>Se presenta una sistematizaci\u00f3n de los registros estad\u00edsticos existentes sobre cooperativas, a fin de aportar informaci\u00f3n actualizada y confiable sobre las tendencias en la evoluci\u00f3n del cooperativismo argentino.<br \/>Se caracteriza la dimensi\u00f3n del sector cooperativo y se especifica la distribuci\u00f3n regional de las entidades y su participaci\u00f3n en los distintos sectores de la actividad econ\u00f3mica, para mostrar los aspectos<br \/>propios de su evoluci\u00f3n entre 1927 y 1977.<\/div><div>\u00a0<\/div><div><strong>N\u00daMERO\u00a05.\u00a0<a href=\"http:\/\/bibliotecadigital.econ.uba.ar\/?c=docin&amp;a=d&amp;d=docin_cesot_005\" target=\"_blank\" rel=\"noopener\">ECONOM\u00cdA P\u00daBLICA Y ECONOM\u00cdA SOCIAL: PERSPECTIVAS PARA EL SIGLO XXI<\/a>. Bernard Thiry \u2013\u00a0<\/strong>noviembre 1997.<\/div><p>Se transcribe el contenido de la conferencia dictada por Bernard Thiry en Argentina, en la que se abord\u00f3 el tema de la econom\u00eda p\u00fablica y de la econom\u00eda social en relaci\u00f3n con el inter\u00e9s general.<br \/>Se brindan elementos que permiten dar cuenta de la significaci\u00f3n e importancia de la econom\u00eda p\u00fablica y se la considera como un sector en franca mutaci\u00f3n, se\u00f1alando el alcance de sus cambios.<br \/>Se hace referencia a la econom\u00eda social, cuyas organizaciones se ubican en la frontera de las actividades comerciales y no comerciales, para destacar su presencia y su diversidad en casi todos los sectores de las actividad econ\u00f3mica.<\/p><p><strong>N\u00daMERO 4.\u00a0<a href=\"http:\/\/bibliotecadigital.econ.uba.ar\/?c=docin&amp;a=d&amp;d=docin_cesot_004\" target=\"_blank\" rel=\"noopener\">LOS CAMBIOS EN LA IMPORTANCIA DE LOS SECTORES PRIVADO LUCRATIVO, NO LUCRATIVO, COOPERATIVO Y P\u00daBLICO<\/a>. Helmut Anheier \u2013 Avner Ben-Ner \u2013\u00a0<\/strong>octubre 1997.<\/p><p>Los autores presentan los cambios en la composici\u00f3n organizacional de las modernas econom\u00edas de mercado. Identifican las razones fundamentales para la existencia de diferentes tipos de organizaciones y adoptan una perspectiva hist\u00f3rica comparativa para mostrar la interrelaci\u00f3n entre los principios b\u00e1sicos de la organizaci\u00f3n de la actividad econ\u00f3mica y el marco pol\u00edtico-econ\u00f3mico en el que tienen lugar. T\u00edtulo original del art\u00edculo Shifting Boundaries. Long-term changes in the size of the for profit, nonprofit, cooperative and government sectors, in Annals of Public and Cooperative Economics Vol 68 No3\/1997.<\/p><p><strong>N\u00daMERO 3.\u00a0<a href=\"http:\/\/bibliotecadigital.econ.uba.ar\/?c=docin&amp;a=d&amp;d=docin_cesot_003\" target=\"_blank\" rel=\"noopener\">EL FUNCIONAMIENTO DE UNA ESTRATEGIA ECON\u00d3MICA DE GENERACI\u00d3N DE EMPLEO EN UNA ECONOMIA MIXTA<\/a>. Brian Burkitt \u2013 Milford Bateman \u2013\u00a0<\/strong>septiembre 1997.<\/p><p>El art\u00edculo analiza los temas relacionados con un programa de subsidio de empleo marginal, que puede resultar \u00fatil para la creaci\u00f3n de empleo local. La evaluaci\u00f3n de esta estrategia se realiza con relaci\u00f3n a la firma autogestionada, y a los fines de la comparaci\u00f3n con su contraparte, la firma capitalista.<br \/>T\u00edtulo original del art\u00edculo The Operation of a Local Economic Strategy of Employment Generation in a Mixed Economy, in Annals of Public and Cooperative Economics Vol 64 No2\/1993.<\/p><p><strong>N\u00daMERO 2.\u00a0<a href=\"http:\/\/bibliotecadigital.econ.uba.ar\/?c=docin&amp;a=d&amp;d=docin_cesot_002\" target=\"_blank\" rel=\"noopener\">LA L\u00d3GICA DE LAS ORGANIZACIONES COOPERATIVAS<\/a>. Johannes Michelsen\u00a0<\/strong>\u2013 agosto 1997.<\/p><p>El art\u00edculo hace referencia a la doble naturaleza de las cooperativas, como empresas y como asociaciones de miembros en una sola forma organizacional, y vincula la teor\u00eda sociol\u00f3gica de la sociedad civil a la teor\u00eda de las cooperativas y de las<br \/>organizaciones del tercer sector en general. Se se\u00f1ala que el desarrollo de las modernas econom\u00edas mixtas resulta de una interacci\u00f3n din\u00e1mica entre las l\u00f3gicas de los tres sectores de la sociedad, que empuja progresivamente a las cooperativas a especializarse como empresas o como asociaciones de miembros. T\u00edtulo original del art\u00edculo The Rationales of Cooperative Organizations.<br \/>Some Suggestions from Scandinavia. in Annals of Public and Cooperative Economics Vol 65 No1\/1994.<\/p><p><strong>N\u00daMERO 1.\u00a0<a href=\"http:\/\/bibliotecadigital.econ.uba.ar\/?c=docin&amp;a=d&amp;d=docin_cesot_001\" target=\"_blank\" rel=\"noopener\">SISTEMAS INTEGRADOS DE CALIDAD<\/a>. Subhash Puri \u2013<\/strong>\u00a0noviembre 1996.<\/p><p>Se publica la conferencia dictada por Subhash Puri en Argentina en el seminario Sistemas Integrados de Calidad, en la que se desarrollan los aspectos concernientes a la construcci\u00f3n y manejo de un sistema.<br \/>Se parte de la gesti\u00f3n de calidad total (TQM) a fin de establecer la comparaci\u00f3n entre las normas ISO 9.000, 9.001 y 14.001 y enfocar los aspectos vinculados al control de proceso propio del an\u00e1lisis de riesgo y puntos cr\u00edticos de control (HACCP).<\/p><\/div>\n\t\t\t\t\t<\/div><div class=\"eael-accordion-list\">\n\t\t\t\t\t<div id=\"contacto\" class=\"elementor-tab-title eael-accordion-header\" tabindex=\"0\" data-tab=\"2\" aria-controls=\"elementor-tab-content-2012\"><span class=\"eael-accordion-tab-title\">Contacto<\/span><span class=\"eael-advanced-accordion-icon-closed\"><i aria-hidden=\"true\" class=\"fa-accordion-icon fas fa-chevron-down\"><\/i><\/span><span class=\"eael-advanced-accordion-icon-opened\"><\/span><\/div><div id=\"elementor-tab-content-2012\" class=\"eael-accordion-content clearfix\" data-tab=\"2\" aria-labelledby=\"contacto\"><h6 class=\"rtecenter\">CENTRO DE\u00a0ESTUDIOS DE LA SOCIOLOG\u00cdA DEL TRABAJO<\/h6><p class=\"rtecenter\">Facultad de Ciencias Econ\u00f3micas \u2013 Universidad de Buenos Aires<\/p><p class=\"rtecenter\">Av. C\u00f3rdoba 2122, Segundo Piso, OFIC. 211 C1120AAQ \u2013 Ciudad de Buenos Aires<\/p><p class=\"rtecenter\">Tel\/fax. (5411) 5285-6918<\/p><p class=\"rtecenter\">E-mail:\u00a0<a href=\"mailto:cesot@fce.uba.ar\">cesot@fce.uba.ar<\/a><\/p><\/div>\n\t\t\t\t\t<\/div><\/div>\t\t\t\t<\/div>\n\t\t\t\t<\/div>\n\t\t\t\t\t<\/div>\n\t\t\t\t<\/div>\n\t\t<div class=\"elementor-element elementor-element-49abd3d9 e-flex e-con-boxed e-con e-parent\" data-id=\"49abd3d9\" data-element_type=\"container\" data-e-type=\"container\">\n\t\t\t\t\t<div class=\"e-con-inner\">\n\t\t\t\t<div class=\"elementor-element elementor-element-4db01974 elementor-widget elementor-widget-spacer\" data-id=\"4db01974\" data-element_type=\"widget\" data-e-type=\"widget\" data-widget_type=\"spacer.default\">\n\t\t\t\t<div class=\"elementor-widget-container\">\n\t\t\t\t\t\t\t<div class=\"elementor-spacer\">\n\t\t\t<div class=\"elementor-spacer-inner\"><\/div>\n\t\t<\/div>\n\t\t\t\t\t\t<\/div>\n\t\t\t\t<\/div>\n\t\t\t\t\t<\/div>\n\t\t\t\t<\/div>\n\t\t\t\t<\/div>\n\t\t","protected":false},"excerpt":{"rendered":"<p>CESOT Documentos &#8211; CESOT DOCUMENTOS DEL CENTRO DE ESTUDIOS DE SOCIOLOG\u00cdA DEL TRABAJO \u00a0 ISSN 1666 \u2013 4892 (documentos en l\u00ednea)ISSN 1666 \u2013 4884 (documentos edici\u00f3n impresa) ACCESO A LA<\/p>\n","protected":false},"author":8,"featured_media":0,"parent":1519,"menu_order":0,"comment_status":"closed","ping_status":"closed","template":"elementor_header_footer","meta":{"footnotes":""},"class_list":["post-2173","page","type-page","status-publish","hentry"],"yoast_head":"<!-- This site is optimized with the Yoast SEO plugin v27.4 - https:\/\/yoast.com\/product\/yoast-seo-wordpress\/ -->\n<title>documentos - Investigaci\u00f3n<\/title>\n<meta name=\"robots\" content=\"index, follow, max-snippet:-1, max-image-preview:large, max-video-preview:-1\" \/>\n<link rel=\"canonical\" href=\"https:\/\/www.economicas.uba.ar\/investigacion\/institutos-y-centros\/cesot\/documentos\/\" \/>\n<meta property=\"og:locale\" content=\"es_ES\" \/>\n<meta property=\"og:type\" content=\"article\" \/>\n<meta property=\"og:title\" content=\"documentos - Investigaci\u00f3n\" \/>\n<meta property=\"og:description\" content=\"CESOT Documentos &#8211; CESOT DOCUMENTOS DEL CENTRO DE ESTUDIOS DE SOCIOLOG\u00cdA DEL TRABAJO \u00a0 ISSN 1666 \u2013 4892 (documentos en l\u00ednea)ISSN 1666 \u2013 4884 (documentos edici\u00f3n impresa) ACCESO A LA\" \/>\n<meta property=\"og:url\" content=\"https:\/\/www.economicas.uba.ar\/investigacion\/institutos-y-centros\/cesot\/documentos\/\" \/>\n<meta property=\"og:site_name\" content=\"Investigaci\u00f3n\" \/>\n<meta property=\"article:modified_time\" content=\"2023-08-31T14:54:48+00:00\" \/>\n<meta name=\"twitter:card\" content=\"summary_large_image\" \/>\n<meta name=\"twitter:label1\" content=\"Tiempo de lectura\" \/>\n\t<meta name=\"twitter:data1\" content=\"41 minutos\" \/>\n<script type=\"application\/ld+json\" class=\"yoast-schema-graph\">{\"@context\":\"https:\\\/\\\/schema.org\",\"@graph\":[{\"@type\":\"WebPage\",\"@id\":\"https:\\\/\\\/www.economicas.uba.ar\\\/investigacion\\\/institutos-y-centros\\\/cesot\\\/documentos\\\/\",\"url\":\"https:\\\/\\\/www.economicas.uba.ar\\\/investigacion\\\/institutos-y-centros\\\/cesot\\\/documentos\\\/\",\"name\":\"documentos - Investigaci\u00f3n\",\"isPartOf\":{\"@id\":\"https:\\\/\\\/www.economicas.uba.ar\\\/investigacion\\\/#website\"},\"datePublished\":\"2023-08-31T14:52:17+00:00\",\"dateModified\":\"2023-08-31T14:54:48+00:00\",\"breadcrumb\":{\"@id\":\"https:\\\/\\\/www.economicas.uba.ar\\\/investigacion\\\/institutos-y-centros\\\/cesot\\\/documentos\\\/#breadcrumb\"},\"inLanguage\":\"es-AR\",\"potentialAction\":[{\"@type\":\"ReadAction\",\"target\":[\"https:\\\/\\\/www.economicas.uba.ar\\\/investigacion\\\/institutos-y-centros\\\/cesot\\\/documentos\\\/\"]}]},{\"@type\":\"BreadcrumbList\",\"@id\":\"https:\\\/\\\/www.economicas.uba.ar\\\/investigacion\\\/institutos-y-centros\\\/cesot\\\/documentos\\\/#breadcrumb\",\"itemListElement\":[{\"@type\":\"ListItem\",\"position\":1,\"name\":\"Inicio\",\"item\":\"https:\\\/\\\/www.economicas.uba.ar\\\/investigacion\\\/\"},{\"@type\":\"ListItem\",\"position\":2,\"name\":\"Institutos y centros\",\"item\":\"https:\\\/\\\/www.economicas.uba.ar\\\/investigacion\\\/institutos-y-centros\\\/\"},{\"@type\":\"ListItem\",\"position\":3,\"name\":\"CESOT\",\"item\":\"https:\\\/\\\/www.economicas.uba.ar\\\/investigacion\\\/institutos-y-centros\\\/cesot\\\/\"},{\"@type\":\"ListItem\",\"position\":4,\"name\":\"documentos\"}]},{\"@type\":\"WebSite\",\"@id\":\"https:\\\/\\\/www.economicas.uba.ar\\\/investigacion\\\/#website\",\"url\":\"https:\\\/\\\/www.economicas.uba.ar\\\/investigacion\\\/\",\"name\":\"Investigaci\u00f3n FCE\",\"description\":\"\",\"publisher\":{\"@id\":\"https:\\\/\\\/www.economicas.uba.ar\\\/investigacion\\\/#organization\"},\"potentialAction\":[{\"@type\":\"SearchAction\",\"target\":{\"@type\":\"EntryPoint\",\"urlTemplate\":\"https:\\\/\\\/www.economicas.uba.ar\\\/investigacion\\\/?s={search_term_string}\"},\"query-input\":{\"@type\":\"PropertyValueSpecification\",\"valueRequired\":true,\"valueName\":\"search_term_string\"}}],\"inLanguage\":\"es-AR\"},{\"@type\":\"Organization\",\"@id\":\"https:\\\/\\\/www.economicas.uba.ar\\\/investigacion\\\/#organization\",\"name\":\"Investigaci\u00f3n FCE\",\"url\":\"https:\\\/\\\/www.economicas.uba.ar\\\/investigacion\\\/\",\"logo\":{\"@type\":\"ImageObject\",\"inLanguage\":\"es-AR\",\"@id\":\"https:\\\/\\\/www.economicas.uba.ar\\\/investigacion\\\/#\\\/schema\\\/logo\\\/image\\\/\",\"url\":\"https:\\\/\\\/www.economicas.uba.ar\\\/investigacion\\\/wp-content\\\/uploads\\\/logo_2023.png\",\"contentUrl\":\"https:\\\/\\\/www.economicas.uba.ar\\\/investigacion\\\/wp-content\\\/uploads\\\/logo_2023.png\",\"width\":292,\"height\":81,\"caption\":\"Investigaci\u00f3n FCE\"},\"image\":{\"@id\":\"https:\\\/\\\/www.economicas.uba.ar\\\/investigacion\\\/#\\\/schema\\\/logo\\\/image\\\/\"}}]}<\/script>\n<!-- \/ Yoast SEO plugin. -->","yoast_head_json":{"title":"documentos - Investigaci\u00f3n","robots":{"index":"index","follow":"follow","max-snippet":"max-snippet:-1","max-image-preview":"max-image-preview:large","max-video-preview":"max-video-preview:-1"},"canonical":"https:\/\/www.economicas.uba.ar\/investigacion\/institutos-y-centros\/cesot\/documentos\/","og_locale":"es_ES","og_type":"article","og_title":"documentos - Investigaci\u00f3n","og_description":"CESOT Documentos &#8211; CESOT DOCUMENTOS DEL CENTRO DE ESTUDIOS DE SOCIOLOG\u00cdA DEL TRABAJO \u00a0 ISSN 1666 \u2013 4892 (documentos en l\u00ednea)ISSN 1666 \u2013 4884 (documentos edici\u00f3n impresa) ACCESO A LA","og_url":"https:\/\/www.economicas.uba.ar\/investigacion\/institutos-y-centros\/cesot\/documentos\/","og_site_name":"Investigaci\u00f3n","article_modified_time":"2023-08-31T14:54:48+00:00","twitter_card":"summary_large_image","twitter_misc":{"Tiempo de lectura":"41 minutos"},"schema":{"@context":"https:\/\/schema.org","@graph":[{"@type":"WebPage","@id":"https:\/\/www.economicas.uba.ar\/investigacion\/institutos-y-centros\/cesot\/documentos\/","url":"https:\/\/www.economicas.uba.ar\/investigacion\/institutos-y-centros\/cesot\/documentos\/","name":"documentos - Investigaci\u00f3n","isPartOf":{"@id":"https:\/\/www.economicas.uba.ar\/investigacion\/#website"},"datePublished":"2023-08-31T14:52:17+00:00","dateModified":"2023-08-31T14:54:48+00:00","breadcrumb":{"@id":"https:\/\/www.economicas.uba.ar\/investigacion\/institutos-y-centros\/cesot\/documentos\/#breadcrumb"},"inLanguage":"es-AR","potentialAction":[{"@type":"ReadAction","target":["https:\/\/www.economicas.uba.ar\/investigacion\/institutos-y-centros\/cesot\/documentos\/"]}]},{"@type":"BreadcrumbList","@id":"https:\/\/www.economicas.uba.ar\/investigacion\/institutos-y-centros\/cesot\/documentos\/#breadcrumb","itemListElement":[{"@type":"ListItem","position":1,"name":"Inicio","item":"https:\/\/www.economicas.uba.ar\/investigacion\/"},{"@type":"ListItem","position":2,"name":"Institutos y centros","item":"https:\/\/www.economicas.uba.ar\/investigacion\/institutos-y-centros\/"},{"@type":"ListItem","position":3,"name":"CESOT","item":"https:\/\/www.economicas.uba.ar\/investigacion\/institutos-y-centros\/cesot\/"},{"@type":"ListItem","position":4,"name":"documentos"}]},{"@type":"WebSite","@id":"https:\/\/www.economicas.uba.ar\/investigacion\/#website","url":"https:\/\/www.economicas.uba.ar\/investigacion\/","name":"Investigaci\u00f3n FCE","description":"","publisher":{"@id":"https:\/\/www.economicas.uba.ar\/investigacion\/#organization"},"potentialAction":[{"@type":"SearchAction","target":{"@type":"EntryPoint","urlTemplate":"https:\/\/www.economicas.uba.ar\/investigacion\/?s={search_term_string}"},"query-input":{"@type":"PropertyValueSpecification","valueRequired":true,"valueName":"search_term_string"}}],"inLanguage":"es-AR"},{"@type":"Organization","@id":"https:\/\/www.economicas.uba.ar\/investigacion\/#organization","name":"Investigaci\u00f3n FCE","url":"https:\/\/www.economicas.uba.ar\/investigacion\/","logo":{"@type":"ImageObject","inLanguage":"es-AR","@id":"https:\/\/www.economicas.uba.ar\/investigacion\/#\/schema\/logo\/image\/","url":"https:\/\/www.economicas.uba.ar\/investigacion\/wp-content\/uploads\/logo_2023.png","contentUrl":"https:\/\/www.economicas.uba.ar\/investigacion\/wp-content\/uploads\/logo_2023.png","width":292,"height":81,"caption":"Investigaci\u00f3n FCE"},"image":{"@id":"https:\/\/www.economicas.uba.ar\/investigacion\/#\/schema\/logo\/image\/"}}]}},"_links":{"self":[{"href":"https:\/\/www.economicas.uba.ar\/investigacion\/wp-json\/wp\/v2\/pages\/2173","targetHints":{"allow":["GET"]}}],"collection":[{"href":"https:\/\/www.economicas.uba.ar\/investigacion\/wp-json\/wp\/v2\/pages"}],"about":[{"href":"https:\/\/www.economicas.uba.ar\/investigacion\/wp-json\/wp\/v2\/types\/page"}],"author":[{"embeddable":true,"href":"https:\/\/www.economicas.uba.ar\/investigacion\/wp-json\/wp\/v2\/users\/8"}],"replies":[{"embeddable":true,"href":"https:\/\/www.economicas.uba.ar\/investigacion\/wp-json\/wp\/v2\/comments?post=2173"}],"version-history":[{"count":4,"href":"https:\/\/www.economicas.uba.ar\/investigacion\/wp-json\/wp\/v2\/pages\/2173\/revisions"}],"predecessor-version":[{"id":2177,"href":"https:\/\/www.economicas.uba.ar\/investigacion\/wp-json\/wp\/v2\/pages\/2173\/revisions\/2177"}],"up":[{"embeddable":true,"href":"https:\/\/www.economicas.uba.ar\/investigacion\/wp-json\/wp\/v2\/pages\/1519"}],"wp:attachment":[{"href":"https:\/\/www.economicas.uba.ar\/investigacion\/wp-json\/wp\/v2\/media?parent=2173"}],"curies":[{"name":"wp","href":"https:\/\/api.w.org\/{rel}","templated":true}]}}